{"id":78,"date":"2020-03-31T15:56:07","date_gmt":"2020-03-31T15:56:07","guid":{"rendered":"http:\/\/der-bauernhofurlaub.de\/?page_id=78"},"modified":"2021-10-17T00:16:21","modified_gmt":"2021-10-17T00:16:21","slug":"what-to-do","status":"publish","type":"page","link":"https:\/\/der-bauernhofurlaub.de\/?page_id=78","title":{"rendered":"Kostenloser Br\u00f6tchen-Bringservice"},"content":{"rendered":"<div id=\"themify_builder_content-78\" data-postid=\"78\" class=\"themify_builder_content themify_builder_content-78 themify_builder\">\n    \t<!-- module_row -->\n\t<div   class=\"themify_builder_row module_row clearfix builder-parallax-scrolling fullwidth module_row_0 themify_builder_78_row module_row_78-0 tb_ej9v673\">\n\t    <div class=\"builder_row_cover\"><\/div>\t    <div class=\"row_inner col_align_top\" >\n\t\t\t<div  class=\"module_column tb-column col-full first tb_78_column module_column_0 module_column_78-0-0 tb_xlri674\">\n\t    \t    \t        <div class=\"tb-column-inner\">\n\t\t            <!-- module fancy heading -->\n    <div  class=\"module module-fancy-heading tb_7198772  \">\n\t        <h2 class=\"fancy-heading tb-align-center\">\n        <span  class=\"main-head\">\n            Abenteuer Bauernhof: Angus, Pony, Hasen und Co.        <\/span>\n        <span class=\"sub-head tb_hide_divider\">\n                    <\/span>\n\n        <\/h2>\n    <\/div>\n    <!-- \/module fancy heading -->\n\t        <\/div>\n\t    \t<\/div>\n\t\t    <\/div>\n\t    <!-- \/row_inner -->\n\t<\/div>\n\t<!-- \/module_row -->\n\t\t<!-- module_row -->\n\t<div   class=\"themify_builder_row module_row clearfix module_row_1 themify_builder_78_row module_row_78-1 tb_0oem548\">\n\t    \t    <div class=\"row_inner col_align_top\" >\n\t\t\t<div  class=\"module_column tb-column col-full first tb_78_column module_column_0 module_column_78-1-0 tb_5n3q550\">\n\t    \t    \t        <div class=\"tb-column-inner\">\n\t\t        <!-- module gallery -->\n    <div  class=\"module gallery module-gallery tb_qhpx840 gallery-columns-4  layout-slider rounded  \">\n\t                \n<ul class=\"themify_builder_slider\"\n\tdata-id=\"tb_qhpx840\"\n\tdata-visible=\"1\" \n\tdata-mob-visible=\"1\"\n\tdata-scroll=\"1\" \n\tdata-auto-scroll=\"4\"\n\tdata-speed=\"1\"\n\tdata-wrap=\"yes\"\n\tdata-arrow=\"\"\n\tdata-pagination=\"0\"\n\tdata-effect=\"scroll\" \n\tdata-height=\"auto\"\n\tdata-sync=\"#tb_qhpx840-thumbs\"\tdata-pause-on-hover=\"resume\">\n\n\t<li data-index=\"0\">\n\t<div class=\"slide-inner-wrap\">\n\t\t<div class=\"slide-image gallery-icon\"><a href=\"https:\/\/der-bauernhofurlaub.de\/wp-content\/uploads\/2021\/09\/Janina-_-Christoph_9-scaled.jpeg\" class=\"themify_lightbox\"><img loading=\"lazy\" decoding=\"async\" src=\"https:\/\/der-bauernhofurlaub.de\/wp-content\/uploads\/2021\/09\/Janina-_-Christoph_9-1024x683-800x600.jpeg\" width=\"800\" height=\"600\" class=\" wp-post-image wp-image-472\" alt=\"Janina _ Christoph_9\" \/><\/a>\t\t<\/div>\n\t\t\t<\/div><\/li>\n\t<li data-index=\"1\">\n\t<div class=\"slide-inner-wrap\">\n\t\t<div class=\"slide-image gallery-icon\"><a href=\"https:\/\/der-bauernhofurlaub.de\/wp-content\/uploads\/2021\/09\/Janina-_-Christoph_14-scaled.jpeg\" class=\"themify_lightbox\"><img loading=\"lazy\" decoding=\"async\" src=\"https:\/\/der-bauernhofurlaub.de\/wp-content\/uploads\/2021\/09\/Janina-_-Christoph_14-1024x683-800x600.jpeg\" width=\"800\" height=\"600\" class=\" wp-post-image wp-image-473\" alt=\"Janina _ Christoph_14\" \/><\/a>\t\t<\/div>\n\t\t\t<\/div><\/li>\n\t<li data-index=\"2\">\n\t<div class=\"slide-inner-wrap\">\n\t\t<div class=\"slide-image gallery-icon\"><a href=\"https:\/\/der-bauernhofurlaub.de\/wp-content\/uploads\/2020\/03\/Kanninchen-scaled.jpg\" class=\"themify_lightbox\"><img loading=\"lazy\" decoding=\"async\" src=\"https:\/\/der-bauernhofurlaub.de\/wp-content\/uploads\/2020\/03\/Kanninchen-1024x768-800x600.jpg\" width=\"800\" height=\"600\" class=\" wp-post-image wp-image-82\" alt=\"Kanninchen\" srcset=\"https:\/\/der-bauernhofurlaub.de\/wp-content\/uploads\/2020\/03\/Kanninchen-1024x768-800x600.jpg 800w, https:\/\/der-bauernhofurlaub.de\/wp-content\/uploads\/2020\/03\/Kanninchen-300x225.jpg 300w, https:\/\/der-bauernhofurlaub.de\/wp-content\/uploads\/2020\/03\/Kanninchen-1024x768.jpg 1024w, https:\/\/der-bauernhofurlaub.de\/wp-content\/uploads\/2020\/03\/Kanninchen-768x576.jpg 768w, https:\/\/der-bauernhofurlaub.de\/wp-content\/uploads\/2020\/03\/Kanninchen-1536x1152.jpg 1536w, https:\/\/der-bauernhofurlaub.de\/wp-content\/uploads\/2020\/03\/Kanninchen-2048x1536.jpg 2048w, https:\/\/der-bauernhofurlaub.de\/wp-content\/uploads\/2020\/03\/Kanninchen-1024x768-900x675.jpg 900w, https:\/\/der-bauernhofurlaub.de\/wp-content\/uploads\/2020\/03\/Kanninchen-1024x768-1333x1000.jpg 1333w\" sizes=\"auto, (max-width: 800px) 100vw, 800px\" \/><\/a>\t\t<\/div>\n\t\t\t<\/div><\/li>\n\t<li data-index=\"3\">\n\t<div class=\"slide-inner-wrap\">\n\t\t<div class=\"slide-image gallery-icon\"><a href=\"https:\/\/der-bauernhofurlaub.de\/wp-content\/uploads\/2020\/03\/Katze-Mia-scaled.jpg\" class=\"themify_lightbox\"><img loading=\"lazy\" decoding=\"async\" src=\"https:\/\/der-bauernhofurlaub.de\/wp-content\/uploads\/2020\/03\/Katze-Mia-1024x683-800x600.jpg\" width=\"800\" height=\"600\" class=\" wp-post-image wp-image-83\" alt=\"Katze Mia\" \/><\/a>\t\t<\/div>\n\t\t\t<\/div><\/li>\n\t<li data-index=\"4\">\n\t<div class=\"slide-inner-wrap\">\n\t\t<div class=\"slide-image gallery-icon\"><a href=\"https:\/\/der-bauernhofurlaub.de\/wp-content\/uploads\/2020\/03\/Kindertrakt.jpg\" class=\"themify_lightbox\"><img loading=\"lazy\" decoding=\"async\" src=\"https:\/\/der-bauernhofurlaub.de\/wp-content\/uploads\/2020\/03\/Kindertrakt-800x600.jpg\" width=\"800\" height=\"600\" class=\" wp-post-image wp-image-84\" alt=\"Kindertrakt\" srcset=\"https:\/\/der-bauernhofurlaub.de\/wp-content\/uploads\/2020\/03\/Kindertrakt-800x600.jpg 800w, https:\/\/der-bauernhofurlaub.de\/wp-content\/uploads\/2020\/03\/Kindertrakt-300x225.jpg 300w, https:\/\/der-bauernhofurlaub.de\/wp-content\/uploads\/2020\/03\/Kindertrakt-900x675.jpg 900w, https:\/\/der-bauernhofurlaub.de\/wp-content\/uploads\/2020\/03\/Kindertrakt-1333x1000.jpg 1333w, https:\/\/der-bauernhofurlaub.de\/wp-content\/uploads\/2020\/03\/Kindertrakt.jpg 600w\" sizes=\"auto, (max-width: 800px) 100vw, 800px\" \/><\/a>\t\t<\/div>\n\t\t\t<\/div><\/li>\n\t<li data-index=\"5\">\n\t<div class=\"slide-inner-wrap\">\n\t\t<div class=\"slide-image gallery-icon\"><a href=\"https:\/\/der-bauernhofurlaub.de\/wp-content\/uploads\/2020\/03\/Lagerfeuer.jpg\" class=\"themify_lightbox\"><img loading=\"lazy\" decoding=\"async\" src=\"https:\/\/der-bauernhofurlaub.de\/wp-content\/uploads\/2020\/03\/Lagerfeuer-1024x768-800x600.jpg\" width=\"800\" height=\"600\" class=\" wp-post-image wp-image-85\" alt=\"Lagerfeuer\" srcset=\"https:\/\/der-bauernhofurlaub.de\/wp-content\/uploads\/2020\/03\/Lagerfeuer-1024x768-800x600.jpg 800w, https:\/\/der-bauernhofurlaub.de\/wp-content\/uploads\/2020\/03\/Lagerfeuer-1024x768-300x225.jpg 300w, https:\/\/der-bauernhofurlaub.de\/wp-content\/uploads\/2020\/03\/Lagerfeuer-1024x768.jpg 1024w, https:\/\/der-bauernhofurlaub.de\/wp-content\/uploads\/2020\/03\/Lagerfeuer-768x576.jpg 768w, https:\/\/der-bauernhofurlaub.de\/wp-content\/uploads\/2020\/03\/Lagerfeuer-1536x1152.jpg 1536w, https:\/\/der-bauernhofurlaub.de\/wp-content\/uploads\/2020\/03\/Lagerfeuer-1024x768-900x675.jpg 900w, https:\/\/der-bauernhofurlaub.de\/wp-content\/uploads\/2020\/03\/Lagerfeuer-1024x768-1333x1000.jpg 1333w, https:\/\/der-bauernhofurlaub.de\/wp-content\/uploads\/2020\/03\/Lagerfeuer.jpg 1600w\" sizes=\"auto, (max-width: 800px) 100vw, 800px\" \/><\/a>\t\t<\/div>\n\t\t\t<\/div><\/li>\n\t<li data-index=\"6\">\n\t<div class=\"slide-inner-wrap\">\n\t\t<div class=\"slide-image gallery-icon\"><a href=\"https:\/\/der-bauernhofurlaub.de\/wp-content\/uploads\/2020\/03\/Angus-herde.jpg\" class=\"themify_lightbox\"><img loading=\"lazy\" decoding=\"async\" src=\"https:\/\/der-bauernhofurlaub.de\/wp-content\/uploads\/2020\/03\/Angus-herde-800x600.jpg\" width=\"800\" height=\"600\" class=\" wp-post-image wp-image-86\" alt=\"Angus herde\" srcset=\"https:\/\/der-bauernhofurlaub.de\/wp-content\/uploads\/2020\/03\/Angus-herde-800x600.jpg 800w, https:\/\/der-bauernhofurlaub.de\/wp-content\/uploads\/2020\/03\/Angus-herde-300x225.jpg 300w, https:\/\/der-bauernhofurlaub.de\/wp-content\/uploads\/2020\/03\/Angus-herde-768x576.jpg 768w, https:\/\/der-bauernhofurlaub.de\/wp-content\/uploads\/2020\/03\/Angus-herde-900x675.jpg 900w, https:\/\/der-bauernhofurlaub.de\/wp-content\/uploads\/2020\/03\/Angus-herde-1333x1000.jpg 1333w, https:\/\/der-bauernhofurlaub.de\/wp-content\/uploads\/2020\/03\/Angus-herde.jpg 960w\" sizes=\"auto, (max-width: 800px) 100vw, 800px\" \/><\/a>\t\t<\/div>\n\t\t\t<\/div><\/li>\n\t<li data-index=\"7\">\n\t<div class=\"slide-inner-wrap\">\n\t\t<div class=\"slide-image gallery-icon\"><a href=\"https:\/\/der-bauernhofurlaub.de\/wp-content\/uploads\/2021\/09\/Weide_5.jpeg\" class=\"themify_lightbox\"><img loading=\"lazy\" decoding=\"async\" src=\"https:\/\/der-bauernhofurlaub.de\/wp-content\/uploads\/2021\/09\/Weide_5-1024x683-800x600.jpeg\" width=\"800\" height=\"600\" class=\" wp-post-image wp-image-456\" alt=\"Weide_5\" \/><\/a>\t\t<\/div>\n\t\t\t<\/div><\/li>\n\t<li data-index=\"8\">\n\t<div class=\"slide-inner-wrap\">\n\t\t<div class=\"slide-image gallery-icon\"><a href=\"https:\/\/der-bauernhofurlaub.de\/wp-content\/uploads\/2021\/09\/Weide_6.jpeg\" class=\"themify_lightbox\"><img loading=\"lazy\" decoding=\"async\" src=\"https:\/\/der-bauernhofurlaub.de\/wp-content\/uploads\/2021\/09\/Weide_6-1024x683-800x600.jpeg\" width=\"800\" height=\"600\" class=\" wp-post-image wp-image-457\" alt=\"Weide_6\" \/><\/a>\t\t<\/div>\n\t\t\t<\/div><\/li>\n\t<li data-index=\"9\">\n\t<div class=\"slide-inner-wrap\">\n\t\t<div class=\"slide-image gallery-icon\"><a href=\"https:\/\/der-bauernhofurlaub.de\/wp-content\/uploads\/2021\/09\/Weide_Rinder_3-scaled.jpeg\" class=\"themify_lightbox\"><img loading=\"lazy\" decoding=\"async\" src=\"https:\/\/der-bauernhofurlaub.de\/wp-content\/uploads\/2021\/09\/Weide_Rinder_3-1024x683-800x600.jpeg\" width=\"800\" height=\"600\" class=\" wp-post-image wp-image-458\" alt=\"Weide_Rinder_3\" \/><\/a>\t\t<\/div>\n\t\t\t<\/div><\/li>\n\t<li data-index=\"10\">\n\t<div class=\"slide-inner-wrap\">\n\t\t<div class=\"slide-image gallery-icon\"><a href=\"https:\/\/der-bauernhofurlaub.de\/wp-content\/uploads\/2021\/09\/Weide_Rinder_20-scaled.jpeg\" class=\"themify_lightbox\"><img loading=\"lazy\" decoding=\"async\" src=\"https:\/\/der-bauernhofurlaub.de\/wp-content\/uploads\/2021\/09\/Weide_Rinder_20-1024x683-800x600.jpeg\" width=\"800\" height=\"600\" class=\" wp-post-image wp-image-459\" alt=\"Weide_Rinder_20\" \/><\/a>\t\t<\/div>\n\t\t\t<\/div><\/li>\n\t<li data-index=\"11\">\n\t<div class=\"slide-inner-wrap\">\n\t\t<div class=\"slide-image gallery-icon\"><a href=\"https:\/\/der-bauernhofurlaub.de\/wp-content\/uploads\/2021\/09\/Weide_Rinder_32.jpeg\" class=\"themify_lightbox\"><img loading=\"lazy\" decoding=\"async\" src=\"https:\/\/der-bauernhofurlaub.de\/wp-content\/uploads\/2021\/09\/Weide_Rinder_32-1024x683-800x600.jpeg\" width=\"800\" height=\"600\" class=\" wp-post-image wp-image-460\" alt=\"Weide_Rinder_32\" \/><\/a>\t\t<\/div>\n\t\t\t<\/div><\/li>\n\t<li data-index=\"12\">\n\t<div class=\"slide-inner-wrap\">\n\t\t<div class=\"slide-image gallery-icon\"><a href=\"https:\/\/der-bauernhofurlaub.de\/wp-content\/uploads\/2021\/09\/Grundstu\u0308ck_Einfahrt_2-scaled.jpeg\" class=\"themify_lightbox\"><img loading=\"lazy\" decoding=\"async\" src=\"https:\/\/der-bauernhofurlaub.de\/wp-content\/uploads\/2021\/09\/Grundstu\u0308ck_Einfahrt_2-1024x683-800x600.jpeg\" width=\"800\" height=\"600\" class=\" wp-post-image wp-image-461\" alt=\"Grundstu\u0308ck_Einfahrt_2\" \/><\/a>\t\t<\/div>\n\t\t\t<\/div><\/li>\n\t<li data-index=\"13\">\n\t<div class=\"slide-inner-wrap\">\n\t\t<div class=\"slide-image gallery-icon\"><a href=\"https:\/\/der-bauernhofurlaub.de\/wp-content\/uploads\/2021\/09\/Grundstu\u0308ck_Garten_1-scaled.jpeg\" class=\"themify_lightbox\"><img loading=\"lazy\" decoding=\"async\" src=\"https:\/\/der-bauernhofurlaub.de\/wp-content\/uploads\/2021\/09\/Grundstu\u0308ck_Garten_1-1024x683-800x600.jpeg\" width=\"800\" height=\"600\" class=\" wp-post-image wp-image-462\" alt=\"Grundstu\u0308ck_Garten_1\" \/><\/a>\t\t<\/div>\n\t\t\t<\/div><\/li>\n\t<li data-index=\"14\">\n\t<div class=\"slide-inner-wrap\">\n\t\t<div class=\"slide-image gallery-icon\"><a href=\"https:\/\/der-bauernhofurlaub.de\/wp-content\/uploads\/2021\/09\/Grundstu\u0308ck_Hof_1-scaled.jpg\" class=\"themify_lightbox\"><img loading=\"lazy\" decoding=\"async\" src=\"https:\/\/der-bauernhofurlaub.de\/wp-content\/uploads\/2021\/09\/Grundstu\u0308ck_Hof_1-1024x683-800x600.jpg\" width=\"800\" height=\"600\" class=\" wp-post-image wp-image-463\" alt=\"Grundstu\u0308ck_Hof_1\" \/><\/a>\t\t<\/div>\n\t\t\t<\/div><\/li>\n\t<li data-index=\"15\">\n\t<div class=\"slide-inner-wrap\">\n\t\t<div class=\"slide-image gallery-icon\"><a href=\"https:\/\/der-bauernhofurlaub.de\/wp-content\/uploads\/2021\/09\/Grundstu\u0308ck_Hof_2-scaled.jpg\" class=\"themify_lightbox\"><img loading=\"lazy\" decoding=\"async\" src=\"https:\/\/der-bauernhofurlaub.de\/wp-content\/uploads\/2021\/09\/Grundstu\u0308ck_Hof_2-1024x683-800x600.jpg\" width=\"800\" height=\"600\" class=\" wp-post-image wp-image-464\" alt=\"Grundstu\u0308ck_Hof_2\" \/><\/a>\t\t<\/div>\n\t\t\t<\/div><\/li>\n\t<li data-index=\"16\">\n\t<div class=\"slide-inner-wrap\">\n\t\t<div class=\"slide-image gallery-icon\"><a href=\"https:\/\/der-bauernhofurlaub.de\/wp-content\/uploads\/2021\/09\/Grundstu\u0308ck_Lavendel-scaled.jpeg\" class=\"themify_lightbox\"><img loading=\"lazy\" decoding=\"async\" src=\"https:\/\/der-bauernhofurlaub.de\/wp-content\/uploads\/2021\/09\/Grundstu\u0308ck_Lavendel-1024x683-800x600.jpeg\" width=\"800\" height=\"600\" class=\" wp-post-image wp-image-465\" alt=\"Grundstu\u0308ck_Lavendel\" \/><\/a>\t\t<\/div>\n\t\t\t<\/div><\/li>\n\t<li data-index=\"17\">\n\t<div class=\"slide-inner-wrap\">\n\t\t<div class=\"slide-image gallery-icon\"><a href=\"https:\/\/der-bauernhofurlaub.de\/wp-content\/uploads\/2021\/09\/Grundstu\u0308ck_Luft_2.jpeg\" class=\"themify_lightbox\"><img loading=\"lazy\" decoding=\"async\" src=\"https:\/\/der-bauernhofurlaub.de\/wp-content\/uploads\/2021\/09\/Grundstu\u0308ck_Luft_2-1024x683-800x600.jpeg\" width=\"800\" height=\"600\" class=\" wp-post-image wp-image-466\" alt=\"Grundstu\u0308ck_Luft_2\" \/><\/a>\t\t<\/div>\n\t\t\t<\/div><\/li>\n\t<li data-index=\"18\">\n\t<div class=\"slide-inner-wrap\">\n\t\t<div class=\"slide-image gallery-icon\"><a href=\"https:\/\/der-bauernhofurlaub.de\/wp-content\/uploads\/2021\/09\/Grundstu\u0308ck_Meerschweinchen_Gehege-scaled.jpeg\" class=\"themify_lightbox\"><img loading=\"lazy\" decoding=\"async\" src=\"https:\/\/der-bauernhofurlaub.de\/wp-content\/uploads\/2021\/09\/Grundstu\u0308ck_Meerschweinchen_Gehege-1024x682-800x600.jpeg\" width=\"800\" height=\"600\" class=\" wp-post-image wp-image-467\" alt=\"Grundstu\u0308ck_Meerschweinchen_Gehege\" \/><\/a>\t\t<\/div>\n\t\t\t<\/div><\/li>\n\t<li data-index=\"19\">\n\t<div class=\"slide-inner-wrap\">\n\t\t<div class=\"slide-image gallery-icon\"><a href=\"https:\/\/der-bauernhofurlaub.de\/wp-content\/uploads\/2021\/09\/Grundstu\u0308ck_Schild-scaled.jpeg\" class=\"themify_lightbox\"><img loading=\"lazy\" decoding=\"async\" src=\"https:\/\/der-bauernhofurlaub.de\/wp-content\/uploads\/2021\/09\/Grundstu\u0308ck_Schild-1024x683-800x600.jpeg\" width=\"800\" height=\"600\" class=\" wp-post-image wp-image-468\" alt=\"Grundstu\u0308ck_Schild\" \/><\/a>\t\t<\/div>\n\t\t\t<\/div><\/li>\n\t<li data-index=\"20\">\n\t<div class=\"slide-inner-wrap\">\n\t\t<div class=\"slide-image gallery-icon\"><a href=\"https:\/\/der-bauernhofurlaub.de\/wp-content\/uploads\/2021\/09\/Grundstu\u0308ck_Spielplatz_1-scaled.jpeg\" class=\"themify_lightbox\"><img loading=\"lazy\" decoding=\"async\" src=\"https:\/\/der-bauernhofurlaub.de\/wp-content\/uploads\/2021\/09\/Grundstu\u0308ck_Spielplatz_1-1024x683-800x600.jpeg\" width=\"800\" height=\"600\" class=\" wp-post-image wp-image-469\" alt=\"Grundstu\u0308ck_Spielplatz_1\" \/><\/a>\t\t<\/div>\n\t\t\t<\/div><\/li>\n\t<li data-index=\"21\">\n\t<div class=\"slide-inner-wrap\">\n\t\t<div class=\"slide-image gallery-icon\"><a href=\"https:\/\/der-bauernhofurlaub.de\/wp-content\/uploads\/2021\/09\/Grundstu\u0308ck_Spielplatz_2-scaled.jpg\" class=\"themify_lightbox\"><img loading=\"lazy\" decoding=\"async\" src=\"https:\/\/der-bauernhofurlaub.de\/wp-content\/uploads\/2021\/09\/Grundstu\u0308ck_Spielplatz_2-1024x683-800x600.jpg\" width=\"800\" height=\"600\" class=\" wp-post-image wp-image-470\" alt=\"Grundstu\u0308ck_Spielplatz_2\" \/><\/a>\t\t<\/div>\n\t\t\t<\/div><\/li>\n\t<li data-index=\"22\">\n\t<div class=\"slide-inner-wrap\">\n\t\t<div class=\"slide-image gallery-icon\"><a href=\"https:\/\/der-bauernhofurlaub.de\/wp-content\/uploads\/2021\/09\/Hund_2-scaled.jpeg\" class=\"themify_lightbox\"><img loading=\"lazy\" decoding=\"async\" src=\"https:\/\/der-bauernhofurlaub.de\/wp-content\/uploads\/2021\/09\/Hund_2-1024x683-800x600.jpeg\" width=\"800\" height=\"600\" class=\" wp-post-image wp-image-471\" alt=\"Hund_2\" \/><\/a>\t\t<\/div>\n\t\t\t<\/div><\/li>\n\t<li data-index=\"23\">\n\t<div class=\"slide-inner-wrap\">\n\t\t<div class=\"slide-image gallery-icon\"><a href=\"https:\/\/der-bauernhofurlaub.de\/wp-content\/uploads\/2021\/09\/Weide_4-scaled.jpeg\" class=\"themify_lightbox\"><img loading=\"lazy\" decoding=\"async\" src=\"https:\/\/der-bauernhofurlaub.de\/wp-content\/uploads\/2021\/09\/Weide_4-1024x683-800x600.jpeg\" width=\"800\" height=\"600\" class=\" wp-post-image wp-image-474\" alt=\"Weide_4\" \/><\/a>\t\t<\/div>\n\t\t\t<\/div><\/li>\n\t<li data-index=\"24\">\n\t<div class=\"slide-inner-wrap\">\n\t\t<div class=\"slide-image gallery-icon\"><a href=\"https:\/\/der-bauernhofurlaub.de\/wp-content\/uploads\/2021\/10\/Meerschweinchen_2-scaled.jpeg\" class=\"themify_lightbox\"><img loading=\"lazy\" decoding=\"async\" src=\"https:\/\/der-bauernhofurlaub.de\/wp-content\/uploads\/2021\/10\/Meerschweinchen_2-1024x768-800x600.jpeg\" width=\"800\" height=\"600\" class=\" wp-post-image wp-image-522\" alt=\"Meerschweinchen_2\" srcset=\"https:\/\/der-bauernhofurlaub.de\/wp-content\/uploads\/2021\/10\/Meerschweinchen_2-1024x768-800x600.jpeg 800w, https:\/\/der-bauernhofurlaub.de\/wp-content\/uploads\/2021\/10\/Meerschweinchen_2-300x225.jpeg 300w, https:\/\/der-bauernhofurlaub.de\/wp-content\/uploads\/2021\/10\/Meerschweinchen_2-1024x768.jpeg 1024w, https:\/\/der-bauernhofurlaub.de\/wp-content\/uploads\/2021\/10\/Meerschweinchen_2-768x576.jpeg 768w, https:\/\/der-bauernhofurlaub.de\/wp-content\/uploads\/2021\/10\/Meerschweinchen_2-1536x1152.jpeg 1536w, https:\/\/der-bauernhofurlaub.de\/wp-content\/uploads\/2021\/10\/Meerschweinchen_2-2048x1536.jpeg 2048w, https:\/\/der-bauernhofurlaub.de\/wp-content\/uploads\/2021\/10\/Meerschweinchen_2-1024x768-900x675.jpeg 900w\" sizes=\"auto, (max-width: 800px) 100vw, 800px\" \/><\/a>\t\t<\/div>\n\t\t\t<\/div><\/li>\n\t<li data-index=\"25\">\n\t<div class=\"slide-inner-wrap\">\n\t\t<div class=\"slide-image gallery-icon\"><a href=\"https:\/\/der-bauernhofurlaub.de\/wp-content\/uploads\/2021\/10\/Meerschweinchen_5-scaled.jpeg\" class=\"themify_lightbox\"><img loading=\"lazy\" decoding=\"async\" src=\"https:\/\/der-bauernhofurlaub.de\/wp-content\/uploads\/2021\/10\/Meerschweinchen_5-1024x768-800x600.jpeg\" width=\"800\" height=\"600\" class=\" wp-post-image wp-image-523\" alt=\"Meerschweinchen_5\" srcset=\"https:\/\/der-bauernhofurlaub.de\/wp-content\/uploads\/2021\/10\/Meerschweinchen_5-1024x768-800x600.jpeg 800w, https:\/\/der-bauernhofurlaub.de\/wp-content\/uploads\/2021\/10\/Meerschweinchen_5-300x225.jpeg 300w, https:\/\/der-bauernhofurlaub.de\/wp-content\/uploads\/2021\/10\/Meerschweinchen_5-1024x768.jpeg 1024w, https:\/\/der-bauernhofurlaub.de\/wp-content\/uploads\/2021\/10\/Meerschweinchen_5-768x576.jpeg 768w, https:\/\/der-bauernhofurlaub.de\/wp-content\/uploads\/2021\/10\/Meerschweinchen_5-1536x1152.jpeg 1536w, https:\/\/der-bauernhofurlaub.de\/wp-content\/uploads\/2021\/10\/Meerschweinchen_5-2048x1536.jpeg 2048w, https:\/\/der-bauernhofurlaub.de\/wp-content\/uploads\/2021\/10\/Meerschweinchen_5-1024x768-900x675.jpeg 900w\" sizes=\"auto, (max-width: 800px) 100vw, 800px\" \/><\/a>\t\t<\/div>\n\t\t\t<\/div><\/li>\n\t<li data-index=\"26\">\n\t<div class=\"slide-inner-wrap\">\n\t\t<div class=\"slide-image gallery-icon\"><a href=\"https:\/\/der-bauernhofurlaub.de\/wp-content\/uploads\/2021\/10\/Pferd_11-scaled.jpeg\" class=\"themify_lightbox\"><img loading=\"lazy\" decoding=\"async\" src=\"https:\/\/der-bauernhofurlaub.de\/wp-content\/uploads\/2021\/10\/Pferd_11-683x1024-800x600.jpeg\" width=\"800\" height=\"600\" class=\" wp-post-image wp-image-524\" alt=\"Pferd_1(1)\" \/><\/a>\t\t<\/div>\n\t\t\t<\/div><\/li>\n\t<li data-index=\"27\">\n\t<div class=\"slide-inner-wrap\">\n\t\t<div class=\"slide-image gallery-icon\"><a href=\"https:\/\/der-bauernhofurlaub.de\/wp-content\/uploads\/2021\/10\/Pferd_1-scaled.jpeg\" class=\"themify_lightbox\"><img loading=\"lazy\" decoding=\"async\" src=\"https:\/\/der-bauernhofurlaub.de\/wp-content\/uploads\/2021\/10\/Pferd_1-683x1024-800x600.jpeg\" width=\"800\" height=\"600\" class=\" wp-post-image wp-image-525\" alt=\"Pferd_1\" \/><\/a>\t\t<\/div>\n\t\t\t<\/div><\/li>\n\t<li data-index=\"28\">\n\t<div class=\"slide-inner-wrap\">\n\t\t<div class=\"slide-image gallery-icon\"><a href=\"https:\/\/der-bauernhofurlaub.de\/wp-content\/uploads\/2021\/10\/Pferd_3-scaled.jpeg\" class=\"themify_lightbox\"><img loading=\"lazy\" decoding=\"async\" src=\"https:\/\/der-bauernhofurlaub.de\/wp-content\/uploads\/2021\/10\/Pferd_3-683x1024-800x600.jpeg\" width=\"800\" height=\"600\" class=\" wp-post-image wp-image-526\" alt=\"Pferd_3\" \/><\/a>\t\t<\/div>\n\t\t\t<\/div><\/li>\n\t<li data-index=\"29\">\n\t<div class=\"slide-inner-wrap\">\n\t\t<div class=\"slide-image gallery-icon\"><a href=\"https:\/\/der-bauernhofurlaub.de\/wp-content\/uploads\/2021\/10\/Ponys_3-scaled.jpeg\" class=\"themify_lightbox\"><img loading=\"lazy\" decoding=\"async\" src=\"https:\/\/der-bauernhofurlaub.de\/wp-content\/uploads\/2021\/10\/Ponys_3-1024x768-800x600.jpeg\" width=\"800\" height=\"600\" class=\" wp-post-image wp-image-527\" alt=\"Ponys_3\" srcset=\"https:\/\/der-bauernhofurlaub.de\/wp-content\/uploads\/2021\/10\/Ponys_3-1024x768-800x600.jpeg 800w, https:\/\/der-bauernhofurlaub.de\/wp-content\/uploads\/2021\/10\/Ponys_3-300x225.jpeg 300w, https:\/\/der-bauernhofurlaub.de\/wp-content\/uploads\/2021\/10\/Ponys_3-1024x768.jpeg 1024w, https:\/\/der-bauernhofurlaub.de\/wp-content\/uploads\/2021\/10\/Ponys_3-768x576.jpeg 768w, https:\/\/der-bauernhofurlaub.de\/wp-content\/uploads\/2021\/10\/Ponys_3-1536x1152.jpeg 1536w, https:\/\/der-bauernhofurlaub.de\/wp-content\/uploads\/2021\/10\/Ponys_3-2048x1536.jpeg 2048w, https:\/\/der-bauernhofurlaub.de\/wp-content\/uploads\/2021\/10\/Ponys_3-1024x768-900x675.jpeg 900w\" sizes=\"auto, (max-width: 800px) 100vw, 800px\" \/><\/a>\t\t<\/div>\n\t\t\t<\/div><\/li>\n\t<li data-index=\"30\">\n\t<div class=\"slide-inner-wrap\">\n\t\t<div class=\"slide-image gallery-icon\"><a href=\"https:\/\/der-bauernhofurlaub.de\/wp-content\/uploads\/2021\/10\/Ponys_5-scaled.jpeg\" class=\"themify_lightbox\"><img loading=\"lazy\" decoding=\"async\" src=\"https:\/\/der-bauernhofurlaub.de\/wp-content\/uploads\/2021\/10\/Ponys_5-1024x768-800x600.jpeg\" width=\"800\" height=\"600\" class=\" wp-post-image wp-image-528\" alt=\"Ponys_5\" srcset=\"https:\/\/der-bauernhofurlaub.de\/wp-content\/uploads\/2021\/10\/Ponys_5-1024x768-800x600.jpeg 800w, https:\/\/der-bauernhofurlaub.de\/wp-content\/uploads\/2021\/10\/Ponys_5-300x225.jpeg 300w, https:\/\/der-bauernhofurlaub.de\/wp-content\/uploads\/2021\/10\/Ponys_5-1024x768.jpeg 1024w, https:\/\/der-bauernhofurlaub.de\/wp-content\/uploads\/2021\/10\/Ponys_5-768x576.jpeg 768w, https:\/\/der-bauernhofurlaub.de\/wp-content\/uploads\/2021\/10\/Ponys_5-1536x1152.jpeg 1536w, https:\/\/der-bauernhofurlaub.de\/wp-content\/uploads\/2021\/10\/Ponys_5-2048x1536.jpeg 2048w, https:\/\/der-bauernhofurlaub.de\/wp-content\/uploads\/2021\/10\/Ponys_5-1024x768-900x675.jpeg 900w\" sizes=\"auto, (max-width: 800px) 100vw, 800px\" \/><\/a>\t\t<\/div>\n\t\t\t<\/div><\/li>\n\t<li data-index=\"31\">\n\t<div class=\"slide-inner-wrap\">\n\t\t<div class=\"slide-image gallery-icon\"><a href=\"https:\/\/der-bauernhofurlaub.de\/wp-content\/uploads\/2021\/10\/Ponys_7-scaled.jpeg\" class=\"themify_lightbox\"><img loading=\"lazy\" decoding=\"async\" src=\"https:\/\/der-bauernhofurlaub.de\/wp-content\/uploads\/2021\/10\/Ponys_7-1024x768-800x600.jpeg\" width=\"800\" height=\"600\" class=\" wp-post-image wp-image-529\" alt=\"Ponys_7\" srcset=\"https:\/\/der-bauernhofurlaub.de\/wp-content\/uploads\/2021\/10\/Ponys_7-1024x768-800x600.jpeg 800w, https:\/\/der-bauernhofurlaub.de\/wp-content\/uploads\/2021\/10\/Ponys_7-300x225.jpeg 300w, https:\/\/der-bauernhofurlaub.de\/wp-content\/uploads\/2021\/10\/Ponys_7-1024x768.jpeg 1024w, https:\/\/der-bauernhofurlaub.de\/wp-content\/uploads\/2021\/10\/Ponys_7-768x576.jpeg 768w, https:\/\/der-bauernhofurlaub.de\/wp-content\/uploads\/2021\/10\/Ponys_7-1536x1152.jpeg 1536w, https:\/\/der-bauernhofurlaub.de\/wp-content\/uploads\/2021\/10\/Ponys_7-2048x1536.jpeg 2048w, https:\/\/der-bauernhofurlaub.de\/wp-content\/uploads\/2021\/10\/Ponys_7-1024x768-900x675.jpeg 900w\" sizes=\"auto, (max-width: 800px) 100vw, 800px\" \/><\/a>\t\t<\/div>\n\t\t\t<\/div><\/li>\n\t<li data-index=\"32\">\n\t<div class=\"slide-inner-wrap\">\n\t\t<div class=\"slide-image gallery-icon\"><a href=\"https:\/\/der-bauernhofurlaub.de\/wp-content\/uploads\/2021\/10\/Spielplatz_1-scaled.jpeg\" class=\"themify_lightbox\"><img loading=\"lazy\" decoding=\"async\" src=\"https:\/\/der-bauernhofurlaub.de\/wp-content\/uploads\/2021\/10\/Spielplatz_1-1024x768-800x600.jpeg\" width=\"800\" height=\"600\" class=\" wp-post-image wp-image-530\" alt=\"Spielplatz_1\" srcset=\"https:\/\/der-bauernhofurlaub.de\/wp-content\/uploads\/2021\/10\/Spielplatz_1-1024x768-800x600.jpeg 800w, https:\/\/der-bauernhofurlaub.de\/wp-content\/uploads\/2021\/10\/Spielplatz_1-300x225.jpeg 300w, https:\/\/der-bauernhofurlaub.de\/wp-content\/uploads\/2021\/10\/Spielplatz_1-1024x768.jpeg 1024w, https:\/\/der-bauernhofurlaub.de\/wp-content\/uploads\/2021\/10\/Spielplatz_1-768x576.jpeg 768w, https:\/\/der-bauernhofurlaub.de\/wp-content\/uploads\/2021\/10\/Spielplatz_1-1536x1152.jpeg 1536w, https:\/\/der-bauernhofurlaub.de\/wp-content\/uploads\/2021\/10\/Spielplatz_1-2048x1536.jpeg 2048w, https:\/\/der-bauernhofurlaub.de\/wp-content\/uploads\/2021\/10\/Spielplatz_1-1024x768-900x675.jpeg 900w\" sizes=\"auto, (max-width: 800px) 100vw, 800px\" \/><\/a>\t\t<\/div>\n\t\t\t<\/div><\/li>\n\t<li data-index=\"33\">\n\t<div class=\"slide-inner-wrap\">\n\t\t<div class=\"slide-image gallery-icon\"><a href=\"https:\/\/der-bauernhofurlaub.de\/wp-content\/uploads\/2021\/10\/Spielplatz_2-scaled.jpeg\" class=\"themify_lightbox\"><img loading=\"lazy\" decoding=\"async\" src=\"https:\/\/der-bauernhofurlaub.de\/wp-content\/uploads\/2021\/10\/Spielplatz_2-1024x768-800x600.jpeg\" width=\"800\" height=\"600\" class=\" wp-post-image wp-image-531\" alt=\"Spielplatz_2\" srcset=\"https:\/\/der-bauernhofurlaub.de\/wp-content\/uploads\/2021\/10\/Spielplatz_2-1024x768-800x600.jpeg 800w, https:\/\/der-bauernhofurlaub.de\/wp-content\/uploads\/2021\/10\/Spielplatz_2-300x225.jpeg 300w, https:\/\/der-bauernhofurlaub.de\/wp-content\/uploads\/2021\/10\/Spielplatz_2-1024x768.jpeg 1024w, https:\/\/der-bauernhofurlaub.de\/wp-content\/uploads\/2021\/10\/Spielplatz_2-768x576.jpeg 768w, https:\/\/der-bauernhofurlaub.de\/wp-content\/uploads\/2021\/10\/Spielplatz_2-1536x1152.jpeg 1536w, https:\/\/der-bauernhofurlaub.de\/wp-content\/uploads\/2021\/10\/Spielplatz_2-2048x1536.jpeg 2048w, https:\/\/der-bauernhofurlaub.de\/wp-content\/uploads\/2021\/10\/Spielplatz_2-1024x768-900x675.jpeg 900w\" sizes=\"auto, (max-width: 800px) 100vw, 800px\" \/><\/a>\t\t<\/div>\n\t\t\t<\/div><\/li>\n\t<li data-index=\"34\">\n\t<div class=\"slide-inner-wrap\">\n\t\t<div class=\"slide-image gallery-icon\"><a href=\"https:\/\/der-bauernhofurlaub.de\/wp-content\/uploads\/2021\/10\/Spielplatz_3-scaled.jpeg\" class=\"themify_lightbox\"><img loading=\"lazy\" decoding=\"async\" src=\"https:\/\/der-bauernhofurlaub.de\/wp-content\/uploads\/2021\/10\/Spielplatz_3-1024x768-800x600.jpeg\" width=\"800\" height=\"600\" class=\" wp-post-image wp-image-532\" alt=\"Spielplatz_3\" srcset=\"https:\/\/der-bauernhofurlaub.de\/wp-content\/uploads\/2021\/10\/Spielplatz_3-1024x768-800x600.jpeg 800w, https:\/\/der-bauernhofurlaub.de\/wp-content\/uploads\/2021\/10\/Spielplatz_3-300x225.jpeg 300w, https:\/\/der-bauernhofurlaub.de\/wp-content\/uploads\/2021\/10\/Spielplatz_3-1024x768.jpeg 1024w, https:\/\/der-bauernhofurlaub.de\/wp-content\/uploads\/2021\/10\/Spielplatz_3-768x576.jpeg 768w, https:\/\/der-bauernhofurlaub.de\/wp-content\/uploads\/2021\/10\/Spielplatz_3-1536x1152.jpeg 1536w, https:\/\/der-bauernhofurlaub.de\/wp-content\/uploads\/2021\/10\/Spielplatz_3-2048x1536.jpeg 2048w, https:\/\/der-bauernhofurlaub.de\/wp-content\/uploads\/2021\/10\/Spielplatz_3-1024x768-900x675.jpeg 900w\" sizes=\"auto, (max-width: 800px) 100vw, 800px\" \/><\/a>\t\t<\/div>\n\t\t\t<\/div><\/li>\n\t<li data-index=\"35\">\n\t<div class=\"slide-inner-wrap\">\n\t\t<div class=\"slide-image gallery-icon\"><a href=\"https:\/\/der-bauernhofurlaub.de\/wp-content\/uploads\/2021\/10\/Spielplatz_4-scaled.jpeg\" class=\"themify_lightbox\"><img loading=\"lazy\" decoding=\"async\" src=\"https:\/\/der-bauernhofurlaub.de\/wp-content\/uploads\/2021\/10\/Spielplatz_4-1024x768-800x600.jpeg\" width=\"800\" height=\"600\" class=\" wp-post-image wp-image-533\" alt=\"Spielplatz_4\" srcset=\"https:\/\/der-bauernhofurlaub.de\/wp-content\/uploads\/2021\/10\/Spielplatz_4-1024x768-800x600.jpeg 800w, https:\/\/der-bauernhofurlaub.de\/wp-content\/uploads\/2021\/10\/Spielplatz_4-300x225.jpeg 300w, https:\/\/der-bauernhofurlaub.de\/wp-content\/uploads\/2021\/10\/Spielplatz_4-1024x768.jpeg 1024w, https:\/\/der-bauernhofurlaub.de\/wp-content\/uploads\/2021\/10\/Spielplatz_4-768x576.jpeg 768w, https:\/\/der-bauernhofurlaub.de\/wp-content\/uploads\/2021\/10\/Spielplatz_4-1536x1152.jpeg 1536w, https:\/\/der-bauernhofurlaub.de\/wp-content\/uploads\/2021\/10\/Spielplatz_4-2048x1536.jpeg 2048w, https:\/\/der-bauernhofurlaub.de\/wp-content\/uploads\/2021\/10\/Spielplatz_4-1024x768-900x675.jpeg 900w\" sizes=\"auto, (max-width: 800px) 100vw, 800px\" \/><\/a>\t\t<\/div>\n\t\t\t<\/div><\/li>\n\t<li data-index=\"36\">\n\t<div class=\"slide-inner-wrap\">\n\t\t<div class=\"slide-image gallery-icon\"><a href=\"https:\/\/der-bauernhofurlaub.de\/wp-content\/uploads\/2021\/10\/Spielplatz_5-scaled.jpeg\" class=\"themify_lightbox\"><img loading=\"lazy\" decoding=\"async\" src=\"https:\/\/der-bauernhofurlaub.de\/wp-content\/uploads\/2021\/10\/Spielplatz_5-1024x768-800x600.jpeg\" width=\"800\" height=\"600\" class=\" wp-post-image wp-image-534\" alt=\"Spielplatz_5\" srcset=\"https:\/\/der-bauernhofurlaub.de\/wp-content\/uploads\/2021\/10\/Spielplatz_5-1024x768-800x600.jpeg 800w, https:\/\/der-bauernhofurlaub.de\/wp-content\/uploads\/2021\/10\/Spielplatz_5-300x225.jpeg 300w, https:\/\/der-bauernhofurlaub.de\/wp-content\/uploads\/2021\/10\/Spielplatz_5-1024x768.jpeg 1024w, https:\/\/der-bauernhofurlaub.de\/wp-content\/uploads\/2021\/10\/Spielplatz_5-768x576.jpeg 768w, https:\/\/der-bauernhofurlaub.de\/wp-content\/uploads\/2021\/10\/Spielplatz_5-1536x1152.jpeg 1536w, https:\/\/der-bauernhofurlaub.de\/wp-content\/uploads\/2021\/10\/Spielplatz_5-2048x1536.jpeg 2048w, https:\/\/der-bauernhofurlaub.de\/wp-content\/uploads\/2021\/10\/Spielplatz_5-1024x768-900x675.jpeg 900w\" sizes=\"auto, (max-width: 800px) 100vw, 800px\" \/><\/a>\t\t<\/div>\n\t\t\t<\/div><\/li>\n\t<li data-index=\"37\">\n\t<div class=\"slide-inner-wrap\">\n\t\t<div class=\"slide-image gallery-icon\"><a href=\"https:\/\/der-bauernhofurlaub.de\/wp-content\/uploads\/2021\/10\/Spielplatz_6-scaled.jpeg\" class=\"themify_lightbox\"><img loading=\"lazy\" decoding=\"async\" src=\"https:\/\/der-bauernhofurlaub.de\/wp-content\/uploads\/2021\/10\/Spielplatz_6-1024x768-800x600.jpeg\" width=\"800\" height=\"600\" class=\" wp-post-image wp-image-535\" alt=\"Spielplatz_6\" srcset=\"https:\/\/der-bauernhofurlaub.de\/wp-content\/uploads\/2021\/10\/Spielplatz_6-1024x768-800x600.jpeg 800w, https:\/\/der-bauernhofurlaub.de\/wp-content\/uploads\/2021\/10\/Spielplatz_6-300x225.jpeg 300w, https:\/\/der-bauernhofurlaub.de\/wp-content\/uploads\/2021\/10\/Spielplatz_6-1024x768.jpeg 1024w, https:\/\/der-bauernhofurlaub.de\/wp-content\/uploads\/2021\/10\/Spielplatz_6-768x576.jpeg 768w, https:\/\/der-bauernhofurlaub.de\/wp-content\/uploads\/2021\/10\/Spielplatz_6-1536x1152.jpeg 1536w, https:\/\/der-bauernhofurlaub.de\/wp-content\/uploads\/2021\/10\/Spielplatz_6-2048x1536.jpeg 2048w, https:\/\/der-bauernhofurlaub.de\/wp-content\/uploads\/2021\/10\/Spielplatz_6-1024x768-900x675.jpeg 900w\" sizes=\"auto, (max-width: 800px) 100vw, 800px\" \/><\/a>\t\t<\/div>\n\t\t\t<\/div><\/li>\n\t<li data-index=\"38\">\n\t<div class=\"slide-inner-wrap\">\n\t\t<div class=\"slide-image gallery-icon\"><a href=\"https:\/\/der-bauernhofurlaub.de\/wp-content\/uploads\/2021\/10\/Spielplatz_7-scaled.jpeg\" class=\"themify_lightbox\"><img loading=\"lazy\" decoding=\"async\" src=\"https:\/\/der-bauernhofurlaub.de\/wp-content\/uploads\/2021\/10\/Spielplatz_7-1024x768-800x600.jpeg\" width=\"800\" height=\"600\" class=\" wp-post-image wp-image-536\" alt=\"Spielplatz_7\" srcset=\"https:\/\/der-bauernhofurlaub.de\/wp-content\/uploads\/2021\/10\/Spielplatz_7-1024x768-800x600.jpeg 800w, https:\/\/der-bauernhofurlaub.de\/wp-content\/uploads\/2021\/10\/Spielplatz_7-300x225.jpeg 300w, https:\/\/der-bauernhofurlaub.de\/wp-content\/uploads\/2021\/10\/Spielplatz_7-1024x768.jpeg 1024w, https:\/\/der-bauernhofurlaub.de\/wp-content\/uploads\/2021\/10\/Spielplatz_7-768x576.jpeg 768w, https:\/\/der-bauernhofurlaub.de\/wp-content\/uploads\/2021\/10\/Spielplatz_7-1536x1152.jpeg 1536w, https:\/\/der-bauernhofurlaub.de\/wp-content\/uploads\/2021\/10\/Spielplatz_7-2048x1536.jpeg 2048w, https:\/\/der-bauernhofurlaub.de\/wp-content\/uploads\/2021\/10\/Spielplatz_7-1024x768-900x675.jpeg 900w\" sizes=\"auto, (max-width: 800px) 100vw, 800px\" \/><\/a>\t\t<\/div>\n\t\t\t<\/div><\/li>\n\t<li data-index=\"39\">\n\t<div class=\"slide-inner-wrap\">\n\t\t<div class=\"slide-image gallery-icon\"><a href=\"https:\/\/der-bauernhofurlaub.de\/wp-content\/uploads\/2021\/10\/Spielplatz_8-scaled.jpeg\" class=\"themify_lightbox\"><img loading=\"lazy\" decoding=\"async\" src=\"https:\/\/der-bauernhofurlaub.de\/wp-content\/uploads\/2021\/10\/Spielplatz_8-1024x768-800x600.jpeg\" width=\"800\" height=\"600\" class=\" wp-post-image wp-image-537\" alt=\"Spielplatz_8\" srcset=\"https:\/\/der-bauernhofurlaub.de\/wp-content\/uploads\/2021\/10\/Spielplatz_8-1024x768-800x600.jpeg 800w, https:\/\/der-bauernhofurlaub.de\/wp-content\/uploads\/2021\/10\/Spielplatz_8-300x225.jpeg 300w, https:\/\/der-bauernhofurlaub.de\/wp-content\/uploads\/2021\/10\/Spielplatz_8-1024x768.jpeg 1024w, https:\/\/der-bauernhofurlaub.de\/wp-content\/uploads\/2021\/10\/Spielplatz_8-768x576.jpeg 768w, https:\/\/der-bauernhofurlaub.de\/wp-content\/uploads\/2021\/10\/Spielplatz_8-1536x1152.jpeg 1536w, https:\/\/der-bauernhofurlaub.de\/wp-content\/uploads\/2021\/10\/Spielplatz_8-2048x1536.jpeg 2048w, https:\/\/der-bauernhofurlaub.de\/wp-content\/uploads\/2021\/10\/Spielplatz_8-1024x768-900x675.jpeg 900w\" sizes=\"auto, (max-width: 800px) 100vw, 800px\" \/><\/a>\t\t<\/div>\n\t\t\t<\/div><\/li>\n\t<li data-index=\"40\">\n\t<div class=\"slide-inner-wrap\">\n\t\t<div class=\"slide-image gallery-icon\"><a href=\"https:\/\/der-bauernhofurlaub.de\/wp-content\/uploads\/2021\/10\/Weide_Rinder_45.jpeg\" class=\"themify_lightbox\"><img loading=\"lazy\" decoding=\"async\" src=\"https:\/\/der-bauernhofurlaub.de\/wp-content\/uploads\/2021\/10\/Weide_Rinder_45-1024x683-800x600.jpeg\" width=\"800\" height=\"600\" class=\" wp-post-image wp-image-538\" alt=\"Weide_Rinder_45\" \/><\/a>\t\t<\/div>\n\t\t\t<\/div><\/li>\n\t<li data-index=\"41\">\n\t<div class=\"slide-inner-wrap\">\n\t\t<div class=\"slide-image gallery-icon\"><a href=\"https:\/\/der-bauernhofurlaub.de\/wp-content\/uploads\/2021\/10\/Christoph_16.jpeg\" class=\"themify_lightbox\"><img loading=\"lazy\" decoding=\"async\" src=\"https:\/\/der-bauernhofurlaub.de\/wp-content\/uploads\/2021\/10\/Christoph_16-1024x683-800x600.jpeg\" width=\"800\" height=\"600\" class=\" wp-post-image wp-image-539\" alt=\"Christoph_16\" \/><\/a>\t\t<\/div>\n\t\t\t<\/div><\/li>\n<\/ul>\n\n<ul id=\"tb_qhpx840-thumbs\" class=\"themify_builder_slider\"\n\tdata-id=\"tb_qhpx840\"\n\tdata-visible=\"4\" \n\tdata-mob-visible=\"0\"\n\tdata-scroll=\"1\" \n\tdata-auto-scroll=\"\"\n\tdata-speed=\"1\"\n\tdata-wrap=\"yes\"\n\tdata-arrow=\"yes\"\n\tdata-pagination=\"0\"\n\tdata-effect=\"scroll\" \n\tdata-height=\"auto\"\n\t\tdata-pause-on-hover=\"resume\">\n\n\t<li data-index=\"0\">\n\t<div class=\"slide-inner-wrap\">\n\t\t<div class=\"slide-image gallery-icon\"><img decoding=\"async\" src=\"https:\/\/der-bauernhofurlaub.de\/wp-content\/uploads\/2021\/09\/Janina-_-Christoph_9-1024x683-900x599.jpeg\" width=\"900\" class=\" wp-post-image wp-image-472\" alt=\"Janina _ Christoph_9\" srcset=\"https:\/\/der-bauernhofurlaub.de\/wp-content\/uploads\/2021\/09\/Janina-_-Christoph_9-1024x683-900x599.jpeg 900w, https:\/\/der-bauernhofurlaub.de\/wp-content\/uploads\/2021\/09\/Janina-_-Christoph_9-300x200.jpeg 300w, https:\/\/der-bauernhofurlaub.de\/wp-content\/uploads\/2021\/09\/Janina-_-Christoph_9-1024x683.jpeg 1024w, https:\/\/der-bauernhofurlaub.de\/wp-content\/uploads\/2021\/09\/Janina-_-Christoph_9-768x512.jpeg 768w, https:\/\/der-bauernhofurlaub.de\/wp-content\/uploads\/2021\/09\/Janina-_-Christoph_9-1536x1024.jpeg 1536w, https:\/\/der-bauernhofurlaub.de\/wp-content\/uploads\/2021\/09\/Janina-_-Christoph_9-2048x1365.jpeg 2048w\" sizes=\"(max-width: 900px) 100vw, 900px\" \/>\t\t<\/div>\n\t\t\t<\/div><\/li>\n\t<li data-index=\"1\">\n\t<div class=\"slide-inner-wrap\">\n\t\t<div class=\"slide-image gallery-icon\"><img decoding=\"async\" src=\"https:\/\/der-bauernhofurlaub.de\/wp-content\/uploads\/2021\/09\/Janina-_-Christoph_14-1024x683-900x599.jpeg\" width=\"900\" class=\" wp-post-image wp-image-473\" alt=\"Janina _ Christoph_14\" srcset=\"https:\/\/der-bauernhofurlaub.de\/wp-content\/uploads\/2021\/09\/Janina-_-Christoph_14-1024x683-900x599.jpeg 900w, https:\/\/der-bauernhofurlaub.de\/wp-content\/uploads\/2021\/09\/Janina-_-Christoph_14-300x200.jpeg 300w, https:\/\/der-bauernhofurlaub.de\/wp-content\/uploads\/2021\/09\/Janina-_-Christoph_14-1024x683.jpeg 1024w, https:\/\/der-bauernhofurlaub.de\/wp-content\/uploads\/2021\/09\/Janina-_-Christoph_14-768x512.jpeg 768w, https:\/\/der-bauernhofurlaub.de\/wp-content\/uploads\/2021\/09\/Janina-_-Christoph_14-1536x1024.jpeg 1536w, https:\/\/der-bauernhofurlaub.de\/wp-content\/uploads\/2021\/09\/Janina-_-Christoph_14-2048x1365.jpeg 2048w\" sizes=\"(max-width: 900px) 100vw, 900px\" \/>\t\t<\/div>\n\t\t\t<\/div><\/li>\n\t<li data-index=\"2\">\n\t<div class=\"slide-inner-wrap\">\n\t\t<div class=\"slide-image gallery-icon\"><img decoding=\"async\" src=\"https:\/\/der-bauernhofurlaub.de\/wp-content\/uploads\/2020\/03\/Kanninchen-1024x768-900x675.jpg\" width=\"900\" class=\" wp-post-image wp-image-82\" alt=\"Kanninchen\" srcset=\"https:\/\/der-bauernhofurlaub.de\/wp-content\/uploads\/2020\/03\/Kanninchen-1024x768-900x675.jpg 900w, https:\/\/der-bauernhofurlaub.de\/wp-content\/uploads\/2020\/03\/Kanninchen-300x225.jpg 300w, https:\/\/der-bauernhofurlaub.de\/wp-content\/uploads\/2020\/03\/Kanninchen-1024x768.jpg 1024w, https:\/\/der-bauernhofurlaub.de\/wp-content\/uploads\/2020\/03\/Kanninchen-768x576.jpg 768w, https:\/\/der-bauernhofurlaub.de\/wp-content\/uploads\/2020\/03\/Kanninchen-1536x1152.jpg 1536w, https:\/\/der-bauernhofurlaub.de\/wp-content\/uploads\/2020\/03\/Kanninchen-2048x1536.jpg 2048w, https:\/\/der-bauernhofurlaub.de\/wp-content\/uploads\/2020\/03\/Kanninchen-1024x768-1333x1000.jpg 1333w, https:\/\/der-bauernhofurlaub.de\/wp-content\/uploads\/2020\/03\/Kanninchen-1024x768-800x600.jpg 800w\" sizes=\"(max-width: 900px) 100vw, 900px\" \/>\t\t<\/div>\n\t\t\t<\/div><\/li>\n\t<li data-index=\"3\">\n\t<div class=\"slide-inner-wrap\">\n\t\t<div class=\"slide-image gallery-icon\"><img decoding=\"async\" src=\"https:\/\/der-bauernhofurlaub.de\/wp-content\/uploads\/2020\/03\/Katze-Mia-1024x683-900x600.jpg\" width=\"900\" class=\" wp-post-image wp-image-83\" alt=\"Katze Mia\" srcset=\"https:\/\/der-bauernhofurlaub.de\/wp-content\/uploads\/2020\/03\/Katze-Mia-1024x683-900x600.jpg 900w, https:\/\/der-bauernhofurlaub.de\/wp-content\/uploads\/2020\/03\/Katze-Mia-1024x683-300x200.jpg 300w, https:\/\/der-bauernhofurlaub.de\/wp-content\/uploads\/2020\/03\/Katze-Mia-1024x683.jpg 1024w, https:\/\/der-bauernhofurlaub.de\/wp-content\/uploads\/2020\/03\/Katze-Mia-768x512.jpg 768w, https:\/\/der-bauernhofurlaub.de\/wp-content\/uploads\/2020\/03\/Katze-Mia-1536x1024.jpg 1536w, https:\/\/der-bauernhofurlaub.de\/wp-content\/uploads\/2020\/03\/Katze-Mia-2048x1365.jpg 2048w, https:\/\/der-bauernhofurlaub.de\/wp-content\/uploads\/2020\/03\/Katze-Mia-1024x683-1499x1000.jpg 1499w\" sizes=\"(max-width: 900px) 100vw, 900px\" \/>\t\t<\/div>\n\t\t\t<\/div><\/li>\n\t<li data-index=\"4\">\n\t<div class=\"slide-inner-wrap\">\n\t\t<div class=\"slide-image gallery-icon\"><img decoding=\"async\" src=\"https:\/\/der-bauernhofurlaub.de\/wp-content\/uploads\/2020\/03\/Kindertrakt-900x675.jpg\" width=\"900\" class=\" wp-post-image wp-image-84\" alt=\"Kindertrakt\" srcset=\"https:\/\/der-bauernhofurlaub.de\/wp-content\/uploads\/2020\/03\/Kindertrakt-900x675.jpg 900w, https:\/\/der-bauernhofurlaub.de\/wp-content\/uploads\/2020\/03\/Kindertrakt-300x225.jpg 300w, https:\/\/der-bauernhofurlaub.de\/wp-content\/uploads\/2020\/03\/Kindertrakt-1333x1000.jpg 1333w, https:\/\/der-bauernhofurlaub.de\/wp-content\/uploads\/2020\/03\/Kindertrakt-800x600.jpg 800w, https:\/\/der-bauernhofurlaub.de\/wp-content\/uploads\/2020\/03\/Kindertrakt.jpg 600w\" sizes=\"(max-width: 900px) 100vw, 900px\" \/>\t\t<\/div>\n\t\t\t<\/div><\/li>\n\t<li data-index=\"5\">\n\t<div class=\"slide-inner-wrap\">\n\t\t<div class=\"slide-image gallery-icon\"><img decoding=\"async\" src=\"https:\/\/der-bauernhofurlaub.de\/wp-content\/uploads\/2020\/03\/Lagerfeuer-1024x768-900x675.jpg\" width=\"900\" class=\" wp-post-image wp-image-85\" alt=\"Lagerfeuer\" srcset=\"https:\/\/der-bauernhofurlaub.de\/wp-content\/uploads\/2020\/03\/Lagerfeuer-1024x768-900x675.jpg 900w, https:\/\/der-bauernhofurlaub.de\/wp-content\/uploads\/2020\/03\/Lagerfeuer-1024x768-300x225.jpg 300w, https:\/\/der-bauernhofurlaub.de\/wp-content\/uploads\/2020\/03\/Lagerfeuer-1024x768.jpg 1024w, https:\/\/der-bauernhofurlaub.de\/wp-content\/uploads\/2020\/03\/Lagerfeuer-768x576.jpg 768w, https:\/\/der-bauernhofurlaub.de\/wp-content\/uploads\/2020\/03\/Lagerfeuer-1536x1152.jpg 1536w, https:\/\/der-bauernhofurlaub.de\/wp-content\/uploads\/2020\/03\/Lagerfeuer-1024x768-1333x1000.jpg 1333w, https:\/\/der-bauernhofurlaub.de\/wp-content\/uploads\/2020\/03\/Lagerfeuer-1024x768-800x600.jpg 800w, https:\/\/der-bauernhofurlaub.de\/wp-content\/uploads\/2020\/03\/Lagerfeuer.jpg 1600w\" sizes=\"(max-width: 900px) 100vw, 900px\" \/>\t\t<\/div>\n\t\t\t<\/div><\/li>\n\t<li data-index=\"6\">\n\t<div class=\"slide-inner-wrap\">\n\t\t<div class=\"slide-image gallery-icon\"><img decoding=\"async\" src=\"https:\/\/der-bauernhofurlaub.de\/wp-content\/uploads\/2020\/03\/Angus-herde-900x675.jpg\" width=\"900\" class=\" wp-post-image wp-image-86\" alt=\"Angus herde\" srcset=\"https:\/\/der-bauernhofurlaub.de\/wp-content\/uploads\/2020\/03\/Angus-herde-900x675.jpg 900w, https:\/\/der-bauernhofurlaub.de\/wp-content\/uploads\/2020\/03\/Angus-herde-300x225.jpg 300w, https:\/\/der-bauernhofurlaub.de\/wp-content\/uploads\/2020\/03\/Angus-herde-768x576.jpg 768w, https:\/\/der-bauernhofurlaub.de\/wp-content\/uploads\/2020\/03\/Angus-herde-1333x1000.jpg 1333w, https:\/\/der-bauernhofurlaub.de\/wp-content\/uploads\/2020\/03\/Angus-herde-800x600.jpg 800w, https:\/\/der-bauernhofurlaub.de\/wp-content\/uploads\/2020\/03\/Angus-herde.jpg 960w\" sizes=\"(max-width: 900px) 100vw, 900px\" \/>\t\t<\/div>\n\t\t\t<\/div><\/li>\n\t<li data-index=\"7\">\n\t<div class=\"slide-inner-wrap\">\n\t\t<div class=\"slide-image gallery-icon\"><img decoding=\"async\" src=\"https:\/\/der-bauernhofurlaub.de\/wp-content\/uploads\/2021\/09\/Weide_5-1024x683-900x600.jpeg\" width=\"900\" class=\" wp-post-image wp-image-456\" alt=\"Weide_5\" srcset=\"https:\/\/der-bauernhofurlaub.de\/wp-content\/uploads\/2021\/09\/Weide_5-1024x683-900x600.jpeg 900w, https:\/\/der-bauernhofurlaub.de\/wp-content\/uploads\/2021\/09\/Weide_5-300x200.jpeg 300w, https:\/\/der-bauernhofurlaub.de\/wp-content\/uploads\/2021\/09\/Weide_5-1024x683.jpeg 1024w, https:\/\/der-bauernhofurlaub.de\/wp-content\/uploads\/2021\/09\/Weide_5-768x512.jpeg 768w, https:\/\/der-bauernhofurlaub.de\/wp-content\/uploads\/2021\/09\/Weide_5.jpeg 1257w\" sizes=\"(max-width: 900px) 100vw, 900px\" \/>\t\t<\/div>\n\t\t\t<\/div><\/li>\n\t<li data-index=\"8\">\n\t<div class=\"slide-inner-wrap\">\n\t\t<div class=\"slide-image gallery-icon\"><img decoding=\"async\" src=\"https:\/\/der-bauernhofurlaub.de\/wp-content\/uploads\/2021\/09\/Weide_6-1024x683-900x600.jpeg\" width=\"900\" class=\" wp-post-image wp-image-457\" alt=\"Weide_6\" srcset=\"https:\/\/der-bauernhofurlaub.de\/wp-content\/uploads\/2021\/09\/Weide_6-1024x683-900x600.jpeg 900w, https:\/\/der-bauernhofurlaub.de\/wp-content\/uploads\/2021\/09\/Weide_6-300x200.jpeg 300w, https:\/\/der-bauernhofurlaub.de\/wp-content\/uploads\/2021\/09\/Weide_6-1024x683.jpeg 1024w, https:\/\/der-bauernhofurlaub.de\/wp-content\/uploads\/2021\/09\/Weide_6-768x512.jpeg 768w, https:\/\/der-bauernhofurlaub.de\/wp-content\/uploads\/2021\/09\/Weide_6-1536x1024.jpeg 1536w, https:\/\/der-bauernhofurlaub.de\/wp-content\/uploads\/2021\/09\/Weide_6.jpeg 1620w\" sizes=\"(max-width: 900px) 100vw, 900px\" \/>\t\t<\/div>\n\t\t\t<\/div><\/li>\n\t<li data-index=\"9\">\n\t<div class=\"slide-inner-wrap\">\n\t\t<div class=\"slide-image gallery-icon\"><img decoding=\"async\" src=\"https:\/\/der-bauernhofurlaub.de\/wp-content\/uploads\/2021\/09\/Weide_Rinder_3-1024x683-900x600.jpeg\" width=\"900\" class=\" wp-post-image wp-image-458\" alt=\"Weide_Rinder_3\" srcset=\"https:\/\/der-bauernhofurlaub.de\/wp-content\/uploads\/2021\/09\/Weide_Rinder_3-1024x683-900x600.jpeg 900w, https:\/\/der-bauernhofurlaub.de\/wp-content\/uploads\/2021\/09\/Weide_Rinder_3-300x200.jpeg 300w, https:\/\/der-bauernhofurlaub.de\/wp-content\/uploads\/2021\/09\/Weide_Rinder_3-1024x683.jpeg 1024w, https:\/\/der-bauernhofurlaub.de\/wp-content\/uploads\/2021\/09\/Weide_Rinder_3-768x512.jpeg 768w, https:\/\/der-bauernhofurlaub.de\/wp-content\/uploads\/2021\/09\/Weide_Rinder_3-1536x1024.jpeg 1536w, https:\/\/der-bauernhofurlaub.de\/wp-content\/uploads\/2021\/09\/Weide_Rinder_3-2048x1365.jpeg 2048w\" sizes=\"(max-width: 900px) 100vw, 900px\" \/>\t\t<\/div>\n\t\t\t<\/div><\/li>\n\t<li data-index=\"10\">\n\t<div class=\"slide-inner-wrap\">\n\t\t<div class=\"slide-image gallery-icon\"><img decoding=\"async\" src=\"https:\/\/der-bauernhofurlaub.de\/wp-content\/uploads\/2021\/09\/Weide_Rinder_20-1024x683-900x600.jpeg\" width=\"900\" class=\" wp-post-image wp-image-459\" alt=\"Weide_Rinder_20\" srcset=\"https:\/\/der-bauernhofurlaub.de\/wp-content\/uploads\/2021\/09\/Weide_Rinder_20-1024x683-900x600.jpeg 900w, https:\/\/der-bauernhofurlaub.de\/wp-content\/uploads\/2021\/09\/Weide_Rinder_20-300x200.jpeg 300w, https:\/\/der-bauernhofurlaub.de\/wp-content\/uploads\/2021\/09\/Weide_Rinder_20-1024x683.jpeg 1024w, https:\/\/der-bauernhofurlaub.de\/wp-content\/uploads\/2021\/09\/Weide_Rinder_20-768x512.jpeg 768w, https:\/\/der-bauernhofurlaub.de\/wp-content\/uploads\/2021\/09\/Weide_Rinder_20-1536x1024.jpeg 1536w, https:\/\/der-bauernhofurlaub.de\/wp-content\/uploads\/2021\/09\/Weide_Rinder_20-2048x1365.jpeg 2048w\" sizes=\"(max-width: 900px) 100vw, 900px\" \/>\t\t<\/div>\n\t\t\t<\/div><\/li>\n\t<li data-index=\"11\">\n\t<div class=\"slide-inner-wrap\">\n\t\t<div class=\"slide-image gallery-icon\"><img decoding=\"async\" src=\"https:\/\/der-bauernhofurlaub.de\/wp-content\/uploads\/2021\/09\/Weide_Rinder_32-1024x683-900x600.jpeg\" width=\"900\" class=\" wp-post-image wp-image-460\" alt=\"Weide_Rinder_32\" srcset=\"https:\/\/der-bauernhofurlaub.de\/wp-content\/uploads\/2021\/09\/Weide_Rinder_32-1024x683-900x600.jpeg 900w, https:\/\/der-bauernhofurlaub.de\/wp-content\/uploads\/2021\/09\/Weide_Rinder_32-300x200.jpeg 300w, https:\/\/der-bauernhofurlaub.de\/wp-content\/uploads\/2021\/09\/Weide_Rinder_32-1024x683.jpeg 1024w, https:\/\/der-bauernhofurlaub.de\/wp-content\/uploads\/2021\/09\/Weide_Rinder_32-768x512.jpeg 768w, https:\/\/der-bauernhofurlaub.de\/wp-content\/uploads\/2021\/09\/Weide_Rinder_32-1536x1024.jpeg 1536w, https:\/\/der-bauernhofurlaub.de\/wp-content\/uploads\/2021\/09\/Weide_Rinder_32.jpeg 1620w\" sizes=\"(max-width: 900px) 100vw, 900px\" \/>\t\t<\/div>\n\t\t\t<\/div><\/li>\n\t<li data-index=\"12\">\n\t<div class=\"slide-inner-wrap\">\n\t\t<div class=\"slide-image gallery-icon\"><img decoding=\"async\" src=\"https:\/\/der-bauernhofurlaub.de\/wp-content\/uploads\/2021\/09\/Grundstu\u0308ck_Einfahrt_2-1024x683-900x600.jpeg\" width=\"900\" class=\" wp-post-image wp-image-461\" alt=\"Grundstu\u0308ck_Einfahrt_2\" srcset=\"https:\/\/der-bauernhofurlaub.de\/wp-content\/uploads\/2021\/09\/Grundstu\u0308ck_Einfahrt_2-1024x683-900x600.jpeg 900w, https:\/\/der-bauernhofurlaub.de\/wp-content\/uploads\/2021\/09\/Grundstu\u0308ck_Einfahrt_2-300x200.jpeg 300w, https:\/\/der-bauernhofurlaub.de\/wp-content\/uploads\/2021\/09\/Grundstu\u0308ck_Einfahrt_2-1024x683.jpeg 1024w, https:\/\/der-bauernhofurlaub.de\/wp-content\/uploads\/2021\/09\/Grundstu\u0308ck_Einfahrt_2-768x512.jpeg 768w, https:\/\/der-bauernhofurlaub.de\/wp-content\/uploads\/2021\/09\/Grundstu\u0308ck_Einfahrt_2-1536x1024.jpeg 1536w, https:\/\/der-bauernhofurlaub.de\/wp-content\/uploads\/2021\/09\/Grundstu\u0308ck_Einfahrt_2-2048x1365.jpeg 2048w\" sizes=\"(max-width: 900px) 100vw, 900px\" \/>\t\t<\/div>\n\t\t\t<\/div><\/li>\n\t<li data-index=\"13\">\n\t<div class=\"slide-inner-wrap\">\n\t\t<div class=\"slide-image gallery-icon\"><img decoding=\"async\" src=\"https:\/\/der-bauernhofurlaub.de\/wp-content\/uploads\/2021\/09\/Grundstu\u0308ck_Garten_1-1024x683-900x600.jpeg\" width=\"900\" class=\" wp-post-image wp-image-462\" alt=\"Grundstu\u0308ck_Garten_1\" srcset=\"https:\/\/der-bauernhofurlaub.de\/wp-content\/uploads\/2021\/09\/Grundstu\u0308ck_Garten_1-1024x683-900x600.jpeg 900w, https:\/\/der-bauernhofurlaub.de\/wp-content\/uploads\/2021\/09\/Grundstu\u0308ck_Garten_1-300x200.jpeg 300w, https:\/\/der-bauernhofurlaub.de\/wp-content\/uploads\/2021\/09\/Grundstu\u0308ck_Garten_1-1024x683.jpeg 1024w, https:\/\/der-bauernhofurlaub.de\/wp-content\/uploads\/2021\/09\/Grundstu\u0308ck_Garten_1-768x512.jpeg 768w, https:\/\/der-bauernhofurlaub.de\/wp-content\/uploads\/2021\/09\/Grundstu\u0308ck_Garten_1-1536x1024.jpeg 1536w, https:\/\/der-bauernhofurlaub.de\/wp-content\/uploads\/2021\/09\/Grundstu\u0308ck_Garten_1-2048x1365.jpeg 2048w\" sizes=\"(max-width: 900px) 100vw, 900px\" \/>\t\t<\/div>\n\t\t\t<\/div><\/li>\n\t<li data-index=\"14\">\n\t<div class=\"slide-inner-wrap\">\n\t\t<div class=\"slide-image gallery-icon\"><img decoding=\"async\" src=\"https:\/\/der-bauernhofurlaub.de\/wp-content\/uploads\/2021\/09\/Grundstu\u0308ck_Hof_1-1024x683-900x600.jpg\" width=\"900\" class=\" wp-post-image wp-image-463\" alt=\"Grundstu\u0308ck_Hof_1\" srcset=\"https:\/\/der-bauernhofurlaub.de\/wp-content\/uploads\/2021\/09\/Grundstu\u0308ck_Hof_1-1024x683-900x600.jpg 900w, https:\/\/der-bauernhofurlaub.de\/wp-content\/uploads\/2021\/09\/Grundstu\u0308ck_Hof_1-300x200.jpg 300w, https:\/\/der-bauernhofurlaub.de\/wp-content\/uploads\/2021\/09\/Grundstu\u0308ck_Hof_1-1024x683.jpg 1024w, https:\/\/der-bauernhofurlaub.de\/wp-content\/uploads\/2021\/09\/Grundstu\u0308ck_Hof_1-768x512.jpg 768w, https:\/\/der-bauernhofurlaub.de\/wp-content\/uploads\/2021\/09\/Grundstu\u0308ck_Hof_1-1536x1024.jpg 1536w, https:\/\/der-bauernhofurlaub.de\/wp-content\/uploads\/2021\/09\/Grundstu\u0308ck_Hof_1-2048x1365.jpg 2048w\" sizes=\"(max-width: 900px) 100vw, 900px\" \/>\t\t<\/div>\n\t\t\t<\/div><\/li>\n\t<li data-index=\"15\">\n\t<div class=\"slide-inner-wrap\">\n\t\t<div class=\"slide-image gallery-icon\"><img decoding=\"async\" src=\"https:\/\/der-bauernhofurlaub.de\/wp-content\/uploads\/2021\/09\/Grundstu\u0308ck_Hof_2-1024x683-900x600.jpg\" width=\"900\" class=\" wp-post-image wp-image-464\" alt=\"Grundstu\u0308ck_Hof_2\" srcset=\"https:\/\/der-bauernhofurlaub.de\/wp-content\/uploads\/2021\/09\/Grundstu\u0308ck_Hof_2-1024x683-900x600.jpg 900w, https:\/\/der-bauernhofurlaub.de\/wp-content\/uploads\/2021\/09\/Grundstu\u0308ck_Hof_2-300x200.jpg 300w, https:\/\/der-bauernhofurlaub.de\/wp-content\/uploads\/2021\/09\/Grundstu\u0308ck_Hof_2-1024x683.jpg 1024w, https:\/\/der-bauernhofurlaub.de\/wp-content\/uploads\/2021\/09\/Grundstu\u0308ck_Hof_2-768x512.jpg 768w, https:\/\/der-bauernhofurlaub.de\/wp-content\/uploads\/2021\/09\/Grundstu\u0308ck_Hof_2-1536x1024.jpg 1536w, https:\/\/der-bauernhofurlaub.de\/wp-content\/uploads\/2021\/09\/Grundstu\u0308ck_Hof_2-2048x1365.jpg 2048w\" sizes=\"(max-width: 900px) 100vw, 900px\" \/>\t\t<\/div>\n\t\t\t<\/div><\/li>\n\t<li data-index=\"16\">\n\t<div class=\"slide-inner-wrap\">\n\t\t<div class=\"slide-image gallery-icon\"><img decoding=\"async\" src=\"https:\/\/der-bauernhofurlaub.de\/wp-content\/uploads\/2021\/09\/Grundstu\u0308ck_Lavendel-1024x683-900x600.jpeg\" width=\"900\" class=\" wp-post-image wp-image-465\" alt=\"Grundstu\u0308ck_Lavendel\" srcset=\"https:\/\/der-bauernhofurlaub.de\/wp-content\/uploads\/2021\/09\/Grundstu\u0308ck_Lavendel-1024x683-900x600.jpeg 900w, https:\/\/der-bauernhofurlaub.de\/wp-content\/uploads\/2021\/09\/Grundstu\u0308ck_Lavendel-300x200.jpeg 300w, https:\/\/der-bauernhofurlaub.de\/wp-content\/uploads\/2021\/09\/Grundstu\u0308ck_Lavendel-1024x683.jpeg 1024w, https:\/\/der-bauernhofurlaub.de\/wp-content\/uploads\/2021\/09\/Grundstu\u0308ck_Lavendel-768x512.jpeg 768w, https:\/\/der-bauernhofurlaub.de\/wp-content\/uploads\/2021\/09\/Grundstu\u0308ck_Lavendel-1536x1024.jpeg 1536w, https:\/\/der-bauernhofurlaub.de\/wp-content\/uploads\/2021\/09\/Grundstu\u0308ck_Lavendel-2048x1365.jpeg 2048w\" sizes=\"(max-width: 900px) 100vw, 900px\" \/>\t\t<\/div>\n\t\t\t<\/div><\/li>\n\t<li data-index=\"17\">\n\t<div class=\"slide-inner-wrap\">\n\t\t<div class=\"slide-image gallery-icon\"><img decoding=\"async\" src=\"https:\/\/der-bauernhofurlaub.de\/wp-content\/uploads\/2021\/09\/Grundstu\u0308ck_Luft_2-1024x683-900x600.jpeg\" width=\"900\" class=\" wp-post-image wp-image-466\" alt=\"Grundstu\u0308ck_Luft_2\" srcset=\"https:\/\/der-bauernhofurlaub.de\/wp-content\/uploads\/2021\/09\/Grundstu\u0308ck_Luft_2-1024x683-900x600.jpeg 900w, https:\/\/der-bauernhofurlaub.de\/wp-content\/uploads\/2021\/09\/Grundstu\u0308ck_Luft_2-300x200.jpeg 300w, https:\/\/der-bauernhofurlaub.de\/wp-content\/uploads\/2021\/09\/Grundstu\u0308ck_Luft_2-1024x683.jpeg 1024w, https:\/\/der-bauernhofurlaub.de\/wp-content\/uploads\/2021\/09\/Grundstu\u0308ck_Luft_2-768x512.jpeg 768w, https:\/\/der-bauernhofurlaub.de\/wp-content\/uploads\/2021\/09\/Grundstu\u0308ck_Luft_2-1536x1024.jpeg 1536w, https:\/\/der-bauernhofurlaub.de\/wp-content\/uploads\/2021\/09\/Grundstu\u0308ck_Luft_2.jpeg 1620w\" sizes=\"(max-width: 900px) 100vw, 900px\" \/>\t\t<\/div>\n\t\t\t<\/div><\/li>\n\t<li data-index=\"18\">\n\t<div class=\"slide-inner-wrap\">\n\t\t<div class=\"slide-image gallery-icon\"><img decoding=\"async\" src=\"https:\/\/der-bauernhofurlaub.de\/wp-content\/uploads\/2021\/09\/Grundstu\u0308ck_Meerschweinchen_Gehege-1024x682-900x599.jpeg\" width=\"900\" class=\" wp-post-image wp-image-467\" alt=\"Grundstu\u0308ck_Meerschweinchen_Gehege\" srcset=\"https:\/\/der-bauernhofurlaub.de\/wp-content\/uploads\/2021\/09\/Grundstu\u0308ck_Meerschweinchen_Gehege-1024x682-900x599.jpeg 900w, https:\/\/der-bauernhofurlaub.de\/wp-content\/uploads\/2021\/09\/Grundstu\u0308ck_Meerschweinchen_Gehege-300x200.jpeg 300w, https:\/\/der-bauernhofurlaub.de\/wp-content\/uploads\/2021\/09\/Grundstu\u0308ck_Meerschweinchen_Gehege-1024x682.jpeg 1024w, https:\/\/der-bauernhofurlaub.de\/wp-content\/uploads\/2021\/09\/Grundstu\u0308ck_Meerschweinchen_Gehege-768x512.jpeg 768w, https:\/\/der-bauernhofurlaub.de\/wp-content\/uploads\/2021\/09\/Grundstu\u0308ck_Meerschweinchen_Gehege-1536x1024.jpeg 1536w, https:\/\/der-bauernhofurlaub.de\/wp-content\/uploads\/2021\/09\/Grundstu\u0308ck_Meerschweinchen_Gehege-2048x1365.jpeg 2048w\" sizes=\"(max-width: 900px) 100vw, 900px\" \/>\t\t<\/div>\n\t\t\t<\/div><\/li>\n\t<li data-index=\"19\">\n\t<div class=\"slide-inner-wrap\">\n\t\t<div class=\"slide-image gallery-icon\"><img decoding=\"async\" src=\"https:\/\/der-bauernhofurlaub.de\/wp-content\/uploads\/2021\/09\/Grundstu\u0308ck_Schild-1024x683-900x600.jpeg\" width=\"900\" class=\" wp-post-image wp-image-468\" alt=\"Grundstu\u0308ck_Schild\" srcset=\"https:\/\/der-bauernhofurlaub.de\/wp-content\/uploads\/2021\/09\/Grundstu\u0308ck_Schild-1024x683-900x600.jpeg 900w, https:\/\/der-bauernhofurlaub.de\/wp-content\/uploads\/2021\/09\/Grundstu\u0308ck_Schild-300x200.jpeg 300w, https:\/\/der-bauernhofurlaub.de\/wp-content\/uploads\/2021\/09\/Grundstu\u0308ck_Schild-1024x683.jpeg 1024w, https:\/\/der-bauernhofurlaub.de\/wp-content\/uploads\/2021\/09\/Grundstu\u0308ck_Schild-768x512.jpeg 768w, https:\/\/der-bauernhofurlaub.de\/wp-content\/uploads\/2021\/09\/Grundstu\u0308ck_Schild-1536x1024.jpeg 1536w, https:\/\/der-bauernhofurlaub.de\/wp-content\/uploads\/2021\/09\/Grundstu\u0308ck_Schild-2048x1365.jpeg 2048w\" sizes=\"(max-width: 900px) 100vw, 900px\" \/>\t\t<\/div>\n\t\t\t<\/div><\/li>\n\t<li data-index=\"20\">\n\t<div class=\"slide-inner-wrap\">\n\t\t<div class=\"slide-image gallery-icon\"><img decoding=\"async\" src=\"https:\/\/der-bauernhofurlaub.de\/wp-content\/uploads\/2021\/09\/Grundstu\u0308ck_Spielplatz_1-1024x683-900x600.jpeg\" width=\"900\" class=\" wp-post-image wp-image-469\" alt=\"Grundstu\u0308ck_Spielplatz_1\" srcset=\"https:\/\/der-bauernhofurlaub.de\/wp-content\/uploads\/2021\/09\/Grundstu\u0308ck_Spielplatz_1-1024x683-900x600.jpeg 900w, https:\/\/der-bauernhofurlaub.de\/wp-content\/uploads\/2021\/09\/Grundstu\u0308ck_Spielplatz_1-300x200.jpeg 300w, https:\/\/der-bauernhofurlaub.de\/wp-content\/uploads\/2021\/09\/Grundstu\u0308ck_Spielplatz_1-1024x683.jpeg 1024w, https:\/\/der-bauernhofurlaub.de\/wp-content\/uploads\/2021\/09\/Grundstu\u0308ck_Spielplatz_1-768x512.jpeg 768w, https:\/\/der-bauernhofurlaub.de\/wp-content\/uploads\/2021\/09\/Grundstu\u0308ck_Spielplatz_1-1536x1024.jpeg 1536w, https:\/\/der-bauernhofurlaub.de\/wp-content\/uploads\/2021\/09\/Grundstu\u0308ck_Spielplatz_1-2048x1365.jpeg 2048w\" sizes=\"(max-width: 900px) 100vw, 900px\" \/>\t\t<\/div>\n\t\t\t<\/div><\/li>\n\t<li data-index=\"21\">\n\t<div class=\"slide-inner-wrap\">\n\t\t<div class=\"slide-image gallery-icon\"><img decoding=\"async\" src=\"https:\/\/der-bauernhofurlaub.de\/wp-content\/uploads\/2021\/09\/Grundstu\u0308ck_Spielplatz_2-1024x683-900x600.jpg\" width=\"900\" class=\" wp-post-image wp-image-470\" alt=\"Grundstu\u0308ck_Spielplatz_2\" srcset=\"https:\/\/der-bauernhofurlaub.de\/wp-content\/uploads\/2021\/09\/Grundstu\u0308ck_Spielplatz_2-1024x683-900x600.jpg 900w, https:\/\/der-bauernhofurlaub.de\/wp-content\/uploads\/2021\/09\/Grundstu\u0308ck_Spielplatz_2-300x200.jpg 300w, https:\/\/der-bauernhofurlaub.de\/wp-content\/uploads\/2021\/09\/Grundstu\u0308ck_Spielplatz_2-1024x683.jpg 1024w, https:\/\/der-bauernhofurlaub.de\/wp-content\/uploads\/2021\/09\/Grundstu\u0308ck_Spielplatz_2-768x512.jpg 768w, https:\/\/der-bauernhofurlaub.de\/wp-content\/uploads\/2021\/09\/Grundstu\u0308ck_Spielplatz_2-1536x1024.jpg 1536w, https:\/\/der-bauernhofurlaub.de\/wp-content\/uploads\/2021\/09\/Grundstu\u0308ck_Spielplatz_2-2048x1365.jpg 2048w\" sizes=\"(max-width: 900px) 100vw, 900px\" \/>\t\t<\/div>\n\t\t\t<\/div><\/li>\n\t<li data-index=\"22\">\n\t<div class=\"slide-inner-wrap\">\n\t\t<div class=\"slide-image gallery-icon\"><img decoding=\"async\" src=\"https:\/\/der-bauernhofurlaub.de\/wp-content\/uploads\/2021\/09\/Hund_2-1024x683-900x600.jpeg\" width=\"900\" class=\" wp-post-image wp-image-471\" alt=\"Hund_2\" srcset=\"https:\/\/der-bauernhofurlaub.de\/wp-content\/uploads\/2021\/09\/Hund_2-1024x683-900x600.jpeg 900w, https:\/\/der-bauernhofurlaub.de\/wp-content\/uploads\/2021\/09\/Hund_2-300x200.jpeg 300w, https:\/\/der-bauernhofurlaub.de\/wp-content\/uploads\/2021\/09\/Hund_2-1024x683.jpeg 1024w, https:\/\/der-bauernhofurlaub.de\/wp-content\/uploads\/2021\/09\/Hund_2-768x512.jpeg 768w, https:\/\/der-bauernhofurlaub.de\/wp-content\/uploads\/2021\/09\/Hund_2-1536x1024.jpeg 1536w, https:\/\/der-bauernhofurlaub.de\/wp-content\/uploads\/2021\/09\/Hund_2-2048x1365.jpeg 2048w\" sizes=\"(max-width: 900px) 100vw, 900px\" \/>\t\t<\/div>\n\t\t\t<\/div><\/li>\n\t<li data-index=\"23\">\n\t<div class=\"slide-inner-wrap\">\n\t\t<div class=\"slide-image gallery-icon\"><img decoding=\"async\" src=\"https:\/\/der-bauernhofurlaub.de\/wp-content\/uploads\/2021\/09\/Weide_4-1024x683-900x600.jpeg\" width=\"900\" class=\" wp-post-image wp-image-474\" alt=\"Weide_4\" srcset=\"https:\/\/der-bauernhofurlaub.de\/wp-content\/uploads\/2021\/09\/Weide_4-1024x683-900x600.jpeg 900w, https:\/\/der-bauernhofurlaub.de\/wp-content\/uploads\/2021\/09\/Weide_4-300x200.jpeg 300w, https:\/\/der-bauernhofurlaub.de\/wp-content\/uploads\/2021\/09\/Weide_4-1024x683.jpeg 1024w, https:\/\/der-bauernhofurlaub.de\/wp-content\/uploads\/2021\/09\/Weide_4-768x512.jpeg 768w, https:\/\/der-bauernhofurlaub.de\/wp-content\/uploads\/2021\/09\/Weide_4-1536x1024.jpeg 1536w, https:\/\/der-bauernhofurlaub.de\/wp-content\/uploads\/2021\/09\/Weide_4-2048x1365.jpeg 2048w\" sizes=\"(max-width: 900px) 100vw, 900px\" \/>\t\t<\/div>\n\t\t\t<\/div><\/li>\n\t<li data-index=\"24\">\n\t<div class=\"slide-inner-wrap\">\n\t\t<div class=\"slide-image gallery-icon\"><img decoding=\"async\" src=\"https:\/\/der-bauernhofurlaub.de\/wp-content\/uploads\/2021\/10\/Meerschweinchen_2-1024x768-900x675.jpeg\" width=\"900\" class=\" wp-post-image wp-image-522\" alt=\"Meerschweinchen_2\" srcset=\"https:\/\/der-bauernhofurlaub.de\/wp-content\/uploads\/2021\/10\/Meerschweinchen_2-1024x768-900x675.jpeg 900w, https:\/\/der-bauernhofurlaub.de\/wp-content\/uploads\/2021\/10\/Meerschweinchen_2-300x225.jpeg 300w, https:\/\/der-bauernhofurlaub.de\/wp-content\/uploads\/2021\/10\/Meerschweinchen_2-1024x768.jpeg 1024w, https:\/\/der-bauernhofurlaub.de\/wp-content\/uploads\/2021\/10\/Meerschweinchen_2-768x576.jpeg 768w, https:\/\/der-bauernhofurlaub.de\/wp-content\/uploads\/2021\/10\/Meerschweinchen_2-1536x1152.jpeg 1536w, https:\/\/der-bauernhofurlaub.de\/wp-content\/uploads\/2021\/10\/Meerschweinchen_2-2048x1536.jpeg 2048w, https:\/\/der-bauernhofurlaub.de\/wp-content\/uploads\/2021\/10\/Meerschweinchen_2-1024x768-800x600.jpeg 800w\" sizes=\"(max-width: 900px) 100vw, 900px\" \/>\t\t<\/div>\n\t\t\t<\/div><\/li>\n\t<li data-index=\"25\">\n\t<div class=\"slide-inner-wrap\">\n\t\t<div class=\"slide-image gallery-icon\"><img decoding=\"async\" src=\"https:\/\/der-bauernhofurlaub.de\/wp-content\/uploads\/2021\/10\/Meerschweinchen_5-1024x768-900x675.jpeg\" width=\"900\" class=\" wp-post-image wp-image-523\" alt=\"Meerschweinchen_5\" srcset=\"https:\/\/der-bauernhofurlaub.de\/wp-content\/uploads\/2021\/10\/Meerschweinchen_5-1024x768-900x675.jpeg 900w, https:\/\/der-bauernhofurlaub.de\/wp-content\/uploads\/2021\/10\/Meerschweinchen_5-300x225.jpeg 300w, https:\/\/der-bauernhofurlaub.de\/wp-content\/uploads\/2021\/10\/Meerschweinchen_5-1024x768.jpeg 1024w, https:\/\/der-bauernhofurlaub.de\/wp-content\/uploads\/2021\/10\/Meerschweinchen_5-768x576.jpeg 768w, https:\/\/der-bauernhofurlaub.de\/wp-content\/uploads\/2021\/10\/Meerschweinchen_5-1536x1152.jpeg 1536w, https:\/\/der-bauernhofurlaub.de\/wp-content\/uploads\/2021\/10\/Meerschweinchen_5-2048x1536.jpeg 2048w, https:\/\/der-bauernhofurlaub.de\/wp-content\/uploads\/2021\/10\/Meerschweinchen_5-1024x768-800x600.jpeg 800w\" sizes=\"(max-width: 900px) 100vw, 900px\" \/>\t\t<\/div>\n\t\t\t<\/div><\/li>\n\t<li data-index=\"26\">\n\t<div class=\"slide-inner-wrap\">\n\t\t<div class=\"slide-image gallery-icon\"><img decoding=\"async\" src=\"https:\/\/der-bauernhofurlaub.de\/wp-content\/uploads\/2021\/10\/Pferd_11-683x1024-900x1349.jpeg\" width=\"900\" class=\" wp-post-image wp-image-524\" alt=\"Pferd_1(1)\" srcset=\"https:\/\/der-bauernhofurlaub.de\/wp-content\/uploads\/2021\/10\/Pferd_11-683x1024-900x1349.jpeg 900w, https:\/\/der-bauernhofurlaub.de\/wp-content\/uploads\/2021\/10\/Pferd_11-200x300.jpeg 200w, https:\/\/der-bauernhofurlaub.de\/wp-content\/uploads\/2021\/10\/Pferd_11-683x1024.jpeg 683w, https:\/\/der-bauernhofurlaub.de\/wp-content\/uploads\/2021\/10\/Pferd_11-768x1152.jpeg 768w, https:\/\/der-bauernhofurlaub.de\/wp-content\/uploads\/2021\/10\/Pferd_11-1024x1536.jpeg 1024w, https:\/\/der-bauernhofurlaub.de\/wp-content\/uploads\/2021\/10\/Pferd_11-1366x2048.jpeg 1366w, https:\/\/der-bauernhofurlaub.de\/wp-content\/uploads\/2021\/10\/Pferd_11-scaled.jpeg 1707w\" sizes=\"(max-width: 900px) 100vw, 900px\" \/>\t\t<\/div>\n\t\t\t<\/div><\/li>\n\t<li data-index=\"27\">\n\t<div class=\"slide-inner-wrap\">\n\t\t<div class=\"slide-image gallery-icon\"><img decoding=\"async\" src=\"https:\/\/der-bauernhofurlaub.de\/wp-content\/uploads\/2021\/10\/Pferd_1-683x1024-900x1349.jpeg\" width=\"900\" class=\" wp-post-image wp-image-525\" alt=\"Pferd_1\" srcset=\"https:\/\/der-bauernhofurlaub.de\/wp-content\/uploads\/2021\/10\/Pferd_1-683x1024-900x1349.jpeg 900w, https:\/\/der-bauernhofurlaub.de\/wp-content\/uploads\/2021\/10\/Pferd_1-200x300.jpeg 200w, https:\/\/der-bauernhofurlaub.de\/wp-content\/uploads\/2021\/10\/Pferd_1-683x1024.jpeg 683w, https:\/\/der-bauernhofurlaub.de\/wp-content\/uploads\/2021\/10\/Pferd_1-768x1152.jpeg 768w, https:\/\/der-bauernhofurlaub.de\/wp-content\/uploads\/2021\/10\/Pferd_1-1024x1536.jpeg 1024w, https:\/\/der-bauernhofurlaub.de\/wp-content\/uploads\/2021\/10\/Pferd_1-1366x2048.jpeg 1366w, https:\/\/der-bauernhofurlaub.de\/wp-content\/uploads\/2021\/10\/Pferd_1-scaled.jpeg 1707w\" sizes=\"(max-width: 900px) 100vw, 900px\" \/>\t\t<\/div>\n\t\t\t<\/div><\/li>\n\t<li data-index=\"28\">\n\t<div class=\"slide-inner-wrap\">\n\t\t<div class=\"slide-image gallery-icon\"><img decoding=\"async\" src=\"https:\/\/der-bauernhofurlaub.de\/wp-content\/uploads\/2021\/10\/Pferd_3-683x1024-900x1349.jpeg\" width=\"900\" class=\" wp-post-image wp-image-526\" alt=\"Pferd_3\" srcset=\"https:\/\/der-bauernhofurlaub.de\/wp-content\/uploads\/2021\/10\/Pferd_3-683x1024-900x1349.jpeg 900w, https:\/\/der-bauernhofurlaub.de\/wp-content\/uploads\/2021\/10\/Pferd_3-200x300.jpeg 200w, https:\/\/der-bauernhofurlaub.de\/wp-content\/uploads\/2021\/10\/Pferd_3-683x1024.jpeg 683w, https:\/\/der-bauernhofurlaub.de\/wp-content\/uploads\/2021\/10\/Pferd_3-768x1152.jpeg 768w, https:\/\/der-bauernhofurlaub.de\/wp-content\/uploads\/2021\/10\/Pferd_3-1024x1536.jpeg 1024w, https:\/\/der-bauernhofurlaub.de\/wp-content\/uploads\/2021\/10\/Pferd_3-1365x2048.jpeg 1365w, https:\/\/der-bauernhofurlaub.de\/wp-content\/uploads\/2021\/10\/Pferd_3-scaled.jpeg 1707w\" sizes=\"(max-width: 900px) 100vw, 900px\" \/>\t\t<\/div>\n\t\t\t<\/div><\/li>\n\t<li data-index=\"29\">\n\t<div class=\"slide-inner-wrap\">\n\t\t<div class=\"slide-image gallery-icon\"><img decoding=\"async\" src=\"https:\/\/der-bauernhofurlaub.de\/wp-content\/uploads\/2021\/10\/Ponys_3-1024x768-900x675.jpeg\" width=\"900\" class=\" wp-post-image wp-image-527\" alt=\"Ponys_3\" srcset=\"https:\/\/der-bauernhofurlaub.de\/wp-content\/uploads\/2021\/10\/Ponys_3-1024x768-900x675.jpeg 900w, https:\/\/der-bauernhofurlaub.de\/wp-content\/uploads\/2021\/10\/Ponys_3-300x225.jpeg 300w, https:\/\/der-bauernhofurlaub.de\/wp-content\/uploads\/2021\/10\/Ponys_3-1024x768.jpeg 1024w, https:\/\/der-bauernhofurlaub.de\/wp-content\/uploads\/2021\/10\/Ponys_3-768x576.jpeg 768w, https:\/\/der-bauernhofurlaub.de\/wp-content\/uploads\/2021\/10\/Ponys_3-1536x1152.jpeg 1536w, https:\/\/der-bauernhofurlaub.de\/wp-content\/uploads\/2021\/10\/Ponys_3-2048x1536.jpeg 2048w, https:\/\/der-bauernhofurlaub.de\/wp-content\/uploads\/2021\/10\/Ponys_3-1024x768-800x600.jpeg 800w\" sizes=\"(max-width: 900px) 100vw, 900px\" \/>\t\t<\/div>\n\t\t\t<\/div><\/li>\n\t<li data-index=\"30\">\n\t<div class=\"slide-inner-wrap\">\n\t\t<div class=\"slide-image gallery-icon\"><img decoding=\"async\" src=\"https:\/\/der-bauernhofurlaub.de\/wp-content\/uploads\/2021\/10\/Ponys_5-1024x768-900x675.jpeg\" width=\"900\" class=\" wp-post-image wp-image-528\" alt=\"Ponys_5\" srcset=\"https:\/\/der-bauernhofurlaub.de\/wp-content\/uploads\/2021\/10\/Ponys_5-1024x768-900x675.jpeg 900w, https:\/\/der-bauernhofurlaub.de\/wp-content\/uploads\/2021\/10\/Ponys_5-300x225.jpeg 300w, https:\/\/der-bauernhofurlaub.de\/wp-content\/uploads\/2021\/10\/Ponys_5-1024x768.jpeg 1024w, https:\/\/der-bauernhofurlaub.de\/wp-content\/uploads\/2021\/10\/Ponys_5-768x576.jpeg 768w, https:\/\/der-bauernhofurlaub.de\/wp-content\/uploads\/2021\/10\/Ponys_5-1536x1152.jpeg 1536w, https:\/\/der-bauernhofurlaub.de\/wp-content\/uploads\/2021\/10\/Ponys_5-2048x1536.jpeg 2048w, https:\/\/der-bauernhofurlaub.de\/wp-content\/uploads\/2021\/10\/Ponys_5-1024x768-800x600.jpeg 800w\" sizes=\"(max-width: 900px) 100vw, 900px\" \/>\t\t<\/div>\n\t\t\t<\/div><\/li>\n\t<li data-index=\"31\">\n\t<div class=\"slide-inner-wrap\">\n\t\t<div class=\"slide-image gallery-icon\"><img decoding=\"async\" src=\"https:\/\/der-bauernhofurlaub.de\/wp-content\/uploads\/2021\/10\/Ponys_7-1024x768-900x675.jpeg\" width=\"900\" class=\" wp-post-image wp-image-529\" alt=\"Ponys_7\" srcset=\"https:\/\/der-bauernhofurlaub.de\/wp-content\/uploads\/2021\/10\/Ponys_7-1024x768-900x675.jpeg 900w, https:\/\/der-bauernhofurlaub.de\/wp-content\/uploads\/2021\/10\/Ponys_7-300x225.jpeg 300w, https:\/\/der-bauernhofurlaub.de\/wp-content\/uploads\/2021\/10\/Ponys_7-1024x768.jpeg 1024w, https:\/\/der-bauernhofurlaub.de\/wp-content\/uploads\/2021\/10\/Ponys_7-768x576.jpeg 768w, https:\/\/der-bauernhofurlaub.de\/wp-content\/uploads\/2021\/10\/Ponys_7-1536x1152.jpeg 1536w, https:\/\/der-bauernhofurlaub.de\/wp-content\/uploads\/2021\/10\/Ponys_7-2048x1536.jpeg 2048w, https:\/\/der-bauernhofurlaub.de\/wp-content\/uploads\/2021\/10\/Ponys_7-1024x768-800x600.jpeg 800w\" sizes=\"(max-width: 900px) 100vw, 900px\" \/>\t\t<\/div>\n\t\t\t<\/div><\/li>\n\t<li data-index=\"32\">\n\t<div class=\"slide-inner-wrap\">\n\t\t<div class=\"slide-image gallery-icon\"><img decoding=\"async\" src=\"https:\/\/der-bauernhofurlaub.de\/wp-content\/uploads\/2021\/10\/Spielplatz_1-1024x768-900x675.jpeg\" width=\"900\" class=\" wp-post-image wp-image-530\" alt=\"Spielplatz_1\" srcset=\"https:\/\/der-bauernhofurlaub.de\/wp-content\/uploads\/2021\/10\/Spielplatz_1-1024x768-900x675.jpeg 900w, https:\/\/der-bauernhofurlaub.de\/wp-content\/uploads\/2021\/10\/Spielplatz_1-300x225.jpeg 300w, https:\/\/der-bauernhofurlaub.de\/wp-content\/uploads\/2021\/10\/Spielplatz_1-1024x768.jpeg 1024w, https:\/\/der-bauernhofurlaub.de\/wp-content\/uploads\/2021\/10\/Spielplatz_1-768x576.jpeg 768w, https:\/\/der-bauernhofurlaub.de\/wp-content\/uploads\/2021\/10\/Spielplatz_1-1536x1152.jpeg 1536w, https:\/\/der-bauernhofurlaub.de\/wp-content\/uploads\/2021\/10\/Spielplatz_1-2048x1536.jpeg 2048w, https:\/\/der-bauernhofurlaub.de\/wp-content\/uploads\/2021\/10\/Spielplatz_1-1024x768-800x600.jpeg 800w\" sizes=\"(max-width: 900px) 100vw, 900px\" \/>\t\t<\/div>\n\t\t\t<\/div><\/li>\n\t<li data-index=\"33\">\n\t<div class=\"slide-inner-wrap\">\n\t\t<div class=\"slide-image gallery-icon\"><img decoding=\"async\" src=\"https:\/\/der-bauernhofurlaub.de\/wp-content\/uploads\/2021\/10\/Spielplatz_2-1024x768-900x675.jpeg\" width=\"900\" class=\" wp-post-image wp-image-531\" alt=\"Spielplatz_2\" srcset=\"https:\/\/der-bauernhofurlaub.de\/wp-content\/uploads\/2021\/10\/Spielplatz_2-1024x768-900x675.jpeg 900w, https:\/\/der-bauernhofurlaub.de\/wp-content\/uploads\/2021\/10\/Spielplatz_2-300x225.jpeg 300w, https:\/\/der-bauernhofurlaub.de\/wp-content\/uploads\/2021\/10\/Spielplatz_2-1024x768.jpeg 1024w, https:\/\/der-bauernhofurlaub.de\/wp-content\/uploads\/2021\/10\/Spielplatz_2-768x576.jpeg 768w, https:\/\/der-bauernhofurlaub.de\/wp-content\/uploads\/2021\/10\/Spielplatz_2-1536x1152.jpeg 1536w, https:\/\/der-bauernhofurlaub.de\/wp-content\/uploads\/2021\/10\/Spielplatz_2-2048x1536.jpeg 2048w, https:\/\/der-bauernhofurlaub.de\/wp-content\/uploads\/2021\/10\/Spielplatz_2-1024x768-800x600.jpeg 800w\" sizes=\"(max-width: 900px) 100vw, 900px\" \/>\t\t<\/div>\n\t\t\t<\/div><\/li>\n\t<li data-index=\"34\">\n\t<div class=\"slide-inner-wrap\">\n\t\t<div class=\"slide-image gallery-icon\"><img decoding=\"async\" src=\"https:\/\/der-bauernhofurlaub.de\/wp-content\/uploads\/2021\/10\/Spielplatz_3-1024x768-900x675.jpeg\" width=\"900\" class=\" wp-post-image wp-image-532\" alt=\"Spielplatz_3\" srcset=\"https:\/\/der-bauernhofurlaub.de\/wp-content\/uploads\/2021\/10\/Spielplatz_3-1024x768-900x675.jpeg 900w, https:\/\/der-bauernhofurlaub.de\/wp-content\/uploads\/2021\/10\/Spielplatz_3-300x225.jpeg 300w, https:\/\/der-bauernhofurlaub.de\/wp-content\/uploads\/2021\/10\/Spielplatz_3-1024x768.jpeg 1024w, https:\/\/der-bauernhofurlaub.de\/wp-content\/uploads\/2021\/10\/Spielplatz_3-768x576.jpeg 768w, https:\/\/der-bauernhofurlaub.de\/wp-content\/uploads\/2021\/10\/Spielplatz_3-1536x1152.jpeg 1536w, https:\/\/der-bauernhofurlaub.de\/wp-content\/uploads\/2021\/10\/Spielplatz_3-2048x1536.jpeg 2048w, https:\/\/der-bauernhofurlaub.de\/wp-content\/uploads\/2021\/10\/Spielplatz_3-1024x768-800x600.jpeg 800w\" sizes=\"(max-width: 900px) 100vw, 900px\" \/>\t\t<\/div>\n\t\t\t<\/div><\/li>\n\t<li data-index=\"35\">\n\t<div class=\"slide-inner-wrap\">\n\t\t<div class=\"slide-image gallery-icon\"><img decoding=\"async\" src=\"https:\/\/der-bauernhofurlaub.de\/wp-content\/uploads\/2021\/10\/Spielplatz_4-1024x768-900x675.jpeg\" width=\"900\" class=\" wp-post-image wp-image-533\" alt=\"Spielplatz_4\" srcset=\"https:\/\/der-bauernhofurlaub.de\/wp-content\/uploads\/2021\/10\/Spielplatz_4-1024x768-900x675.jpeg 900w, https:\/\/der-bauernhofurlaub.de\/wp-content\/uploads\/2021\/10\/Spielplatz_4-300x225.jpeg 300w, https:\/\/der-bauernhofurlaub.de\/wp-content\/uploads\/2021\/10\/Spielplatz_4-1024x768.jpeg 1024w, https:\/\/der-bauernhofurlaub.de\/wp-content\/uploads\/2021\/10\/Spielplatz_4-768x576.jpeg 768w, https:\/\/der-bauernhofurlaub.de\/wp-content\/uploads\/2021\/10\/Spielplatz_4-1536x1152.jpeg 1536w, https:\/\/der-bauernhofurlaub.de\/wp-content\/uploads\/2021\/10\/Spielplatz_4-2048x1536.jpeg 2048w, https:\/\/der-bauernhofurlaub.de\/wp-content\/uploads\/2021\/10\/Spielplatz_4-1024x768-800x600.jpeg 800w\" sizes=\"(max-width: 900px) 100vw, 900px\" \/>\t\t<\/div>\n\t\t\t<\/div><\/li>\n\t<li data-index=\"36\">\n\t<div class=\"slide-inner-wrap\">\n\t\t<div class=\"slide-image gallery-icon\"><img decoding=\"async\" src=\"https:\/\/der-bauernhofurlaub.de\/wp-content\/uploads\/2021\/10\/Spielplatz_5-1024x768-900x675.jpeg\" width=\"900\" class=\" wp-post-image wp-image-534\" alt=\"Spielplatz_5\" srcset=\"https:\/\/der-bauernhofurlaub.de\/wp-content\/uploads\/2021\/10\/Spielplatz_5-1024x768-900x675.jpeg 900w, https:\/\/der-bauernhofurlaub.de\/wp-content\/uploads\/2021\/10\/Spielplatz_5-300x225.jpeg 300w, https:\/\/der-bauernhofurlaub.de\/wp-content\/uploads\/2021\/10\/Spielplatz_5-1024x768.jpeg 1024w, https:\/\/der-bauernhofurlaub.de\/wp-content\/uploads\/2021\/10\/Spielplatz_5-768x576.jpeg 768w, https:\/\/der-bauernhofurlaub.de\/wp-content\/uploads\/2021\/10\/Spielplatz_5-1536x1152.jpeg 1536w, https:\/\/der-bauernhofurlaub.de\/wp-content\/uploads\/2021\/10\/Spielplatz_5-2048x1536.jpeg 2048w, https:\/\/der-bauernhofurlaub.de\/wp-content\/uploads\/2021\/10\/Spielplatz_5-1024x768-800x600.jpeg 800w\" sizes=\"(max-width: 900px) 100vw, 900px\" \/>\t\t<\/div>\n\t\t\t<\/div><\/li>\n\t<li data-index=\"37\">\n\t<div class=\"slide-inner-wrap\">\n\t\t<div class=\"slide-image gallery-icon\"><img decoding=\"async\" src=\"https:\/\/der-bauernhofurlaub.de\/wp-content\/uploads\/2021\/10\/Spielplatz_6-1024x768-900x675.jpeg\" width=\"900\" class=\" wp-post-image wp-image-535\" alt=\"Spielplatz_6\" srcset=\"https:\/\/der-bauernhofurlaub.de\/wp-content\/uploads\/2021\/10\/Spielplatz_6-1024x768-900x675.jpeg 900w, https:\/\/der-bauernhofurlaub.de\/wp-content\/uploads\/2021\/10\/Spielplatz_6-300x225.jpeg 300w, https:\/\/der-bauernhofurlaub.de\/wp-content\/uploads\/2021\/10\/Spielplatz_6-1024x768.jpeg 1024w, https:\/\/der-bauernhofurlaub.de\/wp-content\/uploads\/2021\/10\/Spielplatz_6-768x576.jpeg 768w, https:\/\/der-bauernhofurlaub.de\/wp-content\/uploads\/2021\/10\/Spielplatz_6-1536x1152.jpeg 1536w, https:\/\/der-bauernhofurlaub.de\/wp-content\/uploads\/2021\/10\/Spielplatz_6-2048x1536.jpeg 2048w, https:\/\/der-bauernhofurlaub.de\/wp-content\/uploads\/2021\/10\/Spielplatz_6-1024x768-800x600.jpeg 800w\" sizes=\"(max-width: 900px) 100vw, 900px\" \/>\t\t<\/div>\n\t\t\t<\/div><\/li>\n\t<li data-index=\"38\">\n\t<div class=\"slide-inner-wrap\">\n\t\t<div class=\"slide-image gallery-icon\"><img decoding=\"async\" src=\"https:\/\/der-bauernhofurlaub.de\/wp-content\/uploads\/2021\/10\/Spielplatz_7-1024x768-900x675.jpeg\" width=\"900\" class=\" wp-post-image wp-image-536\" alt=\"Spielplatz_7\" srcset=\"https:\/\/der-bauernhofurlaub.de\/wp-content\/uploads\/2021\/10\/Spielplatz_7-1024x768-900x675.jpeg 900w, https:\/\/der-bauernhofurlaub.de\/wp-content\/uploads\/2021\/10\/Spielplatz_7-300x225.jpeg 300w, https:\/\/der-bauernhofurlaub.de\/wp-content\/uploads\/2021\/10\/Spielplatz_7-1024x768.jpeg 1024w, https:\/\/der-bauernhofurlaub.de\/wp-content\/uploads\/2021\/10\/Spielplatz_7-768x576.jpeg 768w, https:\/\/der-bauernhofurlaub.de\/wp-content\/uploads\/2021\/10\/Spielplatz_7-1536x1152.jpeg 1536w, https:\/\/der-bauernhofurlaub.de\/wp-content\/uploads\/2021\/10\/Spielplatz_7-2048x1536.jpeg 2048w, https:\/\/der-bauernhofurlaub.de\/wp-content\/uploads\/2021\/10\/Spielplatz_7-1024x768-800x600.jpeg 800w\" sizes=\"(max-width: 900px) 100vw, 900px\" \/>\t\t<\/div>\n\t\t\t<\/div><\/li>\n\t<li data-index=\"39\">\n\t<div class=\"slide-inner-wrap\">\n\t\t<div class=\"slide-image gallery-icon\"><img decoding=\"async\" src=\"https:\/\/der-bauernhofurlaub.de\/wp-content\/uploads\/2021\/10\/Spielplatz_8-1024x768-900x675.jpeg\" width=\"900\" class=\" wp-post-image wp-image-537\" alt=\"Spielplatz_8\" srcset=\"https:\/\/der-bauernhofurlaub.de\/wp-content\/uploads\/2021\/10\/Spielplatz_8-1024x768-900x675.jpeg 900w, https:\/\/der-bauernhofurlaub.de\/wp-content\/uploads\/2021\/10\/Spielplatz_8-300x225.jpeg 300w, https:\/\/der-bauernhofurlaub.de\/wp-content\/uploads\/2021\/10\/Spielplatz_8-1024x768.jpeg 1024w, https:\/\/der-bauernhofurlaub.de\/wp-content\/uploads\/2021\/10\/Spielplatz_8-768x576.jpeg 768w, https:\/\/der-bauernhofurlaub.de\/wp-content\/uploads\/2021\/10\/Spielplatz_8-1536x1152.jpeg 1536w, https:\/\/der-bauernhofurlaub.de\/wp-content\/uploads\/2021\/10\/Spielplatz_8-2048x1536.jpeg 2048w, https:\/\/der-bauernhofurlaub.de\/wp-content\/uploads\/2021\/10\/Spielplatz_8-1024x768-800x600.jpeg 800w\" sizes=\"(max-width: 900px) 100vw, 900px\" \/>\t\t<\/div>\n\t\t\t<\/div><\/li>\n\t<li data-index=\"40\">\n\t<div class=\"slide-inner-wrap\">\n\t\t<div class=\"slide-image gallery-icon\"><img decoding=\"async\" src=\"https:\/\/der-bauernhofurlaub.de\/wp-content\/uploads\/2021\/10\/Weide_Rinder_45-1024x683-900x600.jpeg\" width=\"900\" class=\" wp-post-image wp-image-538\" alt=\"Weide_Rinder_45\" srcset=\"https:\/\/der-bauernhofurlaub.de\/wp-content\/uploads\/2021\/10\/Weide_Rinder_45-1024x683-900x600.jpeg 900w, https:\/\/der-bauernhofurlaub.de\/wp-content\/uploads\/2021\/10\/Weide_Rinder_45-300x200.jpeg 300w, https:\/\/der-bauernhofurlaub.de\/wp-content\/uploads\/2021\/10\/Weide_Rinder_45-1024x683.jpeg 1024w, https:\/\/der-bauernhofurlaub.de\/wp-content\/uploads\/2021\/10\/Weide_Rinder_45-768x512.jpeg 768w, https:\/\/der-bauernhofurlaub.de\/wp-content\/uploads\/2021\/10\/Weide_Rinder_45-1536x1024.jpeg 1536w, https:\/\/der-bauernhofurlaub.de\/wp-content\/uploads\/2021\/10\/Weide_Rinder_45.jpeg 1620w\" sizes=\"(max-width: 900px) 100vw, 900px\" \/>\t\t<\/div>\n\t\t\t<\/div><\/li>\n\t<li data-index=\"41\">\n\t<div class=\"slide-inner-wrap\">\n\t\t<div class=\"slide-image gallery-icon\"><img decoding=\"async\" src=\"https:\/\/der-bauernhofurlaub.de\/wp-content\/uploads\/2021\/10\/Christoph_16-1024x683-900x600.jpeg\" width=\"900\" class=\" wp-post-image wp-image-539\" alt=\"Christoph_16\" srcset=\"https:\/\/der-bauernhofurlaub.de\/wp-content\/uploads\/2021\/10\/Christoph_16-1024x683-900x600.jpeg 900w, https:\/\/der-bauernhofurlaub.de\/wp-content\/uploads\/2021\/10\/Christoph_16-300x200.jpeg 300w, https:\/\/der-bauernhofurlaub.de\/wp-content\/uploads\/2021\/10\/Christoph_16-1024x683.jpeg 1024w, https:\/\/der-bauernhofurlaub.de\/wp-content\/uploads\/2021\/10\/Christoph_16-768x512.jpeg 768w, https:\/\/der-bauernhofurlaub.de\/wp-content\/uploads\/2021\/10\/Christoph_16-1536x1024.jpeg 1536w, https:\/\/der-bauernhofurlaub.de\/wp-content\/uploads\/2021\/10\/Christoph_16.jpeg 1620w\" sizes=\"(max-width: 900px) 100vw, 900px\" \/>\t\t<\/div>\n\t\t\t<\/div><\/li>\n<\/ul>\n\n    <\/div>\n    <!-- \/module gallery -->\n\t        <\/div>\n\t    \t<\/div>\n\t\t    <\/div>\n\t    <!-- \/row_inner -->\n\t<\/div>\n\t<!-- \/module_row -->\n\t\t<!-- module_row -->\n\t<div   class=\"themify_builder_row module_row clearfix module_row_2 themify_builder_78_row module_row_78-2 tb_sh5x957\">\n\t    \t    <div class=\"row_inner col_align_top\" >\n\t\t\t<div  class=\"module_column tb-column col-full first tb_78_column module_column_0 module_column_78-2-0 tb_odjr959\">\n\t    \t    \t        <div class=\"tb-column-inner\">\n\t\t            <!-- module fancy heading -->\n    <div  class=\"module module-fancy-heading tb_yrt1366  \">\n\t        <h2 class=\"fancy-heading \">\n        <span  class=\"main-head\">\n            Aktivit\u00e4ten auf dem Hof        <\/span>\n        <span class=\"sub-head tb_hide_divider\">\n                    <\/span>\n\n        <\/h2>\n    <\/div>\n    <!-- \/module fancy heading -->\n\t        <\/div>\n\t    \t<\/div>\n\t\t    <\/div>\n\t    <!-- \/row_inner -->\n\t<\/div>\n\t<!-- \/module_row -->\n\t\t<!-- module_row -->\n\t<div  class=\"themify_builder_row module_row clearfix module_row_3 themify_builder_78_row module_row_78-3 tb_bklc14\">\n\t    \t    <div class=\"row_inner col_align_top\" >\n\t\t\t<div  class=\"module_column tb-column col-full first tb_78_column module_column_0 module_column_78-3-0 tb_ir5e14\">\n\t    \t    \t        <div class=\"tb-column-inner\">\n\t\t        <!-- module accordion -->\n    <div  class=\"module module-accordion tb_f8gv214  \" data-behavior=\"toggle\">\n\t        \n        <ul class=\"ui module-accordion separate rounded embossed tb_default_color\">\n                            <li aria-expanded=\"false\">\n                    <div class=\"accordion-title\">\n                        <a href=\"#acc-tb_f8gv214-0\">\n                                                        \t\t\t    <span class=\"tb_title_accordion\">Aktivit\u00e4ten f\u00fcr Kinder<\/span>\n                        <\/a>\n                    <\/div>\n                    <div id=\"acc-tb_f8gv214-0\" class=\"accordion-content clearfix  default-closed\">\n                        \t\t\t    <div  class=\"tb_text_wrap\">\n\t\t\t\t<ul>\n<li>Spielplatz<\/li>\n<li>Tischtennisplatte<\/li>\n<li>Fu\u00dfballtor<\/li>\n<li>Mithilfe in der Tierversorgung<\/li>\n<li>Attraktionen nach Absprache:<\/li>\n<li>Kostenfreies Stockbrot<\/li>\n<li>Kostenfreies Ponyreiten: Bitte bringen Sie mindestens einen Fahrradhelm f\u00fcr die Kinder mit.<\/li>\n<\/ul>\n<p>\u00a0<\/p>\n<p>\u00a0<\/p>\t\t\t    <\/div>\n                                                \n                    <\/div>\n                <\/li>\n                            <li aria-expanded=\"false\">\n                    <div class=\"accordion-title\">\n                        <a href=\"#acc-tb_f8gv214-1\">\n                                                        \t\t\t    <span class=\"tb_title_accordion\">Aktivit\u00e4ten f\u00fcr die gesamte Familie<\/span>\n                        <\/a>\n                    <\/div>\n                    <div id=\"acc-tb_f8gv214-1\" class=\"accordion-content clearfix  default-closed\">\n                        \t\t\t    <div  class=\"tb_text_wrap\">\n\t\t\t\t<ul>\n<li>Lagerfeuerplatz<\/li>\n<li>Kostenloser Br\u00f6tchen-Bringservice<\/li>\n<li>Je nach Witterung wird ein Pool von je 3,80m Durchmesser und 85cm H\u00f6he aufgestellt. Baden auf eigene Gefahr.<\/li>\n<li>Barfu\u00dflauf im Morgentau<\/li>\n<li>Wildbeobachtung<\/li>\n<li>Kostenfreies Internet<\/li>\n<li>Nachtwanderung<\/li>\n<li>Gef\u00fchrte Rad- oder Wandertouren<\/li>\n<\/ul>\t\t\t    <\/div>\n                                                \n                    <\/div>\n                <\/li>\n                            <li aria-expanded=\"false\">\n                    <div class=\"accordion-title\">\n                        <a href=\"#acc-tb_f8gv214-2\">\n                                                        \t\t\t    <span class=\"tb_title_accordion\">Erholung<\/span>\n                        <\/a>\n                    <\/div>\n                    <div id=\"acc-tb_f8gv214-2\" class=\"accordion-content clearfix  default-closed\">\n                        \t\t\t    <div  class=\"tb_text_wrap\">\n\t\t\t\t<ul>\n<li>Alle Unterk\u00fcnfte haben Terrassent\u00fcren mit angrenzenden gro\u00dfen Terrassen, Grills und Gartenm\u00f6beln<\/li>\n<\/ul>\t\t\t    <\/div>\n                                                \n                    <\/div>\n                <\/li>\n                    <\/ul>\n\n    <\/div>\n    <!-- \/module accordion -->\n        <!-- module fancy heading -->\n    <div  class=\"module module-fancy-heading tb_2xaa594  \">\n\t        <h2 class=\"fancy-heading \">\n        <span  class=\"main-head\">\n            Aktivit\u00e4ten au\u00dferhalb des Hofes        <\/span>\n        <span class=\"sub-head tb_hide_divider\">\n                    <\/span>\n\n        <\/h2>\n    <\/div>\n    <!-- \/module fancy heading -->\n    <!-- module accordion -->\n    <div  class=\"module module-accordion tb_a06b638  \" data-behavior=\"toggle\">\n\t        \n        <ul class=\"ui module-accordion separate rounded embossed tb_default_color\">\n                            <li aria-expanded=\"false\">\n                    <div class=\"accordion-title\">\n                        <a href=\"#acc-tb_a06b638-0\">\n                                                        \t\t\t    <span class=\"tb_title_accordion\">Erholung<\/span>\n                        <\/a>\n                    <\/div>\n                    <div id=\"acc-tb_a06b638-0\" class=\"accordion-content clearfix  default-closed\">\n                        \t\t\t    <div  class=\"tb_text_wrap\">\n\t\t\t\t<p>Erholung<\/p>\n<ul>\n<li>Thermalbad und Saunalandschaft in Soltau (<a href=\"https:\/\/www.soltau-therme-online.de\">link<\/a>)<\/li>\n<\/ul>\n<p>\u00a0<\/p>\t\t\t    <\/div>\n                                                \n                    <\/div>\n                <\/li>\n                            <li aria-expanded=\"false\">\n                    <div class=\"accordion-title\">\n                        <a href=\"#acc-tb_a06b638-1\">\n                                                        \t\t\t    <span class=\"tb_title_accordion\">Sportliche Aktivit\u00e4ten<\/span>\n                        <\/a>\n                    <\/div>\n                    <div id=\"acc-tb_a06b638-1\" class=\"accordion-content clearfix  default-closed\">\n                        \t\t\t    <div  class=\"tb_text_wrap\">\n\t\t\t\t<ul>\n<li>Vielf\u00e4ltige Radtour- und Wanderm\u00f6glichkeiten<\/li>\n<li>Kletterpark Verden (<a href=\"https:\/\/www.kletterpark-verden.de\/\">link<\/a>)<\/li>\n<li>Squash, Tennis, Badminton in Verden-Walle (<a href=\"http:\/\/www.sportpark-walle.de\/\">link<\/a>)<\/li>\n<li>Golfplatz in Verden-Walle (<a href=\"https:\/\/www.gc-verden.de\/\">link<\/a>)<\/li>\n<li>Segelflug und Motorsport in Verden-Scharnhorst (<a href=\"http:\/\/www.flugplatz-verden.de\/rundfluege\/\">link<\/a>)<\/li>\n<li>Angeln an der Aller (nur mit Angelschein)<\/li>\n<li>Rudern oder Kanu fahren z. B. auf der B\u00f6hme (<a href=\"https:\/\/www.kanu-on-tour.de\/tagestouren\/boehme\">link1<\/a>) oder W\u00fcmme (<a href=\"http:\/\/bootsstation-dorfmark.de\/\">link2<\/a>)<\/li>\n<li>Snow-Dome in Bispingen (<a href=\"https:\/\/www.abenteuer-resort.de\/\">link<\/a>)<\/li>\n<li>Kartbahn in Bispingen (<a href=\"https:\/\/www.rs-kartcenter.de\/\">link<\/a>)<\/li>\n<\/ul>\t\t\t    <\/div>\n                                                \n                    <\/div>\n                <\/li>\n                            <li aria-expanded=\"false\">\n                    <div class=\"accordion-title\">\n                        <a href=\"#acc-tb_a06b638-2\">\n                                                        \t\t\t    <span class=\"tb_title_accordion\">Aktivit\u00e4ten f\u00fcr Kinder<\/span>\n                        <\/a>\n                    <\/div>\n                    <div id=\"acc-tb_a06b638-2\" class=\"accordion-content clearfix  default-closed\">\n                        \t\t\t    <div  class=\"tb_text_wrap\">\n\t\t\t\t<ul>\n<li>Deutsches Pferdemuseum (<a href=\"https:\/\/www.dpm-verden.info\/\">link<\/a>)<\/li>\n<li>Kletterpark Verden (<a href=\"https:\/\/www.kletterpark-verden.de\/\">link<\/a>)<\/li>\n<li>Spielplatz Moorkieker (2km Entfernung): EU-gef\u00f6rderter Naturplatz mit Lehrpfad. Informationen \u00fcber die ehemalige Torfgewinnung im Verdenermoor sowie Spielm\u00f6glichkeiten mit einer 30m langen Seilbahn (auch \u201aHexenflug\u2018 genannt) und eine Kletterkombination aus Naturh\u00f6lzern. (<a href=\"https:\/\/www.google.com\/maps\/uv?hl=de&amp;pb=!1s0x47b0f9378e0af1db:0xc93c0c5399dde9c2!3m1!7e115!4shttps:\/\/lh5.googleusercontent.com\/p\/AF1QipNJ4a0gJx_2Q3rhBVc2WiG0g0P2qolJjvXIchOy%3Dw319-h240-k-no!5sMoorkieker+verdenermoor+-+Google-Suche&amp;imagekey=!1e10!2sAF1QipNJ4a0gJx_2Q3rhBVc2WiG0g0P2qolJjvXIchOy&amp;sa=X&amp;ved=2ahUKEwi9m_LNwbXoAhUI4aQKHfZYDEMQoiowE3oECBgQBg\">link<\/a>)<\/li>\n<\/ul>\n<ul>\n<li>Waldspielplatz in Kirchlinteln<\/li>\n<li>Rudern oder Kanu fahren z. B. auf der B\u00f6hme (<a href=\"https:\/\/www.kanu-on-tour.de\/tagestouren\/boehme\">link<\/a>) oder W\u00fcmme (<a href=\"http:\/\/bootsstation-dorfmark.de\/\">link<\/a>)<\/li>\n<li>Snow-Dome in Bispingen (<a href=\"https:\/\/www.abenteuer-resort.de\/\">link<\/a>)<\/li>\n<li>Kartbahn in Bispingen (<a href=\"https:\/\/www.rs-kartcenter.de\/\">link<\/a>)<\/li>\n<\/ul>\t\t\t    <\/div>\n                                                \n                    <\/div>\n                <\/li>\n                            <li aria-expanded=\"false\">\n                    <div class=\"accordion-title\">\n                        <a href=\"#acc-tb_a06b638-3\">\n                                                        \t\t\t    <span class=\"tb_title_accordion\">Wasser und Badespa\u00df<\/span>\n                        <\/a>\n                    <\/div>\n                    <div id=\"acc-tb_a06b638-3\" class=\"accordion-content clearfix  default-closed\">\n                        \t\t\t    <div  class=\"tb_text_wrap\">\n\t\t\t\t<ul>\n<li>Erreichen der Nordsee in einer Autostunde z. Sahlenburg<\/li>\n<li>Erreichen der Ostsee in zwei Autostunden z. B. Travem\u00fcnde<\/li>\n<li>Verwell \u2013 Erlebnisbad in Verden (<a href=\"https:\/\/www.verwell.de\/\">link<\/a>)<\/li>\n<li>Bullensee zum Schwimmen und Sonnen in ca. 15 km Entfernung<\/li>\n<li>Ronolulu \u2013 Erlebnisbad in Rotenburg\/ W\u00fcmme (<a href=\"https:\/\/www.ronolulu.de\/startseite.html\">link<\/a>)<\/li>\n<li>Schifffahrten auf Aller und Weser (<a href=\"https:\/\/flotte-weser.de\/\">link<\/a>)<\/li>\n<li>Rudern oder Kanu fahren z. B. auf der B\u00f6hme (<a href=\"https:\/\/www.kanu-on-tour.de\/tagestouren\/boehme\">link<\/a>) oder W\u00fcmme (<a href=\"http:\/\/bootsstation-dorfmark.de\/\">link<\/a>)<\/li>\n<li>Thermalbad und Saunalandschaft in Soltau (<a href=\"https:\/\/www.soltau-therme-online.de\">link<\/a>)<\/li>\n<li>Surfen und Wassersport auf der Weser (<a href=\"https:\/\/www.bremen.de\/leben-in-bremen\/sport\/wassersport\">link<\/a>)<\/li>\n<\/ul>\t\t\t    <\/div>\n                                                \n                    <\/div>\n                <\/li>\n                            <li aria-expanded=\"false\">\n                    <div class=\"accordion-title\">\n                        <a href=\"#acc-tb_a06b638-4\">\n                                                        \t\t\t    <span class=\"tb_title_accordion\">Tier-und Freitzeitparks<\/span>\n                        <\/a>\n                    <\/div>\n                    <div id=\"acc-tb_a06b638-4\" class=\"accordion-content clearfix  default-closed\">\n                        \t\t\t    <div  class=\"tb_text_wrap\">\n\t\t\t\t<ul>\n<li>Heidepark Soltau (<a href=\"https:\/\/www.heide-park.de\/\">link<\/a>)<\/li>\n<li>Vogelpark Walsrode (<a href=\"https:\/\/www.weltvogelpark.de\/\">link<\/a>)<\/li>\n<li>Serengeti Park Hodenhagen (<a href=\"https:\/\/www.serengeti-park.de\/\">link<\/a>)<\/li>\n<li>Wildpark L\u00fcneburger Heide (<a href=\"https:\/\/wild-park.de\/\">link<\/a>)<\/li>\n<li>Wildpark Schwarze Berge (<a href=\"https:\/\/www.wildpark-schwarze-berge.de\/\">link<\/a>)<\/li>\n<li>Magic Park Verden (<a href=\"http:\/\/www.ritterrost-magicpark.de\">link<\/a>)<\/li>\n<\/ul>\n<p>\u00a0<\/p>\t\t\t    <\/div>\n                                                \n                    <\/div>\n                <\/li>\n                            <li aria-expanded=\"false\">\n                    <div class=\"accordion-title\">\n                        <a href=\"#acc-tb_a06b638-5\">\n                                                        \t\t\t    <span class=\"tb_title_accordion\">Kultur und Bildung<\/span>\n                        <\/a>\n                    <\/div>\n                    <div id=\"acc-tb_a06b638-5\" class=\"accordion-content clearfix  default-closed\">\n                        \t\t\t    <div  class=\"tb_text_wrap\">\n\t\t\t\t<ul>\n<li>Gotischer Dom zu Verden (<a href=\"https:\/\/www.dom-verden.de\/leben\/dom\/online_fuehrung\">link<\/a>)<\/li>\n<li>Domherrenhaus &#8211; Historisches Museum (<a href=\"https:\/\/www.domherrenhaus.de\/\">link<\/a>)<\/li>\n<li>Deutsches Pferdemuseum (<a href=\"https:\/\/www.dpm-verden.info\/\">link<\/a>)<\/li>\n<li>Historische Altstadt in Verden &#8211;\u00a0 bummeln oder einen Stadtrundgang (<a href=\"https:\/\/www.verden.de\/portal\/seiten\/historischer-stadtrundgang-907000860-20680.html\">link<\/a>)<\/li>\n<li>B\u00fccherei in der Schule Kirchlinteln<\/li>\n<li>Kulturelle Angebote im M\u00fcllerhaus und in Kirchlinteln (<a href=\"https:\/\/www.kulturkreis-lintelner-geest.de\/\">link<\/a>)<\/li>\n<li>Diverse empfehlenswerte St\u00e4dtebesichtigungen, wie Bremen, Verden\/Aller, Celle, etc.<\/li>\n<\/ul>\t\t\t    <\/div>\n                                                \n                    <\/div>\n                <\/li>\n                            <li aria-expanded=\"false\">\n                    <div class=\"accordion-title\">\n                        <a href=\"#acc-tb_a06b638-6\">\n                                                        \t\t\t    <span class=\"tb_title_accordion\">Essen und Speisen<\/span>\n                        <\/a>\n                    <\/div>\n                    <div id=\"acc-tb_a06b638-6\" class=\"accordion-content clearfix  default-closed\">\n                        \t\t\t    <div  class=\"tb_text_wrap\">\n\t\t\t\t<p>Ausreichende Auswahl von delikaten und preisg\u00fcnstigen Restaurants im Umkreis von 5 bis 20 km mit dem Auto oder Fahrrad zu erreichen, z. B. griechische-, italienisch-, deutsche K\u00fcche.<\/p>\t\t\t    <\/div>\n                                                \n                    <\/div>\n                <\/li>\n                    <\/ul>\n\n    <\/div>\n    <!-- \/module accordion -->\n\t        <\/div>\n\t    \t<\/div>\n\t\t    <\/div>\n\t    <!-- \/row_inner -->\n\t<\/div>\n\t<!-- \/module_row -->\n\t<\/div>\n<!-- AddThis Advanced Settings generic via filter on the_content --><!-- AddThis Share Buttons generic via filter on the_content -->","protected":false},"excerpt":{"rendered":"<p>Abenteuer Bauernhof: Angus, Pony, Hasen und Co. Aktivit\u00e4ten auf dem Hof Aktivit\u00e4ten f\u00fcr Kinder Spielplatz Tischtennisplatte Fu\u00dfballtor Mithilfe in der Tierversorgung Attraktionen nach Absprache: Kostenfreies Stockbrot Kostenfreies Ponyreiten: Bitte bringen Sie mindestens einen Fahrradhelm f\u00fcr die Kinder mit. \u00a0 \u00a0 Aktivit\u00e4ten f\u00fcr die gesamte Familie Lagerfeuerplatz Kostenloser Br\u00f6tchen-Bringservice Je nach Witterung wird ein Pool von [&hellip;]<!-- AddThis Advanced Settings generic via filter on get_the_excerpt --><!-- AddThis Share Buttons generic via filter on get_the_excerpt --><\/p>\n","protected":false},"author":2,"featured_media":0,"parent":0,"menu_order":0,"comment_status":"closed","ping_status":"closed","template":"","meta":{"content-type":"","footnotes":""},"class_list":["post-78","page","type-page","status-publish","hentry","has-post-title","has-post-date","has-post-category","has-post-tag","has-post-comment","has-post-author",""],"_links":{"self":[{"href":"https:\/\/der-bauernhofurlaub.de\/index.php?rest_route=\/wp\/v2\/pages\/78","targetHints":{"allow":["GET"]}}],"collection":[{"href":"https:\/\/der-bauernhofurlaub.de\/index.php?rest_route=\/wp\/v2\/pages"}],"about":[{"href":"https:\/\/der-bauernhofurlaub.de\/index.php?rest_route=\/wp\/v2\/types\/page"}],"author":[{"embeddable":true,"href":"https:\/\/der-bauernhofurlaub.de\/index.php?rest_route=\/wp\/v2\/users\/2"}],"replies":[{"embeddable":true,"href":"https:\/\/der-bauernhofurlaub.de\/index.php?rest_route=%2Fwp%2Fv2%2Fcomments&post=78"}],"version-history":[{"count":35,"href":"https:\/\/der-bauernhofurlaub.de\/index.php?rest_route=\/wp\/v2\/pages\/78\/revisions"}],"predecessor-version":[{"id":540,"href":"https:\/\/der-bauernhofurlaub.de\/index.php?rest_route=\/wp\/v2\/pages\/78\/revisions\/540"}],"wp:attachment":[{"href":"https:\/\/der-bauernhofurlaub.de\/index.php?rest_route=%2Fwp%2Fv2%2Fmedia&parent=78"}],"curies":[{"name":"wp","href":"https:\/\/api.w.org\/{rel}","templated":true}]}}