{"id":50,"date":"2020-03-29T17:01:01","date_gmt":"2020-03-29T17:01:01","guid":{"rendered":"http:\/\/der-bauernhofurlaub.de\/?page_id=50"},"modified":"2024-03-04T09:55:55","modified_gmt":"2024-03-04T09:55:55","slug":"the-appartments","status":"publish","type":"page","link":"https:\/\/der-bauernhofurlaub.de\/?page_id=50","title":{"rendered":"The Appartments"},"content":{"rendered":"<div id=\"themify_builder_content-50\" data-postid=\"50\" class=\"themify_builder_content themify_builder_content-50 themify_builder\">\n    \t<!-- module_row -->\n\t<div   class=\"themify_builder_row module_row clearfix builder-parallax-scrolling module_row_0 themify_builder_50_row module_row_50-0 tb_1kgr690\">\n\t    \t    <div class=\"row_inner col_align_top\" >\n\t\t\t<div  class=\"module_column tb-column col-full first tb_50_column module_column_0 module_column_50-0-0 tb_puo7692\">\n\t    \t    \t        <div class=\"tb-column-inner\">\n\t\t            <!-- module fancy heading -->\n    <div  class=\"module module-fancy-heading tb_pvxt953  \">\n\t        <h1 class=\"fancy-heading tb-align-center\">\n        <span  class=\"main-head\">\n            Beschreibung der Wohnungen        <\/span>\n        <span class=\"sub-head tb_hide_divider\">\n                    <\/span>\n\n        <\/h1>\n    <\/div>\n    <!-- \/module fancy heading -->\n\t        <\/div>\n\t    \t<\/div>\n\t\t    <\/div>\n\t    <!-- \/row_inner -->\n\t<\/div>\n\t<!-- \/module_row -->\n\t\t<!-- module_row -->\n\t<div  class=\"themify_builder_row module_row clearfix module_row_1 themify_builder_50_row module_row_50-1 tb_vk4j304\">\n\t    \t    <div class=\"row_inner col_align_top\" >\n\t\t\t<div  class=\"module_column tb-column col2-1 first tb_50_column module_column_0 module_column_50-1-0 tb_e14d305\">\n\t    \t    \t        <div class=\"tb-column-inner\">\n\t\t    <!-- module plain text -->\n<div  class=\"module module-plain-text tb_sjyf137  \">\n        <div class=\"tb_text_wrap\" >\n\t<video width=\"500\"  controls>\n  <source src=\"https:\/\/der-bauernhofurlaub.de\/wp-content\/uploads\/2021\/10\/Natur-4-5.mp4\" type=\"video\/mp4\">\n  <source src=\"movie.ogg\" type=\"video\/ogg\">\n  Your browser does not support the video tag.\n<\/video>    <\/div>\n<\/div>\n<!-- \/module plain text -->\t        <\/div>\n\t    \t<\/div>\n\t\t<div  class=\"module_column tb-column col2-1 last tb_50_column module_column_1 module_column_50-1-1 tb_dfpk305\">\n\t    \t    \t        <div class=\"tb-column-inner\">\n\t\t    <!-- module plain text -->\n<div  class=\"module module-plain-text tb_ro34244  \">\n        <div class=\"tb_text_wrap\" >\n\t<video width=\"500\"  controls>\n  <source src=\"https:\/\/der-bauernhofurlaub.de\/wp-content\/uploads\/2021\/10\/Ferienwohnungen-von-aussen-4-5.mp4\" type=\"video\/mp4\">\n  <source src=\"movie.ogg\" type=\"video\/ogg\">\n  Your browser does not support the video tag.\n<\/video>    <\/div>\n<\/div>\n<!-- \/module plain text -->\t        <\/div>\n\t    \t<\/div>\n\t\t    <\/div>\n\t    <!-- \/row_inner -->\n\t<\/div>\n\t<!-- \/module_row -->\n\t\t<!-- module_row -->\n\t<div   class=\"themify_builder_row module_row clearfix module_row_2 themify_builder_50_row module_row_50-2 tb_fxbg4\">\n\t    \t    <div class=\"row_inner col_align_middle\" >\n\t\t\t<div  class=\"module_column tb-column col2-1 first tb_50_column module_column_0 module_column_50-2-0 tb_uw9v6\">\n\t    \t    \t        <div class=\"tb-column-inner\">\n\t\t    <!-- module text -->\n<div  class=\"module module-text tb_cnoz734  repeat  \">\n            <div  class=\"tb_text_wrap\">\n    <h3>Ferienhaus Ole Peerstall<\/h3>\n<p>Herzlich willkommen im Ferienhaus (Doppelhaush\u00e4lfte) &#8220;Ole Peerstall&#8221;!<\/p>\n<p>\u00a0<\/p>\n<p>Entdecken Sie unser gem\u00fctliches Ferienhaus, erbaut im Jahr 2000, das mit etwa 120 m\u00b2\u00a0 Platz f\u00fcr bis zu 6 Personen bietet. Mit 3 Schlafzimmern, 2 B\u00e4dern, ist dieses Ferienhaus komfortabel und liebevoll eingerichtet. Hier erwartet Sie ein besonderes Ambiente f\u00fcr unvergessliche Urlaubstage.<\/p>\n<p>\u00a0<\/p>\n<p>Ausstattung im \u00dcberblick:<\/p>\n<p>\u00a0<\/p>\n<ul>\n<li>3 Schlafzimmer: Gro\u00dfz\u00fcgige Schlafzimmer bieten erholsamen Schlaf f\u00fcr bis zu 6 Personen.<\/li>\n<li>2 B\u00e4der: Zwei B\u00e4der f\u00fcr zus\u00e4tzlichen Komfort und Privatsph\u00e4re.<\/li>\n<li>Fu\u00dfbodenheizung und Kaminofen: Genie\u00dfen Sie kuschelige W\u00e4rme an kalten Tagen.<\/li>\n<li>Helle R\u00e4ume mit Panoramablick: Erleben Sie eine lichtdurchflutete Atmosph\u00e4re mit herrlichem Ausblick.<\/li>\n<li>Voll ausgestattete K\u00fcche: Backofen, zahlreiche Elektroger\u00e4te, Sp\u00fcl- und Waschmaschine, Mikrowelle, Kaffeemaschine \u2013 alles f\u00fcr Ihre kulinarischen Bed\u00fcrfnisse.<\/li>\n<\/ul>    <\/div>\n<\/div>\n<!-- \/module text -->\n\t        <\/div>\n\t    \t<\/div>\n\t\t<div  class=\"module_column tb-column col2-1 last tb_50_column module_column_1 module_column_50-2-1 tb_tdmu7\">\n\t    \t    \t        <div class=\"tb-column-inner\">\n\t\t        <!-- module gallery -->\n    <div  class=\"module gallery module-gallery tb_1cii622 gallery-columns-2  layout-slider rounded drop-shadow  \">\n\t                \n<ul class=\"themify_builder_slider\"\n\tdata-id=\"tb_1cii622\"\n\tdata-visible=\"1\" \n\tdata-mob-visible=\"1\"\n\tdata-scroll=\"1\" \n\tdata-auto-scroll=\"4\"\n\tdata-speed=\"1\"\n\tdata-wrap=\"yes\"\n\tdata-arrow=\"\"\n\tdata-pagination=\"0\"\n\tdata-effect=\"scroll\" \n\tdata-height=\"variable\"\n\tdata-sync=\"#tb_1cii622-thumbs\"\tdata-pause-on-hover=\"resume\">\n\n\t<li data-index=\"0\">\n\t<div class=\"slide-inner-wrap\">\n\t\t<div class=\"slide-image gallery-icon\"><a href=\"https:\/\/der-bauernhofurlaub.de\/wp-content\/uploads\/2021\/09\/Ferienhaus-1_von_aussen_2-scaled.jpg\" class=\"themify_lightbox\"><img loading=\"lazy\" decoding=\"async\" width=\"2560\" height=\"1707\" src=\"https:\/\/der-bauernhofurlaub.de\/wp-content\/uploads\/2021\/09\/Ferienhaus-1_von_aussen_2-scaled.jpg\" class=\" wp-post-image wp-image-429\" alt=\"Ferienhaus 1_von_aussen_2\" srcset=\"https:\/\/der-bauernhofurlaub.de\/wp-content\/uploads\/2021\/09\/Ferienhaus-1_von_aussen_2-scaled.jpg 2560w, https:\/\/der-bauernhofurlaub.de\/wp-content\/uploads\/2021\/09\/Ferienhaus-1_von_aussen_2-300x200.jpg 300w, https:\/\/der-bauernhofurlaub.de\/wp-content\/uploads\/2021\/09\/Ferienhaus-1_von_aussen_2-1024x683.jpg 1024w, https:\/\/der-bauernhofurlaub.de\/wp-content\/uploads\/2021\/09\/Ferienhaus-1_von_aussen_2-768x512.jpg 768w, https:\/\/der-bauernhofurlaub.de\/wp-content\/uploads\/2021\/09\/Ferienhaus-1_von_aussen_2-1536x1024.jpg 1536w, https:\/\/der-bauernhofurlaub.de\/wp-content\/uploads\/2021\/09\/Ferienhaus-1_von_aussen_2-2048x1365.jpg 2048w, https:\/\/der-bauernhofurlaub.de\/wp-content\/uploads\/2021\/09\/Ferienhaus-1_von_aussen_2-1024x683-149x100.jpg 149w\" sizes=\"auto, (max-width: 2560px) 100vw, 2560px\" \/><\/a>\t\t<\/div>\n\t\t\t<\/div><\/li>\n\t<li data-index=\"1\">\n\t<div class=\"slide-inner-wrap\">\n\t\t<div class=\"slide-image gallery-icon\"><a href=\"https:\/\/der-bauernhofurlaub.de\/wp-content\/uploads\/2021\/09\/Ferienhaus-1_von_aussen_3-scaled.jpg\" class=\"themify_lightbox\"><img loading=\"lazy\" decoding=\"async\" width=\"2560\" height=\"1707\" src=\"https:\/\/der-bauernhofurlaub.de\/wp-content\/uploads\/2021\/09\/Ferienhaus-1_von_aussen_3-scaled.jpg\" class=\" wp-post-image wp-image-430\" alt=\"Ferienhaus 1_von_aussen_3\" srcset=\"https:\/\/der-bauernhofurlaub.de\/wp-content\/uploads\/2021\/09\/Ferienhaus-1_von_aussen_3-scaled.jpg 2560w, https:\/\/der-bauernhofurlaub.de\/wp-content\/uploads\/2021\/09\/Ferienhaus-1_von_aussen_3-300x200.jpg 300w, https:\/\/der-bauernhofurlaub.de\/wp-content\/uploads\/2021\/09\/Ferienhaus-1_von_aussen_3-1024x683.jpg 1024w, https:\/\/der-bauernhofurlaub.de\/wp-content\/uploads\/2021\/09\/Ferienhaus-1_von_aussen_3-768x512.jpg 768w, https:\/\/der-bauernhofurlaub.de\/wp-content\/uploads\/2021\/09\/Ferienhaus-1_von_aussen_3-1536x1024.jpg 1536w, https:\/\/der-bauernhofurlaub.de\/wp-content\/uploads\/2021\/09\/Ferienhaus-1_von_aussen_3-2048x1365.jpg 2048w, https:\/\/der-bauernhofurlaub.de\/wp-content\/uploads\/2021\/09\/Ferienhaus-1_von_aussen_3-1024x683-149x100.jpg 149w\" sizes=\"auto, (max-width: 2560px) 100vw, 2560px\" \/><\/a>\t\t<\/div>\n\t\t\t<\/div><\/li>\n\t<li data-index=\"2\">\n\t<div class=\"slide-inner-wrap\">\n\t\t<div class=\"slide-image gallery-icon\"><a href=\"https:\/\/der-bauernhofurlaub.de\/wp-content\/uploads\/2021\/09\/Ferienhaus-1_Terasse_2-scaled.jpg\" class=\"themify_lightbox\"><img loading=\"lazy\" decoding=\"async\" width=\"2560\" height=\"1707\" src=\"https:\/\/der-bauernhofurlaub.de\/wp-content\/uploads\/2021\/09\/Ferienhaus-1_Terasse_2-scaled.jpg\" class=\" wp-post-image wp-image-424\" alt=\"Ferienhaus 1_Terasse_2\" srcset=\"https:\/\/der-bauernhofurlaub.de\/wp-content\/uploads\/2021\/09\/Ferienhaus-1_Terasse_2-scaled.jpg 2560w, https:\/\/der-bauernhofurlaub.de\/wp-content\/uploads\/2021\/09\/Ferienhaus-1_Terasse_2-300x200.jpg 300w, https:\/\/der-bauernhofurlaub.de\/wp-content\/uploads\/2021\/09\/Ferienhaus-1_Terasse_2-1024x683.jpg 1024w, https:\/\/der-bauernhofurlaub.de\/wp-content\/uploads\/2021\/09\/Ferienhaus-1_Terasse_2-768x512.jpg 768w, https:\/\/der-bauernhofurlaub.de\/wp-content\/uploads\/2021\/09\/Ferienhaus-1_Terasse_2-1536x1024.jpg 1536w, https:\/\/der-bauernhofurlaub.de\/wp-content\/uploads\/2021\/09\/Ferienhaus-1_Terasse_2-2048x1365.jpg 2048w, https:\/\/der-bauernhofurlaub.de\/wp-content\/uploads\/2021\/09\/Ferienhaus-1_Terasse_2-1024x683-149x100.jpg 149w\" sizes=\"auto, (max-width: 2560px) 100vw, 2560px\" \/><\/a>\t\t<\/div>\n\t\t\t<\/div><\/li>\n\t<li data-index=\"3\">\n\t<div class=\"slide-inner-wrap\">\n\t\t<div class=\"slide-image gallery-icon\"><a href=\"https:\/\/der-bauernhofurlaub.de\/wp-content\/uploads\/2021\/09\/Ferienhaus-1_Terasse_1-scaled.jpg\" class=\"themify_lightbox\"><img loading=\"lazy\" decoding=\"async\" width=\"2560\" height=\"1707\" src=\"https:\/\/der-bauernhofurlaub.de\/wp-content\/uploads\/2021\/09\/Ferienhaus-1_Terasse_1-scaled.jpg\" class=\" wp-post-image wp-image-423\" alt=\"Ferienhaus 1_Terasse_1\" srcset=\"https:\/\/der-bauernhofurlaub.de\/wp-content\/uploads\/2021\/09\/Ferienhaus-1_Terasse_1-scaled.jpg 2560w, https:\/\/der-bauernhofurlaub.de\/wp-content\/uploads\/2021\/09\/Ferienhaus-1_Terasse_1-300x200.jpg 300w, https:\/\/der-bauernhofurlaub.de\/wp-content\/uploads\/2021\/09\/Ferienhaus-1_Terasse_1-1024x683.jpg 1024w, https:\/\/der-bauernhofurlaub.de\/wp-content\/uploads\/2021\/09\/Ferienhaus-1_Terasse_1-768x512.jpg 768w, https:\/\/der-bauernhofurlaub.de\/wp-content\/uploads\/2021\/09\/Ferienhaus-1_Terasse_1-1536x1024.jpg 1536w, https:\/\/der-bauernhofurlaub.de\/wp-content\/uploads\/2021\/09\/Ferienhaus-1_Terasse_1-2048x1365.jpg 2048w, https:\/\/der-bauernhofurlaub.de\/wp-content\/uploads\/2021\/09\/Ferienhaus-1_Terasse_1-1024x683-149x100.jpg 149w\" sizes=\"auto, (max-width: 2560px) 100vw, 2560px\" \/><\/a>\t\t<\/div>\n\t\t\t<\/div><\/li>\n\t<li data-index=\"4\">\n\t<div class=\"slide-inner-wrap\">\n\t\t<div class=\"slide-image gallery-icon\"><a href=\"https:\/\/der-bauernhofurlaub.de\/wp-content\/uploads\/2021\/09\/Ferienhaus-1_Schlafzimmer_Ausblick-scaled.jpg\" class=\"themify_lightbox\"><img loading=\"lazy\" decoding=\"async\" width=\"2560\" height=\"1707\" src=\"https:\/\/der-bauernhofurlaub.de\/wp-content\/uploads\/2021\/09\/Ferienhaus-1_Schlafzimmer_Ausblick-scaled.jpg\" class=\" wp-post-image wp-image-421\" alt=\"Ferienhaus 1_Schlafzimmer_Ausblick\" srcset=\"https:\/\/der-bauernhofurlaub.de\/wp-content\/uploads\/2021\/09\/Ferienhaus-1_Schlafzimmer_Ausblick-scaled.jpg 2560w, https:\/\/der-bauernhofurlaub.de\/wp-content\/uploads\/2021\/09\/Ferienhaus-1_Schlafzimmer_Ausblick-300x200.jpg 300w, https:\/\/der-bauernhofurlaub.de\/wp-content\/uploads\/2021\/09\/Ferienhaus-1_Schlafzimmer_Ausblick-1024x683.jpg 1024w, https:\/\/der-bauernhofurlaub.de\/wp-content\/uploads\/2021\/09\/Ferienhaus-1_Schlafzimmer_Ausblick-768x512.jpg 768w, https:\/\/der-bauernhofurlaub.de\/wp-content\/uploads\/2021\/09\/Ferienhaus-1_Schlafzimmer_Ausblick-1536x1024.jpg 1536w, https:\/\/der-bauernhofurlaub.de\/wp-content\/uploads\/2021\/09\/Ferienhaus-1_Schlafzimmer_Ausblick-2048x1365.jpg 2048w, https:\/\/der-bauernhofurlaub.de\/wp-content\/uploads\/2021\/09\/Ferienhaus-1_Schlafzimmer_Ausblick-1024x683-149x100.jpg 149w\" sizes=\"auto, (max-width: 2560px) 100vw, 2560px\" \/><\/a>\t\t<\/div>\n\t\t\t<\/div><\/li>\n\t<li data-index=\"5\">\n\t<div class=\"slide-inner-wrap\">\n\t\t<div class=\"slide-image gallery-icon\"><a href=\"https:\/\/der-bauernhofurlaub.de\/wp-content\/uploads\/2021\/09\/Ferienhaus-1_Badezimmer_Ausblick-scaled.jpg\" class=\"themify_lightbox\"><img loading=\"lazy\" decoding=\"async\" width=\"2560\" height=\"1707\" src=\"https:\/\/der-bauernhofurlaub.de\/wp-content\/uploads\/2021\/09\/Ferienhaus-1_Badezimmer_Ausblick-scaled.jpg\" class=\" wp-post-image wp-image-412\" alt=\"Ferienhaus 1_Badezimmer_Ausblick\" srcset=\"https:\/\/der-bauernhofurlaub.de\/wp-content\/uploads\/2021\/09\/Ferienhaus-1_Badezimmer_Ausblick-scaled.jpg 2560w, https:\/\/der-bauernhofurlaub.de\/wp-content\/uploads\/2021\/09\/Ferienhaus-1_Badezimmer_Ausblick-300x200.jpg 300w, https:\/\/der-bauernhofurlaub.de\/wp-content\/uploads\/2021\/09\/Ferienhaus-1_Badezimmer_Ausblick-1024x683.jpg 1024w, https:\/\/der-bauernhofurlaub.de\/wp-content\/uploads\/2021\/09\/Ferienhaus-1_Badezimmer_Ausblick-768x512.jpg 768w, https:\/\/der-bauernhofurlaub.de\/wp-content\/uploads\/2021\/09\/Ferienhaus-1_Badezimmer_Ausblick-1536x1024.jpg 1536w, https:\/\/der-bauernhofurlaub.de\/wp-content\/uploads\/2021\/09\/Ferienhaus-1_Badezimmer_Ausblick-2048x1365.jpg 2048w, https:\/\/der-bauernhofurlaub.de\/wp-content\/uploads\/2021\/09\/Ferienhaus-1_Badezimmer_Ausblick-1024x683-149x100.jpg 149w\" sizes=\"auto, (max-width: 2560px) 100vw, 2560px\" \/><\/a>\t\t<\/div>\n\t\t\t<\/div><\/li>\n\t<li data-index=\"6\">\n\t<div class=\"slide-inner-wrap\">\n\t\t<div class=\"slide-image gallery-icon\"><a href=\"https:\/\/der-bauernhofurlaub.de\/wp-content\/uploads\/2021\/09\/Ferienhaus-1_Flur_Schild-scaled.jpeg\" class=\"themify_lightbox\"><img loading=\"lazy\" decoding=\"async\" width=\"2560\" height=\"1707\" src=\"https:\/\/der-bauernhofurlaub.de\/wp-content\/uploads\/2021\/09\/Ferienhaus-1_Flur_Schild-scaled.jpeg\" class=\" wp-post-image wp-image-414\" alt=\"Ferienhaus 1_Flur_Schild\" srcset=\"https:\/\/der-bauernhofurlaub.de\/wp-content\/uploads\/2021\/09\/Ferienhaus-1_Flur_Schild-scaled.jpeg 2560w, https:\/\/der-bauernhofurlaub.de\/wp-content\/uploads\/2021\/09\/Ferienhaus-1_Flur_Schild-300x200.jpeg 300w, https:\/\/der-bauernhofurlaub.de\/wp-content\/uploads\/2021\/09\/Ferienhaus-1_Flur_Schild-1024x683.jpeg 1024w, https:\/\/der-bauernhofurlaub.de\/wp-content\/uploads\/2021\/09\/Ferienhaus-1_Flur_Schild-768x512.jpeg 768w, https:\/\/der-bauernhofurlaub.de\/wp-content\/uploads\/2021\/09\/Ferienhaus-1_Flur_Schild-1536x1024.jpeg 1536w, https:\/\/der-bauernhofurlaub.de\/wp-content\/uploads\/2021\/09\/Ferienhaus-1_Flur_Schild-2048x1365.jpeg 2048w, https:\/\/der-bauernhofurlaub.de\/wp-content\/uploads\/2021\/09\/Ferienhaus-1_Flur_Schild-1024x683-149x100.jpeg 149w\" sizes=\"auto, (max-width: 2560px) 100vw, 2560px\" \/><\/a>\t\t<\/div>\n\t\t\t<\/div><\/li>\n\t<li data-index=\"7\">\n\t<div class=\"slide-inner-wrap\">\n\t\t<div class=\"slide-image gallery-icon\"><a href=\"https:\/\/der-bauernhofurlaub.de\/wp-content\/uploads\/2021\/09\/Ferienhaus-1_Flur_Vase-scaled.jpeg\" class=\"themify_lightbox\"><img loading=\"lazy\" decoding=\"async\" width=\"2560\" height=\"1706\" src=\"https:\/\/der-bauernhofurlaub.de\/wp-content\/uploads\/2021\/09\/Ferienhaus-1_Flur_Vase-scaled.jpeg\" class=\" wp-post-image wp-image-415\" alt=\"Ferienhaus 1_Flur_Vase\" srcset=\"https:\/\/der-bauernhofurlaub.de\/wp-content\/uploads\/2021\/09\/Ferienhaus-1_Flur_Vase-scaled.jpeg 2560w, https:\/\/der-bauernhofurlaub.de\/wp-content\/uploads\/2021\/09\/Ferienhaus-1_Flur_Vase-300x200.jpeg 300w, https:\/\/der-bauernhofurlaub.de\/wp-content\/uploads\/2021\/09\/Ferienhaus-1_Flur_Vase-1024x683.jpeg 1024w, https:\/\/der-bauernhofurlaub.de\/wp-content\/uploads\/2021\/09\/Ferienhaus-1_Flur_Vase-768x512.jpeg 768w, https:\/\/der-bauernhofurlaub.de\/wp-content\/uploads\/2021\/09\/Ferienhaus-1_Flur_Vase-1536x1024.jpeg 1536w, https:\/\/der-bauernhofurlaub.de\/wp-content\/uploads\/2021\/09\/Ferienhaus-1_Flur_Vase-2048x1365.jpeg 2048w, https:\/\/der-bauernhofurlaub.de\/wp-content\/uploads\/2021\/09\/Ferienhaus-1_Flur_Vase-1024x683-149x100.jpeg 149w\" sizes=\"auto, (max-width: 2560px) 100vw, 2560px\" \/><\/a>\t\t<\/div>\n\t\t\t<\/div><\/li>\n\t<li data-index=\"8\">\n\t<div class=\"slide-inner-wrap\">\n\t\t<div class=\"slide-image gallery-icon\"><a href=\"https:\/\/der-bauernhofurlaub.de\/wp-content\/uploads\/2021\/09\/Ferienhaus-1_Ku\u0308che_Tablett-scaled.jpeg\" class=\"themify_lightbox\"><img loading=\"lazy\" decoding=\"async\" width=\"2560\" height=\"1707\" src=\"https:\/\/der-bauernhofurlaub.de\/wp-content\/uploads\/2021\/09\/Ferienhaus-1_Ku\u0308che_Tablett-scaled.jpeg\" class=\" wp-post-image wp-image-418\" alt=\"Ferienhaus 1_Ku\u0308che_Tablett\" srcset=\"https:\/\/der-bauernhofurlaub.de\/wp-content\/uploads\/2021\/09\/Ferienhaus-1_Ku\u0308che_Tablett-scaled.jpeg 2560w, https:\/\/der-bauernhofurlaub.de\/wp-content\/uploads\/2021\/09\/Ferienhaus-1_Ku\u0308che_Tablett-300x200.jpeg 300w, https:\/\/der-bauernhofurlaub.de\/wp-content\/uploads\/2021\/09\/Ferienhaus-1_Ku\u0308che_Tablett-1024x683.jpeg 1024w, https:\/\/der-bauernhofurlaub.de\/wp-content\/uploads\/2021\/09\/Ferienhaus-1_Ku\u0308che_Tablett-768x512.jpeg 768w, https:\/\/der-bauernhofurlaub.de\/wp-content\/uploads\/2021\/09\/Ferienhaus-1_Ku\u0308che_Tablett-1536x1024.jpeg 1536w, https:\/\/der-bauernhofurlaub.de\/wp-content\/uploads\/2021\/09\/Ferienhaus-1_Ku\u0308che_Tablett-2048x1365.jpeg 2048w, https:\/\/der-bauernhofurlaub.de\/wp-content\/uploads\/2021\/09\/Ferienhaus-1_Ku\u0308che_Tablett-1024x683-149x100.jpeg 149w\" sizes=\"auto, (max-width: 2560px) 100vw, 2560px\" \/><\/a>\t\t<\/div>\n\t\t\t<\/div><\/li>\n\t<li data-index=\"9\">\n\t<div class=\"slide-inner-wrap\">\n\t\t<div class=\"slide-image gallery-icon\"><a href=\"https:\/\/der-bauernhofurlaub.de\/wp-content\/uploads\/2021\/09\/Ferienhaus-1_Badezimmer-scaled.jpg\" class=\"themify_lightbox\"><img loading=\"lazy\" decoding=\"async\" width=\"2560\" height=\"1707\" src=\"https:\/\/der-bauernhofurlaub.de\/wp-content\/uploads\/2021\/09\/Ferienhaus-1_Badezimmer-scaled.jpg\" class=\" wp-post-image wp-image-409\" alt=\"Ferienhaus 1_Badezimmer\" srcset=\"https:\/\/der-bauernhofurlaub.de\/wp-content\/uploads\/2021\/09\/Ferienhaus-1_Badezimmer-scaled.jpg 2560w, https:\/\/der-bauernhofurlaub.de\/wp-content\/uploads\/2021\/09\/Ferienhaus-1_Badezimmer-300x200.jpg 300w, https:\/\/der-bauernhofurlaub.de\/wp-content\/uploads\/2021\/09\/Ferienhaus-1_Badezimmer-1024x683.jpg 1024w, https:\/\/der-bauernhofurlaub.de\/wp-content\/uploads\/2021\/09\/Ferienhaus-1_Badezimmer-768x512.jpg 768w, https:\/\/der-bauernhofurlaub.de\/wp-content\/uploads\/2021\/09\/Ferienhaus-1_Badezimmer-1536x1024.jpg 1536w, https:\/\/der-bauernhofurlaub.de\/wp-content\/uploads\/2021\/09\/Ferienhaus-1_Badezimmer-2048x1365.jpg 2048w, https:\/\/der-bauernhofurlaub.de\/wp-content\/uploads\/2021\/09\/Ferienhaus-1_Badezimmer-1024x683-149x100.jpg 149w\" sizes=\"auto, (max-width: 2560px) 100vw, 2560px\" \/><\/a>\t\t<\/div>\n\t\t\t<\/div><\/li>\n\t<li data-index=\"10\">\n\t<div class=\"slide-inner-wrap\">\n\t\t<div class=\"slide-image gallery-icon\"><a href=\"https:\/\/der-bauernhofurlaub.de\/wp-content\/uploads\/2021\/09\/Ferienhaus-1_Badezimmer_1-scaled.jpg\" class=\"themify_lightbox\"><img loading=\"lazy\" decoding=\"async\" width=\"2560\" height=\"1707\" src=\"https:\/\/der-bauernhofurlaub.de\/wp-content\/uploads\/2021\/09\/Ferienhaus-1_Badezimmer_1-scaled.jpg\" class=\" wp-post-image wp-image-410\" alt=\"Ferienhaus 1_Badezimmer_1\" srcset=\"https:\/\/der-bauernhofurlaub.de\/wp-content\/uploads\/2021\/09\/Ferienhaus-1_Badezimmer_1-scaled.jpg 2560w, https:\/\/der-bauernhofurlaub.de\/wp-content\/uploads\/2021\/09\/Ferienhaus-1_Badezimmer_1-300x200.jpg 300w, https:\/\/der-bauernhofurlaub.de\/wp-content\/uploads\/2021\/09\/Ferienhaus-1_Badezimmer_1-1024x683.jpg 1024w, https:\/\/der-bauernhofurlaub.de\/wp-content\/uploads\/2021\/09\/Ferienhaus-1_Badezimmer_1-768x512.jpg 768w, https:\/\/der-bauernhofurlaub.de\/wp-content\/uploads\/2021\/09\/Ferienhaus-1_Badezimmer_1-1536x1024.jpg 1536w, https:\/\/der-bauernhofurlaub.de\/wp-content\/uploads\/2021\/09\/Ferienhaus-1_Badezimmer_1-2048x1365.jpg 2048w, https:\/\/der-bauernhofurlaub.de\/wp-content\/uploads\/2021\/09\/Ferienhaus-1_Badezimmer_1-1024x683-149x100.jpg 149w\" sizes=\"auto, (max-width: 2560px) 100vw, 2560px\" \/><\/a>\t\t<\/div>\n\t\t\t<\/div><\/li>\n\t<li data-index=\"11\">\n\t<div class=\"slide-inner-wrap\">\n\t\t<div class=\"slide-image gallery-icon\"><a href=\"https:\/\/der-bauernhofurlaub.de\/wp-content\/uploads\/2021\/09\/Ferienhaus-1_Flur-scaled.jpg\" class=\"themify_lightbox\"><img loading=\"lazy\" decoding=\"async\" width=\"2560\" height=\"1707\" src=\"https:\/\/der-bauernhofurlaub.de\/wp-content\/uploads\/2021\/09\/Ferienhaus-1_Flur-scaled.jpg\" class=\" wp-post-image wp-image-413\" alt=\"Ferienhaus 1_Flur\" srcset=\"https:\/\/der-bauernhofurlaub.de\/wp-content\/uploads\/2021\/09\/Ferienhaus-1_Flur-scaled.jpg 2560w, https:\/\/der-bauernhofurlaub.de\/wp-content\/uploads\/2021\/09\/Ferienhaus-1_Flur-300x200.jpg 300w, https:\/\/der-bauernhofurlaub.de\/wp-content\/uploads\/2021\/09\/Ferienhaus-1_Flur-1024x683.jpg 1024w, https:\/\/der-bauernhofurlaub.de\/wp-content\/uploads\/2021\/09\/Ferienhaus-1_Flur-768x512.jpg 768w, https:\/\/der-bauernhofurlaub.de\/wp-content\/uploads\/2021\/09\/Ferienhaus-1_Flur-1536x1024.jpg 1536w, https:\/\/der-bauernhofurlaub.de\/wp-content\/uploads\/2021\/09\/Ferienhaus-1_Flur-2048x1365.jpg 2048w, https:\/\/der-bauernhofurlaub.de\/wp-content\/uploads\/2021\/09\/Ferienhaus-1_Flur-1024x683-149x100.jpg 149w\" sizes=\"auto, (max-width: 2560px) 100vw, 2560px\" \/><\/a>\t\t<\/div>\n\t\t\t<\/div><\/li>\n\t<li data-index=\"12\">\n\t<div class=\"slide-inner-wrap\">\n\t\t<div class=\"slide-image gallery-icon\"><a href=\"https:\/\/der-bauernhofurlaub.de\/wp-content\/uploads\/2021\/09\/Ferienhaus-1_Badezimmer_2-scaled.jpg\" class=\"themify_lightbox\"><img loading=\"lazy\" decoding=\"async\" width=\"2560\" height=\"1707\" src=\"https:\/\/der-bauernhofurlaub.de\/wp-content\/uploads\/2021\/09\/Ferienhaus-1_Badezimmer_2-scaled.jpg\" class=\" wp-post-image wp-image-411\" alt=\"Ferienhaus 1_Badezimmer_2\" srcset=\"https:\/\/der-bauernhofurlaub.de\/wp-content\/uploads\/2021\/09\/Ferienhaus-1_Badezimmer_2-scaled.jpg 2560w, https:\/\/der-bauernhofurlaub.de\/wp-content\/uploads\/2021\/09\/Ferienhaus-1_Badezimmer_2-300x200.jpg 300w, https:\/\/der-bauernhofurlaub.de\/wp-content\/uploads\/2021\/09\/Ferienhaus-1_Badezimmer_2-1024x683.jpg 1024w, https:\/\/der-bauernhofurlaub.de\/wp-content\/uploads\/2021\/09\/Ferienhaus-1_Badezimmer_2-768x512.jpg 768w, https:\/\/der-bauernhofurlaub.de\/wp-content\/uploads\/2021\/09\/Ferienhaus-1_Badezimmer_2-1536x1024.jpg 1536w, https:\/\/der-bauernhofurlaub.de\/wp-content\/uploads\/2021\/09\/Ferienhaus-1_Badezimmer_2-2048x1365.jpg 2048w, https:\/\/der-bauernhofurlaub.de\/wp-content\/uploads\/2021\/09\/Ferienhaus-1_Badezimmer_2-1024x683-149x100.jpg 149w\" sizes=\"auto, (max-width: 2560px) 100vw, 2560px\" \/><\/a>\t\t<\/div>\n\t\t\t<\/div><\/li>\n\t<li data-index=\"13\">\n\t<div class=\"slide-inner-wrap\">\n\t\t<div class=\"slide-image gallery-icon\"><a href=\"https:\/\/der-bauernhofurlaub.de\/wp-content\/uploads\/2021\/09\/Ferienhaus-1_Ku\u0308che-scaled.jpg\" class=\"themify_lightbox\"><img loading=\"lazy\" decoding=\"async\" width=\"2560\" height=\"1707\" src=\"https:\/\/der-bauernhofurlaub.de\/wp-content\/uploads\/2021\/09\/Ferienhaus-1_Ku\u0308che-scaled.jpg\" class=\" wp-post-image wp-image-417\" alt=\"Ferienhaus 1_Ku\u0308che\" srcset=\"https:\/\/der-bauernhofurlaub.de\/wp-content\/uploads\/2021\/09\/Ferienhaus-1_Ku\u0308che-scaled.jpg 2560w, https:\/\/der-bauernhofurlaub.de\/wp-content\/uploads\/2021\/09\/Ferienhaus-1_Ku\u0308che-300x200.jpg 300w, https:\/\/der-bauernhofurlaub.de\/wp-content\/uploads\/2021\/09\/Ferienhaus-1_Ku\u0308che-1024x683.jpg 1024w, https:\/\/der-bauernhofurlaub.de\/wp-content\/uploads\/2021\/09\/Ferienhaus-1_Ku\u0308che-768x512.jpg 768w, https:\/\/der-bauernhofurlaub.de\/wp-content\/uploads\/2021\/09\/Ferienhaus-1_Ku\u0308che-1536x1024.jpg 1536w, https:\/\/der-bauernhofurlaub.de\/wp-content\/uploads\/2021\/09\/Ferienhaus-1_Ku\u0308che-2048x1365.jpg 2048w, https:\/\/der-bauernhofurlaub.de\/wp-content\/uploads\/2021\/09\/Ferienhaus-1_Ku\u0308che-1024x683-149x100.jpg 149w\" sizes=\"auto, (max-width: 2560px) 100vw, 2560px\" \/><\/a>\t\t<\/div>\n\t\t\t<\/div><\/li>\n\t<li data-index=\"14\">\n\t<div class=\"slide-inner-wrap\">\n\t\t<div class=\"slide-image gallery-icon\"><a href=\"https:\/\/der-bauernhofurlaub.de\/wp-content\/uploads\/2021\/09\/Ferienhaus-1_Schlafzimmer_1_Bett-scaled.jpg\" class=\"themify_lightbox\"><img loading=\"lazy\" decoding=\"async\" width=\"2560\" height=\"1707\" src=\"https:\/\/der-bauernhofurlaub.de\/wp-content\/uploads\/2021\/09\/Ferienhaus-1_Schlafzimmer_1_Bett-scaled.jpg\" class=\" wp-post-image wp-image-419\" alt=\"Ferienhaus 1_Schlafzimmer_1_Bett\" srcset=\"https:\/\/der-bauernhofurlaub.de\/wp-content\/uploads\/2021\/09\/Ferienhaus-1_Schlafzimmer_1_Bett-scaled.jpg 2560w, https:\/\/der-bauernhofurlaub.de\/wp-content\/uploads\/2021\/09\/Ferienhaus-1_Schlafzimmer_1_Bett-300x200.jpg 300w, https:\/\/der-bauernhofurlaub.de\/wp-content\/uploads\/2021\/09\/Ferienhaus-1_Schlafzimmer_1_Bett-1024x683.jpg 1024w, https:\/\/der-bauernhofurlaub.de\/wp-content\/uploads\/2021\/09\/Ferienhaus-1_Schlafzimmer_1_Bett-768x512.jpg 768w, https:\/\/der-bauernhofurlaub.de\/wp-content\/uploads\/2021\/09\/Ferienhaus-1_Schlafzimmer_1_Bett-1536x1024.jpg 1536w, https:\/\/der-bauernhofurlaub.de\/wp-content\/uploads\/2021\/09\/Ferienhaus-1_Schlafzimmer_1_Bett-2048x1365.jpg 2048w, https:\/\/der-bauernhofurlaub.de\/wp-content\/uploads\/2021\/09\/Ferienhaus-1_Schlafzimmer_1_Bett-1024x683-149x100.jpg 149w\" sizes=\"auto, (max-width: 2560px) 100vw, 2560px\" \/><\/a>\t\t<\/div>\n\t\t\t<\/div><\/li>\n\t<li data-index=\"15\">\n\t<div class=\"slide-inner-wrap\">\n\t\t<div class=\"slide-image gallery-icon\"><a href=\"https:\/\/der-bauernhofurlaub.de\/wp-content\/uploads\/2021\/09\/Ferienhaus-1_Ga\u0308stezimmer_Bett-scaled.jpg\" class=\"themify_lightbox\"><img loading=\"lazy\" decoding=\"async\" width=\"2560\" height=\"1707\" src=\"https:\/\/der-bauernhofurlaub.de\/wp-content\/uploads\/2021\/09\/Ferienhaus-1_Ga\u0308stezimmer_Bett-scaled.jpg\" class=\" wp-post-image wp-image-416\" alt=\"Ferienhaus 1_Ga\u0308stezimmer_Bett\" srcset=\"https:\/\/der-bauernhofurlaub.de\/wp-content\/uploads\/2021\/09\/Ferienhaus-1_Ga\u0308stezimmer_Bett-scaled.jpg 2560w, https:\/\/der-bauernhofurlaub.de\/wp-content\/uploads\/2021\/09\/Ferienhaus-1_Ga\u0308stezimmer_Bett-300x200.jpg 300w, https:\/\/der-bauernhofurlaub.de\/wp-content\/uploads\/2021\/09\/Ferienhaus-1_Ga\u0308stezimmer_Bett-1024x683.jpg 1024w, https:\/\/der-bauernhofurlaub.de\/wp-content\/uploads\/2021\/09\/Ferienhaus-1_Ga\u0308stezimmer_Bett-768x512.jpg 768w, https:\/\/der-bauernhofurlaub.de\/wp-content\/uploads\/2021\/09\/Ferienhaus-1_Ga\u0308stezimmer_Bett-1536x1024.jpg 1536w, https:\/\/der-bauernhofurlaub.de\/wp-content\/uploads\/2021\/09\/Ferienhaus-1_Ga\u0308stezimmer_Bett-2048x1365.jpg 2048w, https:\/\/der-bauernhofurlaub.de\/wp-content\/uploads\/2021\/09\/Ferienhaus-1_Ga\u0308stezimmer_Bett-1024x683-149x100.jpg 149w\" sizes=\"auto, (max-width: 2560px) 100vw, 2560px\" \/><\/a>\t\t<\/div>\n\t\t\t<\/div><\/li>\n\t<li data-index=\"16\">\n\t<div class=\"slide-inner-wrap\">\n\t\t<div class=\"slide-image gallery-icon\"><a href=\"https:\/\/der-bauernhofurlaub.de\/wp-content\/uploads\/2021\/09\/Ferienhaus-1_Schlafzimmer_2_Bett-scaled.jpg\" class=\"themify_lightbox\"><img loading=\"lazy\" decoding=\"async\" width=\"2560\" height=\"1707\" src=\"https:\/\/der-bauernhofurlaub.de\/wp-content\/uploads\/2021\/09\/Ferienhaus-1_Schlafzimmer_2_Bett-scaled.jpg\" class=\" wp-post-image wp-image-420\" alt=\"Ferienhaus 1_Schlafzimmer_2_Bett\" srcset=\"https:\/\/der-bauernhofurlaub.de\/wp-content\/uploads\/2021\/09\/Ferienhaus-1_Schlafzimmer_2_Bett-scaled.jpg 2560w, https:\/\/der-bauernhofurlaub.de\/wp-content\/uploads\/2021\/09\/Ferienhaus-1_Schlafzimmer_2_Bett-300x200.jpg 300w, https:\/\/der-bauernhofurlaub.de\/wp-content\/uploads\/2021\/09\/Ferienhaus-1_Schlafzimmer_2_Bett-1024x683.jpg 1024w, https:\/\/der-bauernhofurlaub.de\/wp-content\/uploads\/2021\/09\/Ferienhaus-1_Schlafzimmer_2_Bett-768x512.jpg 768w, https:\/\/der-bauernhofurlaub.de\/wp-content\/uploads\/2021\/09\/Ferienhaus-1_Schlafzimmer_2_Bett-1536x1024.jpg 1536w, https:\/\/der-bauernhofurlaub.de\/wp-content\/uploads\/2021\/09\/Ferienhaus-1_Schlafzimmer_2_Bett-2048x1365.jpg 2048w, https:\/\/der-bauernhofurlaub.de\/wp-content\/uploads\/2021\/09\/Ferienhaus-1_Schlafzimmer_2_Bett-1024x683-149x100.jpg 149w\" sizes=\"auto, (max-width: 2560px) 100vw, 2560px\" \/><\/a>\t\t<\/div>\n\t\t\t<\/div><\/li>\n\t<li data-index=\"17\">\n\t<div class=\"slide-inner-wrap\">\n\t\t<div class=\"slide-image gallery-icon\"><a href=\"https:\/\/der-bauernhofurlaub.de\/wp-content\/uploads\/2021\/09\/Ferienhaus-1_Schlafzimmer_Fenster-scaled.jpeg\" class=\"themify_lightbox\"><img loading=\"lazy\" decoding=\"async\" width=\"1706\" height=\"2560\" src=\"https:\/\/der-bauernhofurlaub.de\/wp-content\/uploads\/2021\/09\/Ferienhaus-1_Schlafzimmer_Fenster-scaled.jpeg\" class=\" wp-post-image wp-image-422\" alt=\"Ferienhaus 1_Schlafzimmer_Fenster\" srcset=\"https:\/\/der-bauernhofurlaub.de\/wp-content\/uploads\/2021\/09\/Ferienhaus-1_Schlafzimmer_Fenster-scaled.jpeg 1706w, https:\/\/der-bauernhofurlaub.de\/wp-content\/uploads\/2021\/09\/Ferienhaus-1_Schlafzimmer_Fenster-200x300.jpeg 200w, https:\/\/der-bauernhofurlaub.de\/wp-content\/uploads\/2021\/09\/Ferienhaus-1_Schlafzimmer_Fenster-682x1024.jpeg 682w, https:\/\/der-bauernhofurlaub.de\/wp-content\/uploads\/2021\/09\/Ferienhaus-1_Schlafzimmer_Fenster-768x1152.jpeg 768w, https:\/\/der-bauernhofurlaub.de\/wp-content\/uploads\/2021\/09\/Ferienhaus-1_Schlafzimmer_Fenster-1024x1536.jpeg 1024w, https:\/\/der-bauernhofurlaub.de\/wp-content\/uploads\/2021\/09\/Ferienhaus-1_Schlafzimmer_Fenster-1365x2048.jpeg 1365w, https:\/\/der-bauernhofurlaub.de\/wp-content\/uploads\/2021\/09\/Ferienhaus-1_Schlafzimmer_Fenster-682x1024-66x100.jpeg 66w\" sizes=\"auto, (max-width: 1706px) 100vw, 1706px\" \/><\/a>\t\t<\/div>\n\t\t\t<\/div><\/li>\n\t<li data-index=\"18\">\n\t<div class=\"slide-inner-wrap\">\n\t\t<div class=\"slide-image gallery-icon\"><a href=\"https:\/\/der-bauernhofurlaub.de\/wp-content\/uploads\/2021\/09\/Ferienhaus-1_Terasse_Tisch_1-scaled.jpeg\" class=\"themify_lightbox\"><img loading=\"lazy\" decoding=\"async\" width=\"1707\" height=\"2560\" src=\"https:\/\/der-bauernhofurlaub.de\/wp-content\/uploads\/2021\/09\/Ferienhaus-1_Terasse_Tisch_1-scaled.jpeg\" class=\" wp-post-image wp-image-425\" alt=\"Ferienhaus 1_Terasse_Tisch_1\" srcset=\"https:\/\/der-bauernhofurlaub.de\/wp-content\/uploads\/2021\/09\/Ferienhaus-1_Terasse_Tisch_1-scaled.jpeg 1707w, https:\/\/der-bauernhofurlaub.de\/wp-content\/uploads\/2021\/09\/Ferienhaus-1_Terasse_Tisch_1-200x300.jpeg 200w, https:\/\/der-bauernhofurlaub.de\/wp-content\/uploads\/2021\/09\/Ferienhaus-1_Terasse_Tisch_1-683x1024.jpeg 683w, https:\/\/der-bauernhofurlaub.de\/wp-content\/uploads\/2021\/09\/Ferienhaus-1_Terasse_Tisch_1-768x1152.jpeg 768w, https:\/\/der-bauernhofurlaub.de\/wp-content\/uploads\/2021\/09\/Ferienhaus-1_Terasse_Tisch_1-1024x1536.jpeg 1024w, https:\/\/der-bauernhofurlaub.de\/wp-content\/uploads\/2021\/09\/Ferienhaus-1_Terasse_Tisch_1-1365x2048.jpeg 1365w, https:\/\/der-bauernhofurlaub.de\/wp-content\/uploads\/2021\/09\/Ferienhaus-1_Terasse_Tisch_1-683x1024-66x100.jpeg 66w\" sizes=\"auto, (max-width: 1707px) 100vw, 1707px\" \/><\/a>\t\t<\/div>\n\t\t\t<\/div><\/li>\n\t<li data-index=\"19\">\n\t<div class=\"slide-inner-wrap\">\n\t\t<div class=\"slide-image gallery-icon\"><a href=\"https:\/\/der-bauernhofurlaub.de\/wp-content\/uploads\/2021\/09\/Ferienhaus-1_Terasse_Tisch_2-scaled.jpeg\" class=\"themify_lightbox\"><img loading=\"lazy\" decoding=\"async\" width=\"2560\" height=\"1707\" src=\"https:\/\/der-bauernhofurlaub.de\/wp-content\/uploads\/2021\/09\/Ferienhaus-1_Terasse_Tisch_2-scaled.jpeg\" class=\" wp-post-image wp-image-426\" alt=\"Ferienhaus 1_Terasse_Tisch_2\" srcset=\"https:\/\/der-bauernhofurlaub.de\/wp-content\/uploads\/2021\/09\/Ferienhaus-1_Terasse_Tisch_2-scaled.jpeg 2560w, https:\/\/der-bauernhofurlaub.de\/wp-content\/uploads\/2021\/09\/Ferienhaus-1_Terasse_Tisch_2-300x200.jpeg 300w, https:\/\/der-bauernhofurlaub.de\/wp-content\/uploads\/2021\/09\/Ferienhaus-1_Terasse_Tisch_2-1024x683.jpeg 1024w, https:\/\/der-bauernhofurlaub.de\/wp-content\/uploads\/2021\/09\/Ferienhaus-1_Terasse_Tisch_2-768x512.jpeg 768w, https:\/\/der-bauernhofurlaub.de\/wp-content\/uploads\/2021\/09\/Ferienhaus-1_Terasse_Tisch_2-1536x1024.jpeg 1536w, https:\/\/der-bauernhofurlaub.de\/wp-content\/uploads\/2021\/09\/Ferienhaus-1_Terasse_Tisch_2-2048x1365.jpeg 2048w, https:\/\/der-bauernhofurlaub.de\/wp-content\/uploads\/2021\/09\/Ferienhaus-1_Terasse_Tisch_2-1024x683-149x100.jpeg 149w\" sizes=\"auto, (max-width: 2560px) 100vw, 2560px\" \/><\/a>\t\t<\/div>\n\t\t\t<\/div><\/li>\n\t<li data-index=\"20\">\n\t<div class=\"slide-inner-wrap\">\n\t\t<div class=\"slide-image gallery-icon\"><a href=\"https:\/\/der-bauernhofurlaub.de\/wp-content\/uploads\/2021\/09\/Ferienhaus-1_Terasse_Tisch_3-scaled.jpeg\" class=\"themify_lightbox\"><img loading=\"lazy\" decoding=\"async\" width=\"2560\" height=\"1707\" src=\"https:\/\/der-bauernhofurlaub.de\/wp-content\/uploads\/2021\/09\/Ferienhaus-1_Terasse_Tisch_3-scaled.jpeg\" class=\" wp-post-image wp-image-427\" alt=\"Ferienhaus 1_Terasse_Tisch_3\" srcset=\"https:\/\/der-bauernhofurlaub.de\/wp-content\/uploads\/2021\/09\/Ferienhaus-1_Terasse_Tisch_3-scaled.jpeg 2560w, https:\/\/der-bauernhofurlaub.de\/wp-content\/uploads\/2021\/09\/Ferienhaus-1_Terasse_Tisch_3-300x200.jpeg 300w, https:\/\/der-bauernhofurlaub.de\/wp-content\/uploads\/2021\/09\/Ferienhaus-1_Terasse_Tisch_3-1024x683.jpeg 1024w, https:\/\/der-bauernhofurlaub.de\/wp-content\/uploads\/2021\/09\/Ferienhaus-1_Terasse_Tisch_3-768x512.jpeg 768w, https:\/\/der-bauernhofurlaub.de\/wp-content\/uploads\/2021\/09\/Ferienhaus-1_Terasse_Tisch_3-1536x1024.jpeg 1536w, https:\/\/der-bauernhofurlaub.de\/wp-content\/uploads\/2021\/09\/Ferienhaus-1_Terasse_Tisch_3-2048x1366.jpeg 2048w, https:\/\/der-bauernhofurlaub.de\/wp-content\/uploads\/2021\/09\/Ferienhaus-1_Terasse_Tisch_3-1024x683-149x100.jpeg 149w\" sizes=\"auto, (max-width: 2560px) 100vw, 2560px\" \/><\/a>\t\t<\/div>\n\t\t\t<\/div><\/li>\n\t<li data-index=\"21\">\n\t<div class=\"slide-inner-wrap\">\n\t\t<div class=\"slide-image gallery-icon\"><a href=\"https:\/\/der-bauernhofurlaub.de\/wp-content\/uploads\/2021\/09\/Ferienhaus-1_Terasse_Tisch_4-scaled.jpeg\" class=\"themify_lightbox\"><img loading=\"lazy\" decoding=\"async\" width=\"1707\" height=\"2560\" src=\"https:\/\/der-bauernhofurlaub.de\/wp-content\/uploads\/2021\/09\/Ferienhaus-1_Terasse_Tisch_4-scaled.jpeg\" class=\" wp-post-image wp-image-428\" alt=\"Ferienhaus 1_Terasse_Tisch_4\" srcset=\"https:\/\/der-bauernhofurlaub.de\/wp-content\/uploads\/2021\/09\/Ferienhaus-1_Terasse_Tisch_4-scaled.jpeg 1707w, https:\/\/der-bauernhofurlaub.de\/wp-content\/uploads\/2021\/09\/Ferienhaus-1_Terasse_Tisch_4-200x300.jpeg 200w, https:\/\/der-bauernhofurlaub.de\/wp-content\/uploads\/2021\/09\/Ferienhaus-1_Terasse_Tisch_4-683x1024.jpeg 683w, https:\/\/der-bauernhofurlaub.de\/wp-content\/uploads\/2021\/09\/Ferienhaus-1_Terasse_Tisch_4-768x1152.jpeg 768w, https:\/\/der-bauernhofurlaub.de\/wp-content\/uploads\/2021\/09\/Ferienhaus-1_Terasse_Tisch_4-1024x1536.jpeg 1024w, https:\/\/der-bauernhofurlaub.de\/wp-content\/uploads\/2021\/09\/Ferienhaus-1_Terasse_Tisch_4-1365x2048.jpeg 1365w, https:\/\/der-bauernhofurlaub.de\/wp-content\/uploads\/2021\/09\/Ferienhaus-1_Terasse_Tisch_4-683x1024-66x100.jpeg 66w\" sizes=\"auto, (max-width: 1707px) 100vw, 1707px\" \/><\/a>\t\t<\/div>\n\t\t\t<\/div><\/li>\n\t<li data-index=\"22\">\n\t<div class=\"slide-inner-wrap\">\n\t\t<div class=\"slide-image gallery-icon\"><a href=\"https:\/\/der-bauernhofurlaub.de\/wp-content\/uploads\/2021\/09\/Ferienhaus-1_Wohnzimmer_1-scaled.jpg\" class=\"themify_lightbox\"><img loading=\"lazy\" decoding=\"async\" width=\"2560\" height=\"1707\" src=\"https:\/\/der-bauernhofurlaub.de\/wp-content\/uploads\/2021\/09\/Ferienhaus-1_Wohnzimmer_1-scaled.jpg\" class=\" wp-post-image wp-image-431\" alt=\"Ferienhaus 1_Wohnzimmer_1\" srcset=\"https:\/\/der-bauernhofurlaub.de\/wp-content\/uploads\/2021\/09\/Ferienhaus-1_Wohnzimmer_1-scaled.jpg 2560w, https:\/\/der-bauernhofurlaub.de\/wp-content\/uploads\/2021\/09\/Ferienhaus-1_Wohnzimmer_1-300x200.jpg 300w, https:\/\/der-bauernhofurlaub.de\/wp-content\/uploads\/2021\/09\/Ferienhaus-1_Wohnzimmer_1-1024x683.jpg 1024w, https:\/\/der-bauernhofurlaub.de\/wp-content\/uploads\/2021\/09\/Ferienhaus-1_Wohnzimmer_1-768x512.jpg 768w, https:\/\/der-bauernhofurlaub.de\/wp-content\/uploads\/2021\/09\/Ferienhaus-1_Wohnzimmer_1-1536x1024.jpg 1536w, https:\/\/der-bauernhofurlaub.de\/wp-content\/uploads\/2021\/09\/Ferienhaus-1_Wohnzimmer_1-2048x1365.jpg 2048w, https:\/\/der-bauernhofurlaub.de\/wp-content\/uploads\/2021\/09\/Ferienhaus-1_Wohnzimmer_1-1024x683-149x100.jpg 149w\" sizes=\"auto, (max-width: 2560px) 100vw, 2560px\" \/><\/a>\t\t<\/div>\n\t\t\t<\/div><\/li>\n\t<li data-index=\"23\">\n\t<div class=\"slide-inner-wrap\">\n\t\t<div class=\"slide-image gallery-icon\"><a href=\"https:\/\/der-bauernhofurlaub.de\/wp-content\/uploads\/2021\/09\/Ferienhaus-1_Wohnzimmer_2-scaled.jpg\" class=\"themify_lightbox\"><img loading=\"lazy\" decoding=\"async\" width=\"2560\" height=\"1707\" src=\"https:\/\/der-bauernhofurlaub.de\/wp-content\/uploads\/2021\/09\/Ferienhaus-1_Wohnzimmer_2-scaled.jpg\" class=\" wp-post-image wp-image-432\" alt=\"Ferienhaus 1_Wohnzimmer_2\" srcset=\"https:\/\/der-bauernhofurlaub.de\/wp-content\/uploads\/2021\/09\/Ferienhaus-1_Wohnzimmer_2-scaled.jpg 2560w, https:\/\/der-bauernhofurlaub.de\/wp-content\/uploads\/2021\/09\/Ferienhaus-1_Wohnzimmer_2-300x200.jpg 300w, https:\/\/der-bauernhofurlaub.de\/wp-content\/uploads\/2021\/09\/Ferienhaus-1_Wohnzimmer_2-1024x683.jpg 1024w, https:\/\/der-bauernhofurlaub.de\/wp-content\/uploads\/2021\/09\/Ferienhaus-1_Wohnzimmer_2-768x512.jpg 768w, https:\/\/der-bauernhofurlaub.de\/wp-content\/uploads\/2021\/09\/Ferienhaus-1_Wohnzimmer_2-1536x1024.jpg 1536w, https:\/\/der-bauernhofurlaub.de\/wp-content\/uploads\/2021\/09\/Ferienhaus-1_Wohnzimmer_2-2048x1365.jpg 2048w, https:\/\/der-bauernhofurlaub.de\/wp-content\/uploads\/2021\/09\/Ferienhaus-1_Wohnzimmer_2-1024x683-149x100.jpg 149w\" sizes=\"auto, (max-width: 2560px) 100vw, 2560px\" \/><\/a>\t\t<\/div>\n\t\t\t<\/div><\/li>\n\t<li data-index=\"24\">\n\t<div class=\"slide-inner-wrap\">\n\t\t<div class=\"slide-image gallery-icon\"><a href=\"https:\/\/der-bauernhofurlaub.de\/wp-content\/uploads\/2021\/09\/Ferienhaus-1_Wohnzimmer_3-scaled.jpg\" class=\"themify_lightbox\"><img loading=\"lazy\" decoding=\"async\" width=\"2560\" height=\"1707\" src=\"https:\/\/der-bauernhofurlaub.de\/wp-content\/uploads\/2021\/09\/Ferienhaus-1_Wohnzimmer_3-scaled.jpg\" class=\" wp-post-image wp-image-433\" alt=\"Ferienhaus 1_Wohnzimmer_3\" srcset=\"https:\/\/der-bauernhofurlaub.de\/wp-content\/uploads\/2021\/09\/Ferienhaus-1_Wohnzimmer_3-scaled.jpg 2560w, https:\/\/der-bauernhofurlaub.de\/wp-content\/uploads\/2021\/09\/Ferienhaus-1_Wohnzimmer_3-300x200.jpg 300w, https:\/\/der-bauernhofurlaub.de\/wp-content\/uploads\/2021\/09\/Ferienhaus-1_Wohnzimmer_3-1024x683.jpg 1024w, https:\/\/der-bauernhofurlaub.de\/wp-content\/uploads\/2021\/09\/Ferienhaus-1_Wohnzimmer_3-768x512.jpg 768w, https:\/\/der-bauernhofurlaub.de\/wp-content\/uploads\/2021\/09\/Ferienhaus-1_Wohnzimmer_3-1536x1024.jpg 1536w, https:\/\/der-bauernhofurlaub.de\/wp-content\/uploads\/2021\/09\/Ferienhaus-1_Wohnzimmer_3-2048x1365.jpg 2048w, https:\/\/der-bauernhofurlaub.de\/wp-content\/uploads\/2021\/09\/Ferienhaus-1_Wohnzimmer_3-1024x683-149x100.jpg 149w\" sizes=\"auto, (max-width: 2560px) 100vw, 2560px\" \/><\/a>\t\t<\/div>\n\t\t\t<\/div><\/li>\n\t<li data-index=\"25\">\n\t<div class=\"slide-inner-wrap\">\n\t\t<div class=\"slide-image gallery-icon\"><a href=\"https:\/\/der-bauernhofurlaub.de\/wp-content\/uploads\/2021\/09\/Ferienhaus-1_Wohnzimmer_Blume-scaled.jpeg\" class=\"themify_lightbox\"><img loading=\"lazy\" decoding=\"async\" width=\"2560\" height=\"1707\" src=\"https:\/\/der-bauernhofurlaub.de\/wp-content\/uploads\/2021\/09\/Ferienhaus-1_Wohnzimmer_Blume-scaled.jpeg\" class=\" wp-post-image wp-image-434\" alt=\"Ferienhaus 1_Wohnzimmer_Blume\" srcset=\"https:\/\/der-bauernhofurlaub.de\/wp-content\/uploads\/2021\/09\/Ferienhaus-1_Wohnzimmer_Blume-scaled.jpeg 2560w, https:\/\/der-bauernhofurlaub.de\/wp-content\/uploads\/2021\/09\/Ferienhaus-1_Wohnzimmer_Blume-300x200.jpeg 300w, https:\/\/der-bauernhofurlaub.de\/wp-content\/uploads\/2021\/09\/Ferienhaus-1_Wohnzimmer_Blume-1024x683.jpeg 1024w, https:\/\/der-bauernhofurlaub.de\/wp-content\/uploads\/2021\/09\/Ferienhaus-1_Wohnzimmer_Blume-768x512.jpeg 768w, https:\/\/der-bauernhofurlaub.de\/wp-content\/uploads\/2021\/09\/Ferienhaus-1_Wohnzimmer_Blume-1536x1024.jpeg 1536w, https:\/\/der-bauernhofurlaub.de\/wp-content\/uploads\/2021\/09\/Ferienhaus-1_Wohnzimmer_Blume-2048x1365.jpeg 2048w, https:\/\/der-bauernhofurlaub.de\/wp-content\/uploads\/2021\/09\/Ferienhaus-1_Wohnzimmer_Blume-1024x683-149x100.jpeg 149w\" sizes=\"auto, (max-width: 2560px) 100vw, 2560px\" \/><\/a>\t\t<\/div>\n\t\t\t<\/div><\/li>\n<\/ul>\n\n<ul id=\"tb_1cii622-thumbs\" class=\"themify_builder_slider\"\n\tdata-id=\"tb_1cii622\"\n\tdata-visible=\"4\" \n\tdata-mob-visible=\"0\"\n\tdata-scroll=\"1\" \n\tdata-auto-scroll=\"\"\n\tdata-speed=\"1\"\n\tdata-wrap=\"yes\"\n\tdata-arrow=\"yes\"\n\tdata-pagination=\"0\"\n\tdata-effect=\"scroll\" \n\tdata-height=\"variable\"\n\t\tdata-pause-on-hover=\"resume\">\n\n\t<li data-index=\"0\">\n\t<div class=\"slide-inner-wrap\">\n\t\t<div class=\"slide-image gallery-icon\"><img decoding=\"async\" src=\"https:\/\/der-bauernhofurlaub.de\/wp-content\/uploads\/2021\/09\/Ferienhaus-1_von_aussen_2-1024x683-149x100.jpg\" height=\"100\" class=\" wp-post-image wp-image-429\" alt=\"Ferienhaus 1_von_aussen_2\" srcset=\"https:\/\/der-bauernhofurlaub.de\/wp-content\/uploads\/2021\/09\/Ferienhaus-1_von_aussen_2-1024x683-149x100.jpg 149w, https:\/\/der-bauernhofurlaub.de\/wp-content\/uploads\/2021\/09\/Ferienhaus-1_von_aussen_2-300x200.jpg 300w, https:\/\/der-bauernhofurlaub.de\/wp-content\/uploads\/2021\/09\/Ferienhaus-1_von_aussen_2-1024x683.jpg 1024w, https:\/\/der-bauernhofurlaub.de\/wp-content\/uploads\/2021\/09\/Ferienhaus-1_von_aussen_2-768x512.jpg 768w, https:\/\/der-bauernhofurlaub.de\/wp-content\/uploads\/2021\/09\/Ferienhaus-1_von_aussen_2-1536x1024.jpg 1536w, https:\/\/der-bauernhofurlaub.de\/wp-content\/uploads\/2021\/09\/Ferienhaus-1_von_aussen_2-2048x1365.jpg 2048w\" sizes=\"(max-width: 149px) 100vw, 149px\" \/>\t\t<\/div>\n\t\t\t<\/div><\/li>\n\t<li data-index=\"1\">\n\t<div class=\"slide-inner-wrap\">\n\t\t<div class=\"slide-image gallery-icon\"><img decoding=\"async\" src=\"https:\/\/der-bauernhofurlaub.de\/wp-content\/uploads\/2021\/09\/Ferienhaus-1_von_aussen_3-1024x683-149x100.jpg\" height=\"100\" class=\" wp-post-image wp-image-430\" alt=\"Ferienhaus 1_von_aussen_3\" srcset=\"https:\/\/der-bauernhofurlaub.de\/wp-content\/uploads\/2021\/09\/Ferienhaus-1_von_aussen_3-1024x683-149x100.jpg 149w, https:\/\/der-bauernhofurlaub.de\/wp-content\/uploads\/2021\/09\/Ferienhaus-1_von_aussen_3-300x200.jpg 300w, https:\/\/der-bauernhofurlaub.de\/wp-content\/uploads\/2021\/09\/Ferienhaus-1_von_aussen_3-1024x683.jpg 1024w, https:\/\/der-bauernhofurlaub.de\/wp-content\/uploads\/2021\/09\/Ferienhaus-1_von_aussen_3-768x512.jpg 768w, https:\/\/der-bauernhofurlaub.de\/wp-content\/uploads\/2021\/09\/Ferienhaus-1_von_aussen_3-1536x1024.jpg 1536w, https:\/\/der-bauernhofurlaub.de\/wp-content\/uploads\/2021\/09\/Ferienhaus-1_von_aussen_3-2048x1365.jpg 2048w\" sizes=\"(max-width: 149px) 100vw, 149px\" \/>\t\t<\/div>\n\t\t\t<\/div><\/li>\n\t<li data-index=\"2\">\n\t<div class=\"slide-inner-wrap\">\n\t\t<div class=\"slide-image gallery-icon\"><img decoding=\"async\" src=\"https:\/\/der-bauernhofurlaub.de\/wp-content\/uploads\/2021\/09\/Ferienhaus-1_Terasse_2-1024x683-149x100.jpg\" height=\"100\" class=\" wp-post-image wp-image-424\" alt=\"Ferienhaus 1_Terasse_2\" srcset=\"https:\/\/der-bauernhofurlaub.de\/wp-content\/uploads\/2021\/09\/Ferienhaus-1_Terasse_2-1024x683-149x100.jpg 149w, https:\/\/der-bauernhofurlaub.de\/wp-content\/uploads\/2021\/09\/Ferienhaus-1_Terasse_2-300x200.jpg 300w, https:\/\/der-bauernhofurlaub.de\/wp-content\/uploads\/2021\/09\/Ferienhaus-1_Terasse_2-1024x683.jpg 1024w, https:\/\/der-bauernhofurlaub.de\/wp-content\/uploads\/2021\/09\/Ferienhaus-1_Terasse_2-768x512.jpg 768w, https:\/\/der-bauernhofurlaub.de\/wp-content\/uploads\/2021\/09\/Ferienhaus-1_Terasse_2-1536x1024.jpg 1536w, https:\/\/der-bauernhofurlaub.de\/wp-content\/uploads\/2021\/09\/Ferienhaus-1_Terasse_2-2048x1365.jpg 2048w\" sizes=\"(max-width: 149px) 100vw, 149px\" \/>\t\t<\/div>\n\t\t\t<\/div><\/li>\n\t<li data-index=\"3\">\n\t<div class=\"slide-inner-wrap\">\n\t\t<div class=\"slide-image gallery-icon\"><img decoding=\"async\" src=\"https:\/\/der-bauernhofurlaub.de\/wp-content\/uploads\/2021\/09\/Ferienhaus-1_Terasse_1-1024x683-149x100.jpg\" height=\"100\" class=\" wp-post-image wp-image-423\" alt=\"Ferienhaus 1_Terasse_1\" srcset=\"https:\/\/der-bauernhofurlaub.de\/wp-content\/uploads\/2021\/09\/Ferienhaus-1_Terasse_1-1024x683-149x100.jpg 149w, https:\/\/der-bauernhofurlaub.de\/wp-content\/uploads\/2021\/09\/Ferienhaus-1_Terasse_1-300x200.jpg 300w, https:\/\/der-bauernhofurlaub.de\/wp-content\/uploads\/2021\/09\/Ferienhaus-1_Terasse_1-1024x683.jpg 1024w, https:\/\/der-bauernhofurlaub.de\/wp-content\/uploads\/2021\/09\/Ferienhaus-1_Terasse_1-768x512.jpg 768w, https:\/\/der-bauernhofurlaub.de\/wp-content\/uploads\/2021\/09\/Ferienhaus-1_Terasse_1-1536x1024.jpg 1536w, https:\/\/der-bauernhofurlaub.de\/wp-content\/uploads\/2021\/09\/Ferienhaus-1_Terasse_1-2048x1365.jpg 2048w\" sizes=\"(max-width: 149px) 100vw, 149px\" \/>\t\t<\/div>\n\t\t\t<\/div><\/li>\n\t<li data-index=\"4\">\n\t<div class=\"slide-inner-wrap\">\n\t\t<div class=\"slide-image gallery-icon\"><img decoding=\"async\" src=\"https:\/\/der-bauernhofurlaub.de\/wp-content\/uploads\/2021\/09\/Ferienhaus-1_Schlafzimmer_Ausblick-1024x683-149x100.jpg\" height=\"100\" class=\" wp-post-image wp-image-421\" alt=\"Ferienhaus 1_Schlafzimmer_Ausblick\" srcset=\"https:\/\/der-bauernhofurlaub.de\/wp-content\/uploads\/2021\/09\/Ferienhaus-1_Schlafzimmer_Ausblick-1024x683-149x100.jpg 149w, https:\/\/der-bauernhofurlaub.de\/wp-content\/uploads\/2021\/09\/Ferienhaus-1_Schlafzimmer_Ausblick-300x200.jpg 300w, https:\/\/der-bauernhofurlaub.de\/wp-content\/uploads\/2021\/09\/Ferienhaus-1_Schlafzimmer_Ausblick-1024x683.jpg 1024w, https:\/\/der-bauernhofurlaub.de\/wp-content\/uploads\/2021\/09\/Ferienhaus-1_Schlafzimmer_Ausblick-768x512.jpg 768w, https:\/\/der-bauernhofurlaub.de\/wp-content\/uploads\/2021\/09\/Ferienhaus-1_Schlafzimmer_Ausblick-1536x1024.jpg 1536w, https:\/\/der-bauernhofurlaub.de\/wp-content\/uploads\/2021\/09\/Ferienhaus-1_Schlafzimmer_Ausblick-2048x1365.jpg 2048w\" sizes=\"(max-width: 149px) 100vw, 149px\" \/>\t\t<\/div>\n\t\t\t<\/div><\/li>\n\t<li data-index=\"5\">\n\t<div class=\"slide-inner-wrap\">\n\t\t<div class=\"slide-image gallery-icon\"><img decoding=\"async\" src=\"https:\/\/der-bauernhofurlaub.de\/wp-content\/uploads\/2021\/09\/Ferienhaus-1_Badezimmer_Ausblick-1024x683-149x100.jpg\" height=\"100\" class=\" wp-post-image wp-image-412\" alt=\"Ferienhaus 1_Badezimmer_Ausblick\" srcset=\"https:\/\/der-bauernhofurlaub.de\/wp-content\/uploads\/2021\/09\/Ferienhaus-1_Badezimmer_Ausblick-1024x683-149x100.jpg 149w, https:\/\/der-bauernhofurlaub.de\/wp-content\/uploads\/2021\/09\/Ferienhaus-1_Badezimmer_Ausblick-300x200.jpg 300w, https:\/\/der-bauernhofurlaub.de\/wp-content\/uploads\/2021\/09\/Ferienhaus-1_Badezimmer_Ausblick-1024x683.jpg 1024w, https:\/\/der-bauernhofurlaub.de\/wp-content\/uploads\/2021\/09\/Ferienhaus-1_Badezimmer_Ausblick-768x512.jpg 768w, https:\/\/der-bauernhofurlaub.de\/wp-content\/uploads\/2021\/09\/Ferienhaus-1_Badezimmer_Ausblick-1536x1024.jpg 1536w, https:\/\/der-bauernhofurlaub.de\/wp-content\/uploads\/2021\/09\/Ferienhaus-1_Badezimmer_Ausblick-2048x1365.jpg 2048w\" sizes=\"(max-width: 149px) 100vw, 149px\" \/>\t\t<\/div>\n\t\t\t<\/div><\/li>\n\t<li data-index=\"6\">\n\t<div class=\"slide-inner-wrap\">\n\t\t<div class=\"slide-image gallery-icon\"><img decoding=\"async\" src=\"https:\/\/der-bauernhofurlaub.de\/wp-content\/uploads\/2021\/09\/Ferienhaus-1_Flur_Schild-1024x683-149x100.jpeg\" height=\"100\" class=\" wp-post-image wp-image-414\" alt=\"Ferienhaus 1_Flur_Schild\" srcset=\"https:\/\/der-bauernhofurlaub.de\/wp-content\/uploads\/2021\/09\/Ferienhaus-1_Flur_Schild-1024x683-149x100.jpeg 149w, https:\/\/der-bauernhofurlaub.de\/wp-content\/uploads\/2021\/09\/Ferienhaus-1_Flur_Schild-300x200.jpeg 300w, https:\/\/der-bauernhofurlaub.de\/wp-content\/uploads\/2021\/09\/Ferienhaus-1_Flur_Schild-1024x683.jpeg 1024w, https:\/\/der-bauernhofurlaub.de\/wp-content\/uploads\/2021\/09\/Ferienhaus-1_Flur_Schild-768x512.jpeg 768w, https:\/\/der-bauernhofurlaub.de\/wp-content\/uploads\/2021\/09\/Ferienhaus-1_Flur_Schild-1536x1024.jpeg 1536w, https:\/\/der-bauernhofurlaub.de\/wp-content\/uploads\/2021\/09\/Ferienhaus-1_Flur_Schild-2048x1365.jpeg 2048w\" sizes=\"(max-width: 149px) 100vw, 149px\" \/>\t\t<\/div>\n\t\t\t<\/div><\/li>\n\t<li data-index=\"7\">\n\t<div class=\"slide-inner-wrap\">\n\t\t<div class=\"slide-image gallery-icon\"><img decoding=\"async\" src=\"https:\/\/der-bauernhofurlaub.de\/wp-content\/uploads\/2021\/09\/Ferienhaus-1_Flur_Vase-1024x683-149x100.jpeg\" height=\"100\" class=\" wp-post-image wp-image-415\" alt=\"Ferienhaus 1_Flur_Vase\" srcset=\"https:\/\/der-bauernhofurlaub.de\/wp-content\/uploads\/2021\/09\/Ferienhaus-1_Flur_Vase-1024x683-149x100.jpeg 149w, https:\/\/der-bauernhofurlaub.de\/wp-content\/uploads\/2021\/09\/Ferienhaus-1_Flur_Vase-300x200.jpeg 300w, https:\/\/der-bauernhofurlaub.de\/wp-content\/uploads\/2021\/09\/Ferienhaus-1_Flur_Vase-1024x683.jpeg 1024w, https:\/\/der-bauernhofurlaub.de\/wp-content\/uploads\/2021\/09\/Ferienhaus-1_Flur_Vase-768x512.jpeg 768w, https:\/\/der-bauernhofurlaub.de\/wp-content\/uploads\/2021\/09\/Ferienhaus-1_Flur_Vase-1536x1024.jpeg 1536w, https:\/\/der-bauernhofurlaub.de\/wp-content\/uploads\/2021\/09\/Ferienhaus-1_Flur_Vase-2048x1365.jpeg 2048w\" sizes=\"(max-width: 149px) 100vw, 149px\" \/>\t\t<\/div>\n\t\t\t<\/div><\/li>\n\t<li data-index=\"8\">\n\t<div class=\"slide-inner-wrap\">\n\t\t<div class=\"slide-image gallery-icon\"><img decoding=\"async\" src=\"https:\/\/der-bauernhofurlaub.de\/wp-content\/uploads\/2021\/09\/Ferienhaus-1_Ku\u0308che_Tablett-1024x683-149x100.jpeg\" height=\"100\" class=\" wp-post-image wp-image-418\" alt=\"Ferienhaus 1_Ku\u0308che_Tablett\" srcset=\"https:\/\/der-bauernhofurlaub.de\/wp-content\/uploads\/2021\/09\/Ferienhaus-1_Ku\u0308che_Tablett-1024x683-149x100.jpeg 149w, https:\/\/der-bauernhofurlaub.de\/wp-content\/uploads\/2021\/09\/Ferienhaus-1_Ku\u0308che_Tablett-300x200.jpeg 300w, https:\/\/der-bauernhofurlaub.de\/wp-content\/uploads\/2021\/09\/Ferienhaus-1_Ku\u0308che_Tablett-1024x683.jpeg 1024w, https:\/\/der-bauernhofurlaub.de\/wp-content\/uploads\/2021\/09\/Ferienhaus-1_Ku\u0308che_Tablett-768x512.jpeg 768w, https:\/\/der-bauernhofurlaub.de\/wp-content\/uploads\/2021\/09\/Ferienhaus-1_Ku\u0308che_Tablett-1536x1024.jpeg 1536w, https:\/\/der-bauernhofurlaub.de\/wp-content\/uploads\/2021\/09\/Ferienhaus-1_Ku\u0308che_Tablett-2048x1365.jpeg 2048w\" sizes=\"(max-width: 149px) 100vw, 149px\" \/>\t\t<\/div>\n\t\t\t<\/div><\/li>\n\t<li data-index=\"9\">\n\t<div class=\"slide-inner-wrap\">\n\t\t<div class=\"slide-image gallery-icon\"><img decoding=\"async\" src=\"https:\/\/der-bauernhofurlaub.de\/wp-content\/uploads\/2021\/09\/Ferienhaus-1_Badezimmer-1024x683-149x100.jpg\" height=\"100\" class=\" wp-post-image wp-image-409\" alt=\"Ferienhaus 1_Badezimmer\" srcset=\"https:\/\/der-bauernhofurlaub.de\/wp-content\/uploads\/2021\/09\/Ferienhaus-1_Badezimmer-1024x683-149x100.jpg 149w, https:\/\/der-bauernhofurlaub.de\/wp-content\/uploads\/2021\/09\/Ferienhaus-1_Badezimmer-300x200.jpg 300w, https:\/\/der-bauernhofurlaub.de\/wp-content\/uploads\/2021\/09\/Ferienhaus-1_Badezimmer-1024x683.jpg 1024w, https:\/\/der-bauernhofurlaub.de\/wp-content\/uploads\/2021\/09\/Ferienhaus-1_Badezimmer-768x512.jpg 768w, https:\/\/der-bauernhofurlaub.de\/wp-content\/uploads\/2021\/09\/Ferienhaus-1_Badezimmer-1536x1024.jpg 1536w, https:\/\/der-bauernhofurlaub.de\/wp-content\/uploads\/2021\/09\/Ferienhaus-1_Badezimmer-2048x1365.jpg 2048w\" sizes=\"(max-width: 149px) 100vw, 149px\" \/>\t\t<\/div>\n\t\t\t<\/div><\/li>\n\t<li data-index=\"10\">\n\t<div class=\"slide-inner-wrap\">\n\t\t<div class=\"slide-image gallery-icon\"><img decoding=\"async\" src=\"https:\/\/der-bauernhofurlaub.de\/wp-content\/uploads\/2021\/09\/Ferienhaus-1_Badezimmer_1-1024x683-149x100.jpg\" height=\"100\" class=\" wp-post-image wp-image-410\" alt=\"Ferienhaus 1_Badezimmer_1\" srcset=\"https:\/\/der-bauernhofurlaub.de\/wp-content\/uploads\/2021\/09\/Ferienhaus-1_Badezimmer_1-1024x683-149x100.jpg 149w, https:\/\/der-bauernhofurlaub.de\/wp-content\/uploads\/2021\/09\/Ferienhaus-1_Badezimmer_1-300x200.jpg 300w, https:\/\/der-bauernhofurlaub.de\/wp-content\/uploads\/2021\/09\/Ferienhaus-1_Badezimmer_1-1024x683.jpg 1024w, https:\/\/der-bauernhofurlaub.de\/wp-content\/uploads\/2021\/09\/Ferienhaus-1_Badezimmer_1-768x512.jpg 768w, https:\/\/der-bauernhofurlaub.de\/wp-content\/uploads\/2021\/09\/Ferienhaus-1_Badezimmer_1-1536x1024.jpg 1536w, https:\/\/der-bauernhofurlaub.de\/wp-content\/uploads\/2021\/09\/Ferienhaus-1_Badezimmer_1-2048x1365.jpg 2048w\" sizes=\"(max-width: 149px) 100vw, 149px\" \/>\t\t<\/div>\n\t\t\t<\/div><\/li>\n\t<li data-index=\"11\">\n\t<div class=\"slide-inner-wrap\">\n\t\t<div class=\"slide-image gallery-icon\"><img decoding=\"async\" src=\"https:\/\/der-bauernhofurlaub.de\/wp-content\/uploads\/2021\/09\/Ferienhaus-1_Flur-1024x683-149x100.jpg\" height=\"100\" class=\" wp-post-image wp-image-413\" alt=\"Ferienhaus 1_Flur\" srcset=\"https:\/\/der-bauernhofurlaub.de\/wp-content\/uploads\/2021\/09\/Ferienhaus-1_Flur-1024x683-149x100.jpg 149w, https:\/\/der-bauernhofurlaub.de\/wp-content\/uploads\/2021\/09\/Ferienhaus-1_Flur-300x200.jpg 300w, https:\/\/der-bauernhofurlaub.de\/wp-content\/uploads\/2021\/09\/Ferienhaus-1_Flur-1024x683.jpg 1024w, https:\/\/der-bauernhofurlaub.de\/wp-content\/uploads\/2021\/09\/Ferienhaus-1_Flur-768x512.jpg 768w, https:\/\/der-bauernhofurlaub.de\/wp-content\/uploads\/2021\/09\/Ferienhaus-1_Flur-1536x1024.jpg 1536w, https:\/\/der-bauernhofurlaub.de\/wp-content\/uploads\/2021\/09\/Ferienhaus-1_Flur-2048x1365.jpg 2048w\" sizes=\"(max-width: 149px) 100vw, 149px\" \/>\t\t<\/div>\n\t\t\t<\/div><\/li>\n\t<li data-index=\"12\">\n\t<div class=\"slide-inner-wrap\">\n\t\t<div class=\"slide-image gallery-icon\"><img decoding=\"async\" src=\"https:\/\/der-bauernhofurlaub.de\/wp-content\/uploads\/2021\/09\/Ferienhaus-1_Badezimmer_2-1024x683-149x100.jpg\" height=\"100\" class=\" wp-post-image wp-image-411\" alt=\"Ferienhaus 1_Badezimmer_2\" srcset=\"https:\/\/der-bauernhofurlaub.de\/wp-content\/uploads\/2021\/09\/Ferienhaus-1_Badezimmer_2-1024x683-149x100.jpg 149w, https:\/\/der-bauernhofurlaub.de\/wp-content\/uploads\/2021\/09\/Ferienhaus-1_Badezimmer_2-300x200.jpg 300w, https:\/\/der-bauernhofurlaub.de\/wp-content\/uploads\/2021\/09\/Ferienhaus-1_Badezimmer_2-1024x683.jpg 1024w, https:\/\/der-bauernhofurlaub.de\/wp-content\/uploads\/2021\/09\/Ferienhaus-1_Badezimmer_2-768x512.jpg 768w, https:\/\/der-bauernhofurlaub.de\/wp-content\/uploads\/2021\/09\/Ferienhaus-1_Badezimmer_2-1536x1024.jpg 1536w, https:\/\/der-bauernhofurlaub.de\/wp-content\/uploads\/2021\/09\/Ferienhaus-1_Badezimmer_2-2048x1365.jpg 2048w\" sizes=\"(max-width: 149px) 100vw, 149px\" \/>\t\t<\/div>\n\t\t\t<\/div><\/li>\n\t<li data-index=\"13\">\n\t<div class=\"slide-inner-wrap\">\n\t\t<div class=\"slide-image gallery-icon\"><img decoding=\"async\" src=\"https:\/\/der-bauernhofurlaub.de\/wp-content\/uploads\/2021\/09\/Ferienhaus-1_Ku\u0308che-1024x683-149x100.jpg\" height=\"100\" class=\" wp-post-image wp-image-417\" alt=\"Ferienhaus 1_Ku\u0308che\" srcset=\"https:\/\/der-bauernhofurlaub.de\/wp-content\/uploads\/2021\/09\/Ferienhaus-1_Ku\u0308che-1024x683-149x100.jpg 149w, https:\/\/der-bauernhofurlaub.de\/wp-content\/uploads\/2021\/09\/Ferienhaus-1_Ku\u0308che-300x200.jpg 300w, https:\/\/der-bauernhofurlaub.de\/wp-content\/uploads\/2021\/09\/Ferienhaus-1_Ku\u0308che-1024x683.jpg 1024w, https:\/\/der-bauernhofurlaub.de\/wp-content\/uploads\/2021\/09\/Ferienhaus-1_Ku\u0308che-768x512.jpg 768w, https:\/\/der-bauernhofurlaub.de\/wp-content\/uploads\/2021\/09\/Ferienhaus-1_Ku\u0308che-1536x1024.jpg 1536w, https:\/\/der-bauernhofurlaub.de\/wp-content\/uploads\/2021\/09\/Ferienhaus-1_Ku\u0308che-2048x1365.jpg 2048w\" sizes=\"(max-width: 149px) 100vw, 149px\" \/>\t\t<\/div>\n\t\t\t<\/div><\/li>\n\t<li data-index=\"14\">\n\t<div class=\"slide-inner-wrap\">\n\t\t<div class=\"slide-image gallery-icon\"><img decoding=\"async\" src=\"https:\/\/der-bauernhofurlaub.de\/wp-content\/uploads\/2021\/09\/Ferienhaus-1_Schlafzimmer_1_Bett-1024x683-149x100.jpg\" height=\"100\" class=\" wp-post-image wp-image-419\" alt=\"Ferienhaus 1_Schlafzimmer_1_Bett\" srcset=\"https:\/\/der-bauernhofurlaub.de\/wp-content\/uploads\/2021\/09\/Ferienhaus-1_Schlafzimmer_1_Bett-1024x683-149x100.jpg 149w, https:\/\/der-bauernhofurlaub.de\/wp-content\/uploads\/2021\/09\/Ferienhaus-1_Schlafzimmer_1_Bett-300x200.jpg 300w, https:\/\/der-bauernhofurlaub.de\/wp-content\/uploads\/2021\/09\/Ferienhaus-1_Schlafzimmer_1_Bett-1024x683.jpg 1024w, https:\/\/der-bauernhofurlaub.de\/wp-content\/uploads\/2021\/09\/Ferienhaus-1_Schlafzimmer_1_Bett-768x512.jpg 768w, https:\/\/der-bauernhofurlaub.de\/wp-content\/uploads\/2021\/09\/Ferienhaus-1_Schlafzimmer_1_Bett-1536x1024.jpg 1536w, https:\/\/der-bauernhofurlaub.de\/wp-content\/uploads\/2021\/09\/Ferienhaus-1_Schlafzimmer_1_Bett-2048x1365.jpg 2048w\" sizes=\"(max-width: 149px) 100vw, 149px\" \/>\t\t<\/div>\n\t\t\t<\/div><\/li>\n\t<li data-index=\"15\">\n\t<div class=\"slide-inner-wrap\">\n\t\t<div class=\"slide-image gallery-icon\"><img decoding=\"async\" src=\"https:\/\/der-bauernhofurlaub.de\/wp-content\/uploads\/2021\/09\/Ferienhaus-1_Ga\u0308stezimmer_Bett-1024x683-149x100.jpg\" height=\"100\" class=\" wp-post-image wp-image-416\" alt=\"Ferienhaus 1_Ga\u0308stezimmer_Bett\" srcset=\"https:\/\/der-bauernhofurlaub.de\/wp-content\/uploads\/2021\/09\/Ferienhaus-1_Ga\u0308stezimmer_Bett-1024x683-149x100.jpg 149w, https:\/\/der-bauernhofurlaub.de\/wp-content\/uploads\/2021\/09\/Ferienhaus-1_Ga\u0308stezimmer_Bett-300x200.jpg 300w, https:\/\/der-bauernhofurlaub.de\/wp-content\/uploads\/2021\/09\/Ferienhaus-1_Ga\u0308stezimmer_Bett-1024x683.jpg 1024w, https:\/\/der-bauernhofurlaub.de\/wp-content\/uploads\/2021\/09\/Ferienhaus-1_Ga\u0308stezimmer_Bett-768x512.jpg 768w, https:\/\/der-bauernhofurlaub.de\/wp-content\/uploads\/2021\/09\/Ferienhaus-1_Ga\u0308stezimmer_Bett-1536x1024.jpg 1536w, https:\/\/der-bauernhofurlaub.de\/wp-content\/uploads\/2021\/09\/Ferienhaus-1_Ga\u0308stezimmer_Bett-2048x1365.jpg 2048w\" sizes=\"(max-width: 149px) 100vw, 149px\" \/>\t\t<\/div>\n\t\t\t<\/div><\/li>\n\t<li data-index=\"16\">\n\t<div class=\"slide-inner-wrap\">\n\t\t<div class=\"slide-image gallery-icon\"><img decoding=\"async\" src=\"https:\/\/der-bauernhofurlaub.de\/wp-content\/uploads\/2021\/09\/Ferienhaus-1_Schlafzimmer_2_Bett-1024x683-149x100.jpg\" height=\"100\" class=\" wp-post-image wp-image-420\" alt=\"Ferienhaus 1_Schlafzimmer_2_Bett\" srcset=\"https:\/\/der-bauernhofurlaub.de\/wp-content\/uploads\/2021\/09\/Ferienhaus-1_Schlafzimmer_2_Bett-1024x683-149x100.jpg 149w, https:\/\/der-bauernhofurlaub.de\/wp-content\/uploads\/2021\/09\/Ferienhaus-1_Schlafzimmer_2_Bett-300x200.jpg 300w, https:\/\/der-bauernhofurlaub.de\/wp-content\/uploads\/2021\/09\/Ferienhaus-1_Schlafzimmer_2_Bett-1024x683.jpg 1024w, https:\/\/der-bauernhofurlaub.de\/wp-content\/uploads\/2021\/09\/Ferienhaus-1_Schlafzimmer_2_Bett-768x512.jpg 768w, https:\/\/der-bauernhofurlaub.de\/wp-content\/uploads\/2021\/09\/Ferienhaus-1_Schlafzimmer_2_Bett-1536x1024.jpg 1536w, https:\/\/der-bauernhofurlaub.de\/wp-content\/uploads\/2021\/09\/Ferienhaus-1_Schlafzimmer_2_Bett-2048x1365.jpg 2048w\" sizes=\"(max-width: 149px) 100vw, 149px\" \/>\t\t<\/div>\n\t\t\t<\/div><\/li>\n\t<li data-index=\"17\">\n\t<div class=\"slide-inner-wrap\">\n\t\t<div class=\"slide-image gallery-icon\"><img decoding=\"async\" src=\"https:\/\/der-bauernhofurlaub.de\/wp-content\/uploads\/2021\/09\/Ferienhaus-1_Schlafzimmer_Fenster-682x1024-66x100.jpeg\" height=\"100\" class=\" wp-post-image wp-image-422\" alt=\"Ferienhaus 1_Schlafzimmer_Fenster\" srcset=\"https:\/\/der-bauernhofurlaub.de\/wp-content\/uploads\/2021\/09\/Ferienhaus-1_Schlafzimmer_Fenster-682x1024-66x100.jpeg 66w, https:\/\/der-bauernhofurlaub.de\/wp-content\/uploads\/2021\/09\/Ferienhaus-1_Schlafzimmer_Fenster-200x300.jpeg 200w, https:\/\/der-bauernhofurlaub.de\/wp-content\/uploads\/2021\/09\/Ferienhaus-1_Schlafzimmer_Fenster-682x1024.jpeg 682w, https:\/\/der-bauernhofurlaub.de\/wp-content\/uploads\/2021\/09\/Ferienhaus-1_Schlafzimmer_Fenster-768x1152.jpeg 768w, https:\/\/der-bauernhofurlaub.de\/wp-content\/uploads\/2021\/09\/Ferienhaus-1_Schlafzimmer_Fenster-1024x1536.jpeg 1024w, https:\/\/der-bauernhofurlaub.de\/wp-content\/uploads\/2021\/09\/Ferienhaus-1_Schlafzimmer_Fenster-1365x2048.jpeg 1365w, https:\/\/der-bauernhofurlaub.de\/wp-content\/uploads\/2021\/09\/Ferienhaus-1_Schlafzimmer_Fenster-scaled.jpeg 1706w\" sizes=\"(max-width: 66px) 100vw, 66px\" \/>\t\t<\/div>\n\t\t\t<\/div><\/li>\n\t<li data-index=\"18\">\n\t<div class=\"slide-inner-wrap\">\n\t\t<div class=\"slide-image gallery-icon\"><img decoding=\"async\" src=\"https:\/\/der-bauernhofurlaub.de\/wp-content\/uploads\/2021\/09\/Ferienhaus-1_Terasse_Tisch_1-683x1024-66x100.jpeg\" height=\"100\" class=\" wp-post-image wp-image-425\" alt=\"Ferienhaus 1_Terasse_Tisch_1\" srcset=\"https:\/\/der-bauernhofurlaub.de\/wp-content\/uploads\/2021\/09\/Ferienhaus-1_Terasse_Tisch_1-683x1024-66x100.jpeg 66w, https:\/\/der-bauernhofurlaub.de\/wp-content\/uploads\/2021\/09\/Ferienhaus-1_Terasse_Tisch_1-200x300.jpeg 200w, https:\/\/der-bauernhofurlaub.de\/wp-content\/uploads\/2021\/09\/Ferienhaus-1_Terasse_Tisch_1-683x1024.jpeg 683w, https:\/\/der-bauernhofurlaub.de\/wp-content\/uploads\/2021\/09\/Ferienhaus-1_Terasse_Tisch_1-768x1152.jpeg 768w, https:\/\/der-bauernhofurlaub.de\/wp-content\/uploads\/2021\/09\/Ferienhaus-1_Terasse_Tisch_1-1024x1536.jpeg 1024w, https:\/\/der-bauernhofurlaub.de\/wp-content\/uploads\/2021\/09\/Ferienhaus-1_Terasse_Tisch_1-1365x2048.jpeg 1365w, https:\/\/der-bauernhofurlaub.de\/wp-content\/uploads\/2021\/09\/Ferienhaus-1_Terasse_Tisch_1-scaled.jpeg 1707w\" sizes=\"(max-width: 66px) 100vw, 66px\" \/>\t\t<\/div>\n\t\t\t<\/div><\/li>\n\t<li data-index=\"19\">\n\t<div class=\"slide-inner-wrap\">\n\t\t<div class=\"slide-image gallery-icon\"><img decoding=\"async\" src=\"https:\/\/der-bauernhofurlaub.de\/wp-content\/uploads\/2021\/09\/Ferienhaus-1_Terasse_Tisch_2-1024x683-149x100.jpeg\" height=\"100\" class=\" wp-post-image wp-image-426\" alt=\"Ferienhaus 1_Terasse_Tisch_2\" srcset=\"https:\/\/der-bauernhofurlaub.de\/wp-content\/uploads\/2021\/09\/Ferienhaus-1_Terasse_Tisch_2-1024x683-149x100.jpeg 149w, https:\/\/der-bauernhofurlaub.de\/wp-content\/uploads\/2021\/09\/Ferienhaus-1_Terasse_Tisch_2-300x200.jpeg 300w, https:\/\/der-bauernhofurlaub.de\/wp-content\/uploads\/2021\/09\/Ferienhaus-1_Terasse_Tisch_2-1024x683.jpeg 1024w, https:\/\/der-bauernhofurlaub.de\/wp-content\/uploads\/2021\/09\/Ferienhaus-1_Terasse_Tisch_2-768x512.jpeg 768w, https:\/\/der-bauernhofurlaub.de\/wp-content\/uploads\/2021\/09\/Ferienhaus-1_Terasse_Tisch_2-1536x1024.jpeg 1536w, https:\/\/der-bauernhofurlaub.de\/wp-content\/uploads\/2021\/09\/Ferienhaus-1_Terasse_Tisch_2-2048x1365.jpeg 2048w\" sizes=\"(max-width: 149px) 100vw, 149px\" \/>\t\t<\/div>\n\t\t\t<\/div><\/li>\n\t<li data-index=\"20\">\n\t<div class=\"slide-inner-wrap\">\n\t\t<div class=\"slide-image gallery-icon\"><img decoding=\"async\" src=\"https:\/\/der-bauernhofurlaub.de\/wp-content\/uploads\/2021\/09\/Ferienhaus-1_Terasse_Tisch_3-1024x683-149x100.jpeg\" height=\"100\" class=\" wp-post-image wp-image-427\" alt=\"Ferienhaus 1_Terasse_Tisch_3\" srcset=\"https:\/\/der-bauernhofurlaub.de\/wp-content\/uploads\/2021\/09\/Ferienhaus-1_Terasse_Tisch_3-1024x683-149x100.jpeg 149w, https:\/\/der-bauernhofurlaub.de\/wp-content\/uploads\/2021\/09\/Ferienhaus-1_Terasse_Tisch_3-300x200.jpeg 300w, https:\/\/der-bauernhofurlaub.de\/wp-content\/uploads\/2021\/09\/Ferienhaus-1_Terasse_Tisch_3-1024x683.jpeg 1024w, https:\/\/der-bauernhofurlaub.de\/wp-content\/uploads\/2021\/09\/Ferienhaus-1_Terasse_Tisch_3-768x512.jpeg 768w, https:\/\/der-bauernhofurlaub.de\/wp-content\/uploads\/2021\/09\/Ferienhaus-1_Terasse_Tisch_3-1536x1024.jpeg 1536w, https:\/\/der-bauernhofurlaub.de\/wp-content\/uploads\/2021\/09\/Ferienhaus-1_Terasse_Tisch_3-2048x1366.jpeg 2048w\" sizes=\"(max-width: 149px) 100vw, 149px\" \/>\t\t<\/div>\n\t\t\t<\/div><\/li>\n\t<li data-index=\"21\">\n\t<div class=\"slide-inner-wrap\">\n\t\t<div class=\"slide-image gallery-icon\"><img decoding=\"async\" src=\"https:\/\/der-bauernhofurlaub.de\/wp-content\/uploads\/2021\/09\/Ferienhaus-1_Terasse_Tisch_4-683x1024-66x100.jpeg\" height=\"100\" class=\" wp-post-image wp-image-428\" alt=\"Ferienhaus 1_Terasse_Tisch_4\" srcset=\"https:\/\/der-bauernhofurlaub.de\/wp-content\/uploads\/2021\/09\/Ferienhaus-1_Terasse_Tisch_4-683x1024-66x100.jpeg 66w, https:\/\/der-bauernhofurlaub.de\/wp-content\/uploads\/2021\/09\/Ferienhaus-1_Terasse_Tisch_4-200x300.jpeg 200w, https:\/\/der-bauernhofurlaub.de\/wp-content\/uploads\/2021\/09\/Ferienhaus-1_Terasse_Tisch_4-683x1024.jpeg 683w, https:\/\/der-bauernhofurlaub.de\/wp-content\/uploads\/2021\/09\/Ferienhaus-1_Terasse_Tisch_4-768x1152.jpeg 768w, https:\/\/der-bauernhofurlaub.de\/wp-content\/uploads\/2021\/09\/Ferienhaus-1_Terasse_Tisch_4-1024x1536.jpeg 1024w, https:\/\/der-bauernhofurlaub.de\/wp-content\/uploads\/2021\/09\/Ferienhaus-1_Terasse_Tisch_4-1365x2048.jpeg 1365w, https:\/\/der-bauernhofurlaub.de\/wp-content\/uploads\/2021\/09\/Ferienhaus-1_Terasse_Tisch_4-scaled.jpeg 1707w\" sizes=\"(max-width: 66px) 100vw, 66px\" \/>\t\t<\/div>\n\t\t\t<\/div><\/li>\n\t<li data-index=\"22\">\n\t<div class=\"slide-inner-wrap\">\n\t\t<div class=\"slide-image gallery-icon\"><img decoding=\"async\" src=\"https:\/\/der-bauernhofurlaub.de\/wp-content\/uploads\/2021\/09\/Ferienhaus-1_Wohnzimmer_1-1024x683-149x100.jpg\" height=\"100\" class=\" wp-post-image wp-image-431\" alt=\"Ferienhaus 1_Wohnzimmer_1\" srcset=\"https:\/\/der-bauernhofurlaub.de\/wp-content\/uploads\/2021\/09\/Ferienhaus-1_Wohnzimmer_1-1024x683-149x100.jpg 149w, https:\/\/der-bauernhofurlaub.de\/wp-content\/uploads\/2021\/09\/Ferienhaus-1_Wohnzimmer_1-300x200.jpg 300w, https:\/\/der-bauernhofurlaub.de\/wp-content\/uploads\/2021\/09\/Ferienhaus-1_Wohnzimmer_1-1024x683.jpg 1024w, https:\/\/der-bauernhofurlaub.de\/wp-content\/uploads\/2021\/09\/Ferienhaus-1_Wohnzimmer_1-768x512.jpg 768w, https:\/\/der-bauernhofurlaub.de\/wp-content\/uploads\/2021\/09\/Ferienhaus-1_Wohnzimmer_1-1536x1024.jpg 1536w, https:\/\/der-bauernhofurlaub.de\/wp-content\/uploads\/2021\/09\/Ferienhaus-1_Wohnzimmer_1-2048x1365.jpg 2048w\" sizes=\"(max-width: 149px) 100vw, 149px\" \/>\t\t<\/div>\n\t\t\t<\/div><\/li>\n\t<li data-index=\"23\">\n\t<div class=\"slide-inner-wrap\">\n\t\t<div class=\"slide-image gallery-icon\"><img decoding=\"async\" src=\"https:\/\/der-bauernhofurlaub.de\/wp-content\/uploads\/2021\/09\/Ferienhaus-1_Wohnzimmer_2-1024x683-149x100.jpg\" height=\"100\" class=\" wp-post-image wp-image-432\" alt=\"Ferienhaus 1_Wohnzimmer_2\" srcset=\"https:\/\/der-bauernhofurlaub.de\/wp-content\/uploads\/2021\/09\/Ferienhaus-1_Wohnzimmer_2-1024x683-149x100.jpg 149w, https:\/\/der-bauernhofurlaub.de\/wp-content\/uploads\/2021\/09\/Ferienhaus-1_Wohnzimmer_2-300x200.jpg 300w, https:\/\/der-bauernhofurlaub.de\/wp-content\/uploads\/2021\/09\/Ferienhaus-1_Wohnzimmer_2-1024x683.jpg 1024w, https:\/\/der-bauernhofurlaub.de\/wp-content\/uploads\/2021\/09\/Ferienhaus-1_Wohnzimmer_2-768x512.jpg 768w, https:\/\/der-bauernhofurlaub.de\/wp-content\/uploads\/2021\/09\/Ferienhaus-1_Wohnzimmer_2-1536x1024.jpg 1536w, https:\/\/der-bauernhofurlaub.de\/wp-content\/uploads\/2021\/09\/Ferienhaus-1_Wohnzimmer_2-2048x1365.jpg 2048w\" sizes=\"(max-width: 149px) 100vw, 149px\" \/>\t\t<\/div>\n\t\t\t<\/div><\/li>\n\t<li data-index=\"24\">\n\t<div class=\"slide-inner-wrap\">\n\t\t<div class=\"slide-image gallery-icon\"><img decoding=\"async\" src=\"https:\/\/der-bauernhofurlaub.de\/wp-content\/uploads\/2021\/09\/Ferienhaus-1_Wohnzimmer_3-1024x683-149x100.jpg\" height=\"100\" class=\" wp-post-image wp-image-433\" alt=\"Ferienhaus 1_Wohnzimmer_3\" srcset=\"https:\/\/der-bauernhofurlaub.de\/wp-content\/uploads\/2021\/09\/Ferienhaus-1_Wohnzimmer_3-1024x683-149x100.jpg 149w, https:\/\/der-bauernhofurlaub.de\/wp-content\/uploads\/2021\/09\/Ferienhaus-1_Wohnzimmer_3-300x200.jpg 300w, https:\/\/der-bauernhofurlaub.de\/wp-content\/uploads\/2021\/09\/Ferienhaus-1_Wohnzimmer_3-1024x683.jpg 1024w, https:\/\/der-bauernhofurlaub.de\/wp-content\/uploads\/2021\/09\/Ferienhaus-1_Wohnzimmer_3-768x512.jpg 768w, https:\/\/der-bauernhofurlaub.de\/wp-content\/uploads\/2021\/09\/Ferienhaus-1_Wohnzimmer_3-1536x1024.jpg 1536w, https:\/\/der-bauernhofurlaub.de\/wp-content\/uploads\/2021\/09\/Ferienhaus-1_Wohnzimmer_3-2048x1365.jpg 2048w\" sizes=\"(max-width: 149px) 100vw, 149px\" \/>\t\t<\/div>\n\t\t\t<\/div><\/li>\n\t<li data-index=\"25\">\n\t<div class=\"slide-inner-wrap\">\n\t\t<div class=\"slide-image gallery-icon\"><img decoding=\"async\" src=\"https:\/\/der-bauernhofurlaub.de\/wp-content\/uploads\/2021\/09\/Ferienhaus-1_Wohnzimmer_Blume-1024x683-149x100.jpeg\" height=\"100\" class=\" wp-post-image wp-image-434\" alt=\"Ferienhaus 1_Wohnzimmer_Blume\" srcset=\"https:\/\/der-bauernhofurlaub.de\/wp-content\/uploads\/2021\/09\/Ferienhaus-1_Wohnzimmer_Blume-1024x683-149x100.jpeg 149w, https:\/\/der-bauernhofurlaub.de\/wp-content\/uploads\/2021\/09\/Ferienhaus-1_Wohnzimmer_Blume-300x200.jpeg 300w, https:\/\/der-bauernhofurlaub.de\/wp-content\/uploads\/2021\/09\/Ferienhaus-1_Wohnzimmer_Blume-1024x683.jpeg 1024w, https:\/\/der-bauernhofurlaub.de\/wp-content\/uploads\/2021\/09\/Ferienhaus-1_Wohnzimmer_Blume-768x512.jpeg 768w, https:\/\/der-bauernhofurlaub.de\/wp-content\/uploads\/2021\/09\/Ferienhaus-1_Wohnzimmer_Blume-1536x1024.jpeg 1536w, https:\/\/der-bauernhofurlaub.de\/wp-content\/uploads\/2021\/09\/Ferienhaus-1_Wohnzimmer_Blume-2048x1365.jpeg 2048w\" sizes=\"(max-width: 149px) 100vw, 149px\" \/>\t\t<\/div>\n\t\t\t<\/div><\/li>\n<\/ul>\n\n    <\/div>\n    <!-- \/module gallery -->\n\t        <\/div>\n\t    \t<\/div>\n\t\t    <\/div>\n\t    <!-- \/row_inner -->\n\t<\/div>\n\t<!-- \/module_row -->\n\t\t<!-- module_row -->\n\t<div   class=\"themify_builder_row module_row clearfix module_row_3 themify_builder_50_row module_row_50-3 tb_omea645\">\n\t    \t    <div class=\"row_inner col_align_middle\"   data-mobile_dir=\"rtl\">\n\t\t\t<div  class=\"module_column tb-column col2-1 first tb_50_column module_column_0 module_column_50-3-0 tb_juk3648\">\n\t    \t    \t        <div class=\"tb-column-inner\">\n\t\t        <!-- module gallery -->\n    <div  class=\"module gallery module-gallery tb_qznl693 gallery-columns-2  layout-slider rounded drop-shadow  \">\n\t                \n<ul class=\"themify_builder_slider\"\n\tdata-id=\"tb_qznl693\"\n\tdata-visible=\"1\" \n\tdata-mob-visible=\"1\"\n\tdata-scroll=\"1\" \n\tdata-auto-scroll=\"4\"\n\tdata-speed=\"1\"\n\tdata-wrap=\"yes\"\n\tdata-arrow=\"\"\n\tdata-pagination=\"0\"\n\tdata-effect=\"scroll\" \n\tdata-height=\"variable\"\n\tdata-sync=\"#tb_qznl693-thumbs\"\tdata-pause-on-hover=\"resume\">\n\n\t<li data-index=\"0\">\n\t<div class=\"slide-inner-wrap\">\n\t\t<div class=\"slide-image gallery-icon\"><a href=\"https:\/\/der-bauernhofurlaub.de\/wp-content\/uploads\/2021\/09\/Ferienhaus-2_2.Badezimmer-scaled.jpg\" class=\"themify_lightbox\"><img loading=\"lazy\" decoding=\"async\" width=\"2560\" height=\"1707\" src=\"https:\/\/der-bauernhofurlaub.de\/wp-content\/uploads\/2021\/09\/Ferienhaus-2_2.Badezimmer-scaled.jpg\" class=\" wp-post-image wp-image-438\" alt=\"Ferienhaus 2_2.Badezimmer\" srcset=\"https:\/\/der-bauernhofurlaub.de\/wp-content\/uploads\/2021\/09\/Ferienhaus-2_2.Badezimmer-scaled.jpg 2560w, https:\/\/der-bauernhofurlaub.de\/wp-content\/uploads\/2021\/09\/Ferienhaus-2_2.Badezimmer-300x200.jpg 300w, https:\/\/der-bauernhofurlaub.de\/wp-content\/uploads\/2021\/09\/Ferienhaus-2_2.Badezimmer-1024x683.jpg 1024w, https:\/\/der-bauernhofurlaub.de\/wp-content\/uploads\/2021\/09\/Ferienhaus-2_2.Badezimmer-768x512.jpg 768w, https:\/\/der-bauernhofurlaub.de\/wp-content\/uploads\/2021\/09\/Ferienhaus-2_2.Badezimmer-1536x1024.jpg 1536w, https:\/\/der-bauernhofurlaub.de\/wp-content\/uploads\/2021\/09\/Ferienhaus-2_2.Badezimmer-2048x1365.jpg 2048w, https:\/\/der-bauernhofurlaub.de\/wp-content\/uploads\/2021\/09\/Ferienhaus-2_2.Badezimmer-1024x683-149x100.jpg 149w\" sizes=\"auto, (max-width: 2560px) 100vw, 2560px\" \/><\/a>\t\t<\/div>\n\t\t\t<\/div><\/li>\n\t<li data-index=\"1\">\n\t<div class=\"slide-inner-wrap\">\n\t\t<div class=\"slide-image gallery-icon\"><a href=\"https:\/\/der-bauernhofurlaub.de\/wp-content\/uploads\/2021\/09\/Ferienhaus-2_Wohnzimmer_4-scaled.jpg\" class=\"themify_lightbox\"><img loading=\"lazy\" decoding=\"async\" width=\"2560\" height=\"1707\" src=\"https:\/\/der-bauernhofurlaub.de\/wp-content\/uploads\/2021\/09\/Ferienhaus-2_Wohnzimmer_4-scaled.jpg\" class=\" wp-post-image wp-image-453\" alt=\"Ferienhaus 2_Wohnzimmer_4\" srcset=\"https:\/\/der-bauernhofurlaub.de\/wp-content\/uploads\/2021\/09\/Ferienhaus-2_Wohnzimmer_4-scaled.jpg 2560w, https:\/\/der-bauernhofurlaub.de\/wp-content\/uploads\/2021\/09\/Ferienhaus-2_Wohnzimmer_4-300x200.jpg 300w, https:\/\/der-bauernhofurlaub.de\/wp-content\/uploads\/2021\/09\/Ferienhaus-2_Wohnzimmer_4-1024x683.jpg 1024w, https:\/\/der-bauernhofurlaub.de\/wp-content\/uploads\/2021\/09\/Ferienhaus-2_Wohnzimmer_4-768x512.jpg 768w, https:\/\/der-bauernhofurlaub.de\/wp-content\/uploads\/2021\/09\/Ferienhaus-2_Wohnzimmer_4-1536x1024.jpg 1536w, https:\/\/der-bauernhofurlaub.de\/wp-content\/uploads\/2021\/09\/Ferienhaus-2_Wohnzimmer_4-2048x1365.jpg 2048w, https:\/\/der-bauernhofurlaub.de\/wp-content\/uploads\/2021\/09\/Ferienhaus-2_Wohnzimmer_4-1024x683-149x100.jpg 149w\" sizes=\"auto, (max-width: 2560px) 100vw, 2560px\" \/><\/a>\t\t<\/div>\n\t\t\t<\/div><\/li>\n\t<li data-index=\"2\">\n\t<div class=\"slide-inner-wrap\">\n\t\t<div class=\"slide-image gallery-icon\"><a href=\"https:\/\/der-bauernhofurlaub.de\/wp-content\/uploads\/2021\/09\/Ferienhaus-2_2.-Schlafzimmer_1-scaled.jpg\" class=\"themify_lightbox\"><img loading=\"lazy\" decoding=\"async\" width=\"2560\" height=\"1707\" src=\"https:\/\/der-bauernhofurlaub.de\/wp-content\/uploads\/2021\/09\/Ferienhaus-2_2.-Schlafzimmer_1-scaled.jpg\" class=\" wp-post-image wp-image-436\" alt=\"Ferienhaus 2_2. Schlafzimmer_1\" srcset=\"https:\/\/der-bauernhofurlaub.de\/wp-content\/uploads\/2021\/09\/Ferienhaus-2_2.-Schlafzimmer_1-scaled.jpg 2560w, https:\/\/der-bauernhofurlaub.de\/wp-content\/uploads\/2021\/09\/Ferienhaus-2_2.-Schlafzimmer_1-300x200.jpg 300w, https:\/\/der-bauernhofurlaub.de\/wp-content\/uploads\/2021\/09\/Ferienhaus-2_2.-Schlafzimmer_1-1024x683.jpg 1024w, https:\/\/der-bauernhofurlaub.de\/wp-content\/uploads\/2021\/09\/Ferienhaus-2_2.-Schlafzimmer_1-768x512.jpg 768w, https:\/\/der-bauernhofurlaub.de\/wp-content\/uploads\/2021\/09\/Ferienhaus-2_2.-Schlafzimmer_1-1536x1024.jpg 1536w, https:\/\/der-bauernhofurlaub.de\/wp-content\/uploads\/2021\/09\/Ferienhaus-2_2.-Schlafzimmer_1-2048x1365.jpg 2048w, https:\/\/der-bauernhofurlaub.de\/wp-content\/uploads\/2021\/09\/Ferienhaus-2_2.-Schlafzimmer_1-1024x683-149x100.jpg 149w\" sizes=\"auto, (max-width: 2560px) 100vw, 2560px\" \/><\/a>\t\t<\/div>\n\t\t\t<\/div><\/li>\n\t<li data-index=\"3\">\n\t<div class=\"slide-inner-wrap\">\n\t\t<div class=\"slide-image gallery-icon\"><a href=\"https:\/\/der-bauernhofurlaub.de\/wp-content\/uploads\/2021\/09\/Ferienhaus-2_Schlafzimmer-scaled.jpg\" class=\"themify_lightbox\"><img loading=\"lazy\" decoding=\"async\" width=\"2560\" height=\"1707\" src=\"https:\/\/der-bauernhofurlaub.de\/wp-content\/uploads\/2021\/09\/Ferienhaus-2_Schlafzimmer-scaled.jpg\" class=\" wp-post-image wp-image-445\" alt=\"Ferienhaus 2_Schlafzimmer\" srcset=\"https:\/\/der-bauernhofurlaub.de\/wp-content\/uploads\/2021\/09\/Ferienhaus-2_Schlafzimmer-scaled.jpg 2560w, https:\/\/der-bauernhofurlaub.de\/wp-content\/uploads\/2021\/09\/Ferienhaus-2_Schlafzimmer-300x200.jpg 300w, https:\/\/der-bauernhofurlaub.de\/wp-content\/uploads\/2021\/09\/Ferienhaus-2_Schlafzimmer-1024x683.jpg 1024w, https:\/\/der-bauernhofurlaub.de\/wp-content\/uploads\/2021\/09\/Ferienhaus-2_Schlafzimmer-768x512.jpg 768w, https:\/\/der-bauernhofurlaub.de\/wp-content\/uploads\/2021\/09\/Ferienhaus-2_Schlafzimmer-1536x1024.jpg 1536w, https:\/\/der-bauernhofurlaub.de\/wp-content\/uploads\/2021\/09\/Ferienhaus-2_Schlafzimmer-2048x1365.jpg 2048w, https:\/\/der-bauernhofurlaub.de\/wp-content\/uploads\/2021\/09\/Ferienhaus-2_Schlafzimmer-1024x683-149x100.jpg 149w\" sizes=\"auto, (max-width: 2560px) 100vw, 2560px\" \/><\/a>\t\t<\/div>\n\t\t\t<\/div><\/li>\n\t<li data-index=\"4\">\n\t<div class=\"slide-inner-wrap\">\n\t\t<div class=\"slide-image gallery-icon\"><a href=\"https:\/\/der-bauernhofurlaub.de\/wp-content\/uploads\/2021\/09\/Ferienhaus-2_Badezimmer_1-scaled.jpg\" class=\"themify_lightbox\"><img loading=\"lazy\" decoding=\"async\" width=\"2560\" height=\"1707\" src=\"https:\/\/der-bauernhofurlaub.de\/wp-content\/uploads\/2021\/09\/Ferienhaus-2_Badezimmer_1-scaled.jpg\" class=\" wp-post-image wp-image-439\" alt=\"Ferienhaus 2_Badezimmer_1\" srcset=\"https:\/\/der-bauernhofurlaub.de\/wp-content\/uploads\/2021\/09\/Ferienhaus-2_Badezimmer_1-scaled.jpg 2560w, https:\/\/der-bauernhofurlaub.de\/wp-content\/uploads\/2021\/09\/Ferienhaus-2_Badezimmer_1-300x200.jpg 300w, https:\/\/der-bauernhofurlaub.de\/wp-content\/uploads\/2021\/09\/Ferienhaus-2_Badezimmer_1-1024x683.jpg 1024w, https:\/\/der-bauernhofurlaub.de\/wp-content\/uploads\/2021\/09\/Ferienhaus-2_Badezimmer_1-768x512.jpg 768w, https:\/\/der-bauernhofurlaub.de\/wp-content\/uploads\/2021\/09\/Ferienhaus-2_Badezimmer_1-1536x1024.jpg 1536w, https:\/\/der-bauernhofurlaub.de\/wp-content\/uploads\/2021\/09\/Ferienhaus-2_Badezimmer_1-2048x1365.jpg 2048w, https:\/\/der-bauernhofurlaub.de\/wp-content\/uploads\/2021\/09\/Ferienhaus-2_Badezimmer_1-1024x683-149x100.jpg 149w\" sizes=\"auto, (max-width: 2560px) 100vw, 2560px\" \/><\/a>\t\t<\/div>\n\t\t\t<\/div><\/li>\n\t<li data-index=\"5\">\n\t<div class=\"slide-inner-wrap\">\n\t\t<div class=\"slide-image gallery-icon\"><a href=\"https:\/\/der-bauernhofurlaub.de\/wp-content\/uploads\/2021\/09\/Ferienhaus-2_Flur-OG-scaled.jpg\" class=\"themify_lightbox\"><img loading=\"lazy\" decoding=\"async\" width=\"2560\" height=\"1707\" src=\"https:\/\/der-bauernhofurlaub.de\/wp-content\/uploads\/2021\/09\/Ferienhaus-2_Flur-OG-scaled.jpg\" class=\" wp-post-image wp-image-441\" alt=\"Ferienhaus 2_Flur OG\" srcset=\"https:\/\/der-bauernhofurlaub.de\/wp-content\/uploads\/2021\/09\/Ferienhaus-2_Flur-OG-scaled.jpg 2560w, https:\/\/der-bauernhofurlaub.de\/wp-content\/uploads\/2021\/09\/Ferienhaus-2_Flur-OG-300x200.jpg 300w, https:\/\/der-bauernhofurlaub.de\/wp-content\/uploads\/2021\/09\/Ferienhaus-2_Flur-OG-1024x683.jpg 1024w, https:\/\/der-bauernhofurlaub.de\/wp-content\/uploads\/2021\/09\/Ferienhaus-2_Flur-OG-768x512.jpg 768w, https:\/\/der-bauernhofurlaub.de\/wp-content\/uploads\/2021\/09\/Ferienhaus-2_Flur-OG-1536x1024.jpg 1536w, https:\/\/der-bauernhofurlaub.de\/wp-content\/uploads\/2021\/09\/Ferienhaus-2_Flur-OG-2048x1365.jpg 2048w, https:\/\/der-bauernhofurlaub.de\/wp-content\/uploads\/2021\/09\/Ferienhaus-2_Flur-OG-1024x683-149x100.jpg 149w\" sizes=\"auto, (max-width: 2560px) 100vw, 2560px\" \/><\/a>\t\t<\/div>\n\t\t\t<\/div><\/li>\n\t<li data-index=\"6\">\n\t<div class=\"slide-inner-wrap\">\n\t\t<div class=\"slide-image gallery-icon\"><a href=\"https:\/\/der-bauernhofurlaub.de\/wp-content\/uploads\/2021\/09\/Ferienhaus-2_von_aussen_3-scaled.jpg\" class=\"themify_lightbox\"><img loading=\"lazy\" decoding=\"async\" width=\"2560\" height=\"1707\" src=\"https:\/\/der-bauernhofurlaub.de\/wp-content\/uploads\/2021\/09\/Ferienhaus-2_von_aussen_3-scaled.jpg\" class=\" wp-post-image wp-image-449\" alt=\"Ferienhaus 2_von_aussen_3\" srcset=\"https:\/\/der-bauernhofurlaub.de\/wp-content\/uploads\/2021\/09\/Ferienhaus-2_von_aussen_3-scaled.jpg 2560w, https:\/\/der-bauernhofurlaub.de\/wp-content\/uploads\/2021\/09\/Ferienhaus-2_von_aussen_3-300x200.jpg 300w, https:\/\/der-bauernhofurlaub.de\/wp-content\/uploads\/2021\/09\/Ferienhaus-2_von_aussen_3-1024x683.jpg 1024w, https:\/\/der-bauernhofurlaub.de\/wp-content\/uploads\/2021\/09\/Ferienhaus-2_von_aussen_3-768x512.jpg 768w, https:\/\/der-bauernhofurlaub.de\/wp-content\/uploads\/2021\/09\/Ferienhaus-2_von_aussen_3-1536x1024.jpg 1536w, https:\/\/der-bauernhofurlaub.de\/wp-content\/uploads\/2021\/09\/Ferienhaus-2_von_aussen_3-2048x1365.jpg 2048w, https:\/\/der-bauernhofurlaub.de\/wp-content\/uploads\/2021\/09\/Ferienhaus-2_von_aussen_3-1024x683-149x100.jpg 149w\" sizes=\"auto, (max-width: 2560px) 100vw, 2560px\" \/><\/a>\t\t<\/div>\n\t\t\t<\/div><\/li>\n\t<li data-index=\"7\">\n\t<div class=\"slide-inner-wrap\">\n\t\t<div class=\"slide-image gallery-icon\"><a href=\"https:\/\/der-bauernhofurlaub.de\/wp-content\/uploads\/2021\/09\/Ferienhaus-2_Schlafzimmer_Aussicht-scaled.jpg\" class=\"themify_lightbox\"><img loading=\"lazy\" decoding=\"async\" width=\"2560\" height=\"1707\" src=\"https:\/\/der-bauernhofurlaub.de\/wp-content\/uploads\/2021\/09\/Ferienhaus-2_Schlafzimmer_Aussicht-scaled.jpg\" class=\" wp-post-image wp-image-446\" alt=\"Ferienhaus 2_Schlafzimmer_Aussicht\" srcset=\"https:\/\/der-bauernhofurlaub.de\/wp-content\/uploads\/2021\/09\/Ferienhaus-2_Schlafzimmer_Aussicht-scaled.jpg 2560w, https:\/\/der-bauernhofurlaub.de\/wp-content\/uploads\/2021\/09\/Ferienhaus-2_Schlafzimmer_Aussicht-300x200.jpg 300w, https:\/\/der-bauernhofurlaub.de\/wp-content\/uploads\/2021\/09\/Ferienhaus-2_Schlafzimmer_Aussicht-1024x683.jpg 1024w, https:\/\/der-bauernhofurlaub.de\/wp-content\/uploads\/2021\/09\/Ferienhaus-2_Schlafzimmer_Aussicht-768x512.jpg 768w, https:\/\/der-bauernhofurlaub.de\/wp-content\/uploads\/2021\/09\/Ferienhaus-2_Schlafzimmer_Aussicht-1536x1024.jpg 1536w, https:\/\/der-bauernhofurlaub.de\/wp-content\/uploads\/2021\/09\/Ferienhaus-2_Schlafzimmer_Aussicht-2048x1365.jpg 2048w, https:\/\/der-bauernhofurlaub.de\/wp-content\/uploads\/2021\/09\/Ferienhaus-2_Schlafzimmer_Aussicht-1024x683-149x100.jpg 149w\" sizes=\"auto, (max-width: 2560px) 100vw, 2560px\" \/><\/a>\t\t<\/div>\n\t\t\t<\/div><\/li>\n\t<li data-index=\"8\">\n\t<div class=\"slide-inner-wrap\">\n\t\t<div class=\"slide-image gallery-icon\"><a href=\"https:\/\/der-bauernhofurlaub.de\/wp-content\/uploads\/2021\/09\/Ferienhaus-2_Wohnzimmer_1-scaled.jpg\" class=\"themify_lightbox\"><img loading=\"lazy\" decoding=\"async\" width=\"2560\" height=\"1707\" src=\"https:\/\/der-bauernhofurlaub.de\/wp-content\/uploads\/2021\/09\/Ferienhaus-2_Wohnzimmer_1-scaled.jpg\" class=\" wp-post-image wp-image-450\" alt=\"Ferienhaus 2_Wohnzimmer_1\" srcset=\"https:\/\/der-bauernhofurlaub.de\/wp-content\/uploads\/2021\/09\/Ferienhaus-2_Wohnzimmer_1-scaled.jpg 2560w, https:\/\/der-bauernhofurlaub.de\/wp-content\/uploads\/2021\/09\/Ferienhaus-2_Wohnzimmer_1-300x200.jpg 300w, https:\/\/der-bauernhofurlaub.de\/wp-content\/uploads\/2021\/09\/Ferienhaus-2_Wohnzimmer_1-1024x683.jpg 1024w, https:\/\/der-bauernhofurlaub.de\/wp-content\/uploads\/2021\/09\/Ferienhaus-2_Wohnzimmer_1-768x512.jpg 768w, https:\/\/der-bauernhofurlaub.de\/wp-content\/uploads\/2021\/09\/Ferienhaus-2_Wohnzimmer_1-1536x1024.jpg 1536w, https:\/\/der-bauernhofurlaub.de\/wp-content\/uploads\/2021\/09\/Ferienhaus-2_Wohnzimmer_1-2048x1365.jpg 2048w, https:\/\/der-bauernhofurlaub.de\/wp-content\/uploads\/2021\/09\/Ferienhaus-2_Wohnzimmer_1-1024x683-149x100.jpg 149w\" sizes=\"auto, (max-width: 2560px) 100vw, 2560px\" \/><\/a>\t\t<\/div>\n\t\t\t<\/div><\/li>\n\t<li data-index=\"9\">\n\t<div class=\"slide-inner-wrap\">\n\t\t<div class=\"slide-image gallery-icon\"><a href=\"https:\/\/der-bauernhofurlaub.de\/wp-content\/uploads\/2021\/09\/Ferienhaus-2_Wohnzimmer_3-scaled.jpg\" class=\"themify_lightbox\"><img loading=\"lazy\" decoding=\"async\" width=\"2560\" height=\"1707\" src=\"https:\/\/der-bauernhofurlaub.de\/wp-content\/uploads\/2021\/09\/Ferienhaus-2_Wohnzimmer_3-scaled.jpg\" class=\" wp-post-image wp-image-452\" alt=\"Ferienhaus 2_Wohnzimmer_3\" srcset=\"https:\/\/der-bauernhofurlaub.de\/wp-content\/uploads\/2021\/09\/Ferienhaus-2_Wohnzimmer_3-scaled.jpg 2560w, https:\/\/der-bauernhofurlaub.de\/wp-content\/uploads\/2021\/09\/Ferienhaus-2_Wohnzimmer_3-300x200.jpg 300w, https:\/\/der-bauernhofurlaub.de\/wp-content\/uploads\/2021\/09\/Ferienhaus-2_Wohnzimmer_3-1024x683.jpg 1024w, https:\/\/der-bauernhofurlaub.de\/wp-content\/uploads\/2021\/09\/Ferienhaus-2_Wohnzimmer_3-768x512.jpg 768w, https:\/\/der-bauernhofurlaub.de\/wp-content\/uploads\/2021\/09\/Ferienhaus-2_Wohnzimmer_3-1536x1024.jpg 1536w, https:\/\/der-bauernhofurlaub.de\/wp-content\/uploads\/2021\/09\/Ferienhaus-2_Wohnzimmer_3-2048x1365.jpg 2048w, https:\/\/der-bauernhofurlaub.de\/wp-content\/uploads\/2021\/09\/Ferienhaus-2_Wohnzimmer_3-1024x683-149x100.jpg 149w\" sizes=\"auto, (max-width: 2560px) 100vw, 2560px\" \/><\/a>\t\t<\/div>\n\t\t\t<\/div><\/li>\n\t<li data-index=\"10\">\n\t<div class=\"slide-inner-wrap\">\n\t\t<div class=\"slide-image gallery-icon\"><a href=\"https:\/\/der-bauernhofurlaub.de\/wp-content\/uploads\/2021\/09\/Ferienhaus-2_Wohnzimmer_2-scaled.jpg\" class=\"themify_lightbox\"><img loading=\"lazy\" decoding=\"async\" width=\"2560\" height=\"1707\" src=\"https:\/\/der-bauernhofurlaub.de\/wp-content\/uploads\/2021\/09\/Ferienhaus-2_Wohnzimmer_2-scaled.jpg\" class=\" wp-post-image wp-image-451\" alt=\"Ferienhaus 2_Wohnzimmer_2\" srcset=\"https:\/\/der-bauernhofurlaub.de\/wp-content\/uploads\/2021\/09\/Ferienhaus-2_Wohnzimmer_2-scaled.jpg 2560w, https:\/\/der-bauernhofurlaub.de\/wp-content\/uploads\/2021\/09\/Ferienhaus-2_Wohnzimmer_2-300x200.jpg 300w, https:\/\/der-bauernhofurlaub.de\/wp-content\/uploads\/2021\/09\/Ferienhaus-2_Wohnzimmer_2-1024x683.jpg 1024w, https:\/\/der-bauernhofurlaub.de\/wp-content\/uploads\/2021\/09\/Ferienhaus-2_Wohnzimmer_2-768x512.jpg 768w, https:\/\/der-bauernhofurlaub.de\/wp-content\/uploads\/2021\/09\/Ferienhaus-2_Wohnzimmer_2-1536x1024.jpg 1536w, https:\/\/der-bauernhofurlaub.de\/wp-content\/uploads\/2021\/09\/Ferienhaus-2_Wohnzimmer_2-2048x1365.jpg 2048w, https:\/\/der-bauernhofurlaub.de\/wp-content\/uploads\/2021\/09\/Ferienhaus-2_Wohnzimmer_2-1024x683-149x100.jpg 149w\" sizes=\"auto, (max-width: 2560px) 100vw, 2560px\" \/><\/a>\t\t<\/div>\n\t\t\t<\/div><\/li>\n\t<li data-index=\"11\">\n\t<div class=\"slide-inner-wrap\">\n\t\t<div class=\"slide-image gallery-icon\"><a href=\"https:\/\/der-bauernhofurlaub.de\/wp-content\/uploads\/2021\/09\/Ferienhaus-2_Badezimmer_2-scaled.jpg\" class=\"themify_lightbox\"><img loading=\"lazy\" decoding=\"async\" width=\"2560\" height=\"1707\" src=\"https:\/\/der-bauernhofurlaub.de\/wp-content\/uploads\/2021\/09\/Ferienhaus-2_Badezimmer_2-scaled.jpg\" class=\" wp-post-image wp-image-440\" alt=\"Ferienhaus 2_Badezimmer_2\" srcset=\"https:\/\/der-bauernhofurlaub.de\/wp-content\/uploads\/2021\/09\/Ferienhaus-2_Badezimmer_2-scaled.jpg 2560w, https:\/\/der-bauernhofurlaub.de\/wp-content\/uploads\/2021\/09\/Ferienhaus-2_Badezimmer_2-300x200.jpg 300w, https:\/\/der-bauernhofurlaub.de\/wp-content\/uploads\/2021\/09\/Ferienhaus-2_Badezimmer_2-1024x683.jpg 1024w, https:\/\/der-bauernhofurlaub.de\/wp-content\/uploads\/2021\/09\/Ferienhaus-2_Badezimmer_2-768x512.jpg 768w, https:\/\/der-bauernhofurlaub.de\/wp-content\/uploads\/2021\/09\/Ferienhaus-2_Badezimmer_2-1536x1024.jpg 1536w, https:\/\/der-bauernhofurlaub.de\/wp-content\/uploads\/2021\/09\/Ferienhaus-2_Badezimmer_2-2048x1365.jpg 2048w, https:\/\/der-bauernhofurlaub.de\/wp-content\/uploads\/2021\/09\/Ferienhaus-2_Badezimmer_2-1024x683-149x100.jpg 149w\" sizes=\"auto, (max-width: 2560px) 100vw, 2560px\" \/><\/a>\t\t<\/div>\n\t\t\t<\/div><\/li>\n\t<li data-index=\"12\">\n\t<div class=\"slide-inner-wrap\">\n\t\t<div class=\"slide-image gallery-icon\"><a href=\"https:\/\/der-bauernhofurlaub.de\/wp-content\/uploads\/2021\/09\/Ferienhaus-2_Flur-scaled.jpg\" class=\"themify_lightbox\"><img loading=\"lazy\" decoding=\"async\" width=\"2560\" height=\"1707\" src=\"https:\/\/der-bauernhofurlaub.de\/wp-content\/uploads\/2021\/09\/Ferienhaus-2_Flur-scaled.jpg\" class=\" wp-post-image wp-image-442\" alt=\"Ferienhaus 2_Flur\" srcset=\"https:\/\/der-bauernhofurlaub.de\/wp-content\/uploads\/2021\/09\/Ferienhaus-2_Flur-scaled.jpg 2560w, https:\/\/der-bauernhofurlaub.de\/wp-content\/uploads\/2021\/09\/Ferienhaus-2_Flur-300x200.jpg 300w, https:\/\/der-bauernhofurlaub.de\/wp-content\/uploads\/2021\/09\/Ferienhaus-2_Flur-1024x683.jpg 1024w, https:\/\/der-bauernhofurlaub.de\/wp-content\/uploads\/2021\/09\/Ferienhaus-2_Flur-768x512.jpg 768w, https:\/\/der-bauernhofurlaub.de\/wp-content\/uploads\/2021\/09\/Ferienhaus-2_Flur-1536x1024.jpg 1536w, https:\/\/der-bauernhofurlaub.de\/wp-content\/uploads\/2021\/09\/Ferienhaus-2_Flur-2048x1365.jpg 2048w, https:\/\/der-bauernhofurlaub.de\/wp-content\/uploads\/2021\/09\/Ferienhaus-2_Flur-1024x683-149x100.jpg 149w\" sizes=\"auto, (max-width: 2560px) 100vw, 2560px\" \/><\/a>\t\t<\/div>\n\t\t\t<\/div><\/li>\n\t<li data-index=\"13\">\n\t<div class=\"slide-inner-wrap\">\n\t\t<div class=\"slide-image gallery-icon\"><a href=\"https:\/\/der-bauernhofurlaub.de\/wp-content\/uploads\/2021\/09\/Ferienhaus-2_von_aussen_2-scaled.jpg\" class=\"themify_lightbox\"><img loading=\"lazy\" decoding=\"async\" width=\"2560\" height=\"1707\" src=\"https:\/\/der-bauernhofurlaub.de\/wp-content\/uploads\/2021\/09\/Ferienhaus-2_von_aussen_2-scaled.jpg\" class=\" wp-post-image wp-image-448\" alt=\"Ferienhaus 2_von_aussen_2\" srcset=\"https:\/\/der-bauernhofurlaub.de\/wp-content\/uploads\/2021\/09\/Ferienhaus-2_von_aussen_2-scaled.jpg 2560w, https:\/\/der-bauernhofurlaub.de\/wp-content\/uploads\/2021\/09\/Ferienhaus-2_von_aussen_2-300x200.jpg 300w, https:\/\/der-bauernhofurlaub.de\/wp-content\/uploads\/2021\/09\/Ferienhaus-2_von_aussen_2-1024x683.jpg 1024w, https:\/\/der-bauernhofurlaub.de\/wp-content\/uploads\/2021\/09\/Ferienhaus-2_von_aussen_2-768x512.jpg 768w, https:\/\/der-bauernhofurlaub.de\/wp-content\/uploads\/2021\/09\/Ferienhaus-2_von_aussen_2-1536x1024.jpg 1536w, https:\/\/der-bauernhofurlaub.de\/wp-content\/uploads\/2021\/09\/Ferienhaus-2_von_aussen_2-2048x1365.jpg 2048w, https:\/\/der-bauernhofurlaub.de\/wp-content\/uploads\/2021\/09\/Ferienhaus-2_von_aussen_2-1024x683-149x100.jpg 149w\" sizes=\"auto, (max-width: 2560px) 100vw, 2560px\" \/><\/a>\t\t<\/div>\n\t\t\t<\/div><\/li>\n\t<li data-index=\"14\">\n\t<div class=\"slide-inner-wrap\">\n\t\t<div class=\"slide-image gallery-icon\"><a href=\"https:\/\/der-bauernhofurlaub.de\/wp-content\/uploads\/2021\/09\/Ferienhaus-2_Ku\u0308che_1-scaled.jpg\" class=\"themify_lightbox\"><img loading=\"lazy\" decoding=\"async\" width=\"2560\" height=\"1707\" src=\"https:\/\/der-bauernhofurlaub.de\/wp-content\/uploads\/2021\/09\/Ferienhaus-2_Ku\u0308che_1-scaled.jpg\" class=\" wp-post-image wp-image-443\" alt=\"Ferienhaus 2_Ku\u0308che_1\" srcset=\"https:\/\/der-bauernhofurlaub.de\/wp-content\/uploads\/2021\/09\/Ferienhaus-2_Ku\u0308che_1-scaled.jpg 2560w, https:\/\/der-bauernhofurlaub.de\/wp-content\/uploads\/2021\/09\/Ferienhaus-2_Ku\u0308che_1-300x200.jpg 300w, https:\/\/der-bauernhofurlaub.de\/wp-content\/uploads\/2021\/09\/Ferienhaus-2_Ku\u0308che_1-1024x683.jpg 1024w, https:\/\/der-bauernhofurlaub.de\/wp-content\/uploads\/2021\/09\/Ferienhaus-2_Ku\u0308che_1-768x512.jpg 768w, https:\/\/der-bauernhofurlaub.de\/wp-content\/uploads\/2021\/09\/Ferienhaus-2_Ku\u0308che_1-1536x1024.jpg 1536w, https:\/\/der-bauernhofurlaub.de\/wp-content\/uploads\/2021\/09\/Ferienhaus-2_Ku\u0308che_1-2048x1365.jpg 2048w, https:\/\/der-bauernhofurlaub.de\/wp-content\/uploads\/2021\/09\/Ferienhaus-2_Ku\u0308che_1-1024x683-149x100.jpg 149w\" sizes=\"auto, (max-width: 2560px) 100vw, 2560px\" \/><\/a>\t\t<\/div>\n\t\t\t<\/div><\/li>\n\t<li data-index=\"15\">\n\t<div class=\"slide-inner-wrap\">\n\t\t<div class=\"slide-image gallery-icon\"><a href=\"https:\/\/der-bauernhofurlaub.de\/wp-content\/uploads\/2021\/09\/Ferienhaus-2_von_aussen_1-scaled.jpeg\" class=\"themify_lightbox\"><img loading=\"lazy\" decoding=\"async\" width=\"2560\" height=\"1707\" src=\"https:\/\/der-bauernhofurlaub.de\/wp-content\/uploads\/2021\/09\/Ferienhaus-2_von_aussen_1-scaled.jpeg\" class=\" wp-post-image wp-image-447\" alt=\"Ferienhaus 2_von_aussen_1\" srcset=\"https:\/\/der-bauernhofurlaub.de\/wp-content\/uploads\/2021\/09\/Ferienhaus-2_von_aussen_1-scaled.jpeg 2560w, https:\/\/der-bauernhofurlaub.de\/wp-content\/uploads\/2021\/09\/Ferienhaus-2_von_aussen_1-300x200.jpeg 300w, https:\/\/der-bauernhofurlaub.de\/wp-content\/uploads\/2021\/09\/Ferienhaus-2_von_aussen_1-1024x683.jpeg 1024w, https:\/\/der-bauernhofurlaub.de\/wp-content\/uploads\/2021\/09\/Ferienhaus-2_von_aussen_1-768x512.jpeg 768w, https:\/\/der-bauernhofurlaub.de\/wp-content\/uploads\/2021\/09\/Ferienhaus-2_von_aussen_1-1536x1024.jpeg 1536w, https:\/\/der-bauernhofurlaub.de\/wp-content\/uploads\/2021\/09\/Ferienhaus-2_von_aussen_1-2048x1365.jpeg 2048w, https:\/\/der-bauernhofurlaub.de\/wp-content\/uploads\/2021\/09\/Ferienhaus-2_von_aussen_1-1024x683-149x100.jpeg 149w\" sizes=\"auto, (max-width: 2560px) 100vw, 2560px\" \/><\/a>\t\t<\/div>\n\t\t\t<\/div><\/li>\n\t<li data-index=\"16\">\n\t<div class=\"slide-inner-wrap\">\n\t\t<div class=\"slide-image gallery-icon\"><a href=\"https:\/\/der-bauernhofurlaub.de\/wp-content\/uploads\/2021\/09\/Ferienhaus-2_2.-Schlafzimmer_2-scaled.jpg\" class=\"themify_lightbox\"><img loading=\"lazy\" decoding=\"async\" width=\"2560\" height=\"1707\" src=\"https:\/\/der-bauernhofurlaub.de\/wp-content\/uploads\/2021\/09\/Ferienhaus-2_2.-Schlafzimmer_2-scaled.jpg\" class=\" wp-post-image wp-image-437\" alt=\"Ferienhaus 2_2. Schlafzimmer_2\" srcset=\"https:\/\/der-bauernhofurlaub.de\/wp-content\/uploads\/2021\/09\/Ferienhaus-2_2.-Schlafzimmer_2-scaled.jpg 2560w, https:\/\/der-bauernhofurlaub.de\/wp-content\/uploads\/2021\/09\/Ferienhaus-2_2.-Schlafzimmer_2-300x200.jpg 300w, https:\/\/der-bauernhofurlaub.de\/wp-content\/uploads\/2021\/09\/Ferienhaus-2_2.-Schlafzimmer_2-1024x683.jpg 1024w, https:\/\/der-bauernhofurlaub.de\/wp-content\/uploads\/2021\/09\/Ferienhaus-2_2.-Schlafzimmer_2-768x512.jpg 768w, https:\/\/der-bauernhofurlaub.de\/wp-content\/uploads\/2021\/09\/Ferienhaus-2_2.-Schlafzimmer_2-1536x1024.jpg 1536w, https:\/\/der-bauernhofurlaub.de\/wp-content\/uploads\/2021\/09\/Ferienhaus-2_2.-Schlafzimmer_2-2048x1365.jpg 2048w, https:\/\/der-bauernhofurlaub.de\/wp-content\/uploads\/2021\/09\/Ferienhaus-2_2.-Schlafzimmer_2-1024x683-149x100.jpg 149w\" sizes=\"auto, (max-width: 2560px) 100vw, 2560px\" \/><\/a>\t\t<\/div>\n\t\t\t<\/div><\/li>\n\t<li data-index=\"17\">\n\t<div class=\"slide-inner-wrap\">\n\t\t<div class=\"slide-image gallery-icon\"><a href=\"https:\/\/der-bauernhofurlaub.de\/wp-content\/uploads\/2021\/09\/Ferienhaus-2_Ku\u0308che_2-scaled.jpg\" class=\"themify_lightbox\"><img loading=\"lazy\" decoding=\"async\" width=\"2560\" height=\"1707\" src=\"https:\/\/der-bauernhofurlaub.de\/wp-content\/uploads\/2021\/09\/Ferienhaus-2_Ku\u0308che_2-scaled.jpg\" class=\" wp-post-image wp-image-444\" alt=\"Ferienhaus 2_Ku\u0308che_2\" srcset=\"https:\/\/der-bauernhofurlaub.de\/wp-content\/uploads\/2021\/09\/Ferienhaus-2_Ku\u0308che_2-scaled.jpg 2560w, https:\/\/der-bauernhofurlaub.de\/wp-content\/uploads\/2021\/09\/Ferienhaus-2_Ku\u0308che_2-300x200.jpg 300w, https:\/\/der-bauernhofurlaub.de\/wp-content\/uploads\/2021\/09\/Ferienhaus-2_Ku\u0308che_2-1024x683.jpg 1024w, https:\/\/der-bauernhofurlaub.de\/wp-content\/uploads\/2021\/09\/Ferienhaus-2_Ku\u0308che_2-768x512.jpg 768w, https:\/\/der-bauernhofurlaub.de\/wp-content\/uploads\/2021\/09\/Ferienhaus-2_Ku\u0308che_2-1536x1024.jpg 1536w, https:\/\/der-bauernhofurlaub.de\/wp-content\/uploads\/2021\/09\/Ferienhaus-2_Ku\u0308che_2-2048x1365.jpg 2048w, https:\/\/der-bauernhofurlaub.de\/wp-content\/uploads\/2021\/09\/Ferienhaus-2_Ku\u0308che_2-1024x683-149x100.jpg 149w\" sizes=\"auto, (max-width: 2560px) 100vw, 2560px\" \/><\/a>\t\t<\/div>\n\t\t\t<\/div><\/li>\n<\/ul>\n\n<ul id=\"tb_qznl693-thumbs\" class=\"themify_builder_slider\"\n\tdata-id=\"tb_qznl693\"\n\tdata-visible=\"4\" \n\tdata-mob-visible=\"0\"\n\tdata-scroll=\"1\" \n\tdata-auto-scroll=\"\"\n\tdata-speed=\"1\"\n\tdata-wrap=\"yes\"\n\tdata-arrow=\"yes\"\n\tdata-pagination=\"0\"\n\tdata-effect=\"scroll\" \n\tdata-height=\"variable\"\n\t\tdata-pause-on-hover=\"resume\">\n\n\t<li data-index=\"0\">\n\t<div class=\"slide-inner-wrap\">\n\t\t<div class=\"slide-image gallery-icon\"><img decoding=\"async\" src=\"https:\/\/der-bauernhofurlaub.de\/wp-content\/uploads\/2021\/09\/Ferienhaus-2_2.Badezimmer-1024x683-149x100.jpg\" height=\"100\" class=\" wp-post-image wp-image-438\" alt=\"Ferienhaus 2_2.Badezimmer\" srcset=\"https:\/\/der-bauernhofurlaub.de\/wp-content\/uploads\/2021\/09\/Ferienhaus-2_2.Badezimmer-1024x683-149x100.jpg 149w, https:\/\/der-bauernhofurlaub.de\/wp-content\/uploads\/2021\/09\/Ferienhaus-2_2.Badezimmer-300x200.jpg 300w, https:\/\/der-bauernhofurlaub.de\/wp-content\/uploads\/2021\/09\/Ferienhaus-2_2.Badezimmer-1024x683.jpg 1024w, https:\/\/der-bauernhofurlaub.de\/wp-content\/uploads\/2021\/09\/Ferienhaus-2_2.Badezimmer-768x512.jpg 768w, https:\/\/der-bauernhofurlaub.de\/wp-content\/uploads\/2021\/09\/Ferienhaus-2_2.Badezimmer-1536x1024.jpg 1536w, https:\/\/der-bauernhofurlaub.de\/wp-content\/uploads\/2021\/09\/Ferienhaus-2_2.Badezimmer-2048x1365.jpg 2048w\" sizes=\"(max-width: 149px) 100vw, 149px\" \/>\t\t<\/div>\n\t\t\t<\/div><\/li>\n\t<li data-index=\"1\">\n\t<div class=\"slide-inner-wrap\">\n\t\t<div class=\"slide-image gallery-icon\"><img decoding=\"async\" src=\"https:\/\/der-bauernhofurlaub.de\/wp-content\/uploads\/2021\/09\/Ferienhaus-2_Wohnzimmer_4-1024x683-149x100.jpg\" height=\"100\" class=\" wp-post-image wp-image-453\" alt=\"Ferienhaus 2_Wohnzimmer_4\" srcset=\"https:\/\/der-bauernhofurlaub.de\/wp-content\/uploads\/2021\/09\/Ferienhaus-2_Wohnzimmer_4-1024x683-149x100.jpg 149w, https:\/\/der-bauernhofurlaub.de\/wp-content\/uploads\/2021\/09\/Ferienhaus-2_Wohnzimmer_4-300x200.jpg 300w, https:\/\/der-bauernhofurlaub.de\/wp-content\/uploads\/2021\/09\/Ferienhaus-2_Wohnzimmer_4-1024x683.jpg 1024w, https:\/\/der-bauernhofurlaub.de\/wp-content\/uploads\/2021\/09\/Ferienhaus-2_Wohnzimmer_4-768x512.jpg 768w, https:\/\/der-bauernhofurlaub.de\/wp-content\/uploads\/2021\/09\/Ferienhaus-2_Wohnzimmer_4-1536x1024.jpg 1536w, https:\/\/der-bauernhofurlaub.de\/wp-content\/uploads\/2021\/09\/Ferienhaus-2_Wohnzimmer_4-2048x1365.jpg 2048w\" sizes=\"(max-width: 149px) 100vw, 149px\" \/>\t\t<\/div>\n\t\t\t<\/div><\/li>\n\t<li data-index=\"2\">\n\t<div class=\"slide-inner-wrap\">\n\t\t<div class=\"slide-image gallery-icon\"><img decoding=\"async\" src=\"https:\/\/der-bauernhofurlaub.de\/wp-content\/uploads\/2021\/09\/Ferienhaus-2_2.-Schlafzimmer_1-1024x683-149x100.jpg\" height=\"100\" class=\" wp-post-image wp-image-436\" alt=\"Ferienhaus 2_2. Schlafzimmer_1\" srcset=\"https:\/\/der-bauernhofurlaub.de\/wp-content\/uploads\/2021\/09\/Ferienhaus-2_2.-Schlafzimmer_1-1024x683-149x100.jpg 149w, https:\/\/der-bauernhofurlaub.de\/wp-content\/uploads\/2021\/09\/Ferienhaus-2_2.-Schlafzimmer_1-300x200.jpg 300w, https:\/\/der-bauernhofurlaub.de\/wp-content\/uploads\/2021\/09\/Ferienhaus-2_2.-Schlafzimmer_1-1024x683.jpg 1024w, https:\/\/der-bauernhofurlaub.de\/wp-content\/uploads\/2021\/09\/Ferienhaus-2_2.-Schlafzimmer_1-768x512.jpg 768w, https:\/\/der-bauernhofurlaub.de\/wp-content\/uploads\/2021\/09\/Ferienhaus-2_2.-Schlafzimmer_1-1536x1024.jpg 1536w, https:\/\/der-bauernhofurlaub.de\/wp-content\/uploads\/2021\/09\/Ferienhaus-2_2.-Schlafzimmer_1-2048x1365.jpg 2048w\" sizes=\"(max-width: 149px) 100vw, 149px\" \/>\t\t<\/div>\n\t\t\t<\/div><\/li>\n\t<li data-index=\"3\">\n\t<div class=\"slide-inner-wrap\">\n\t\t<div class=\"slide-image gallery-icon\"><img decoding=\"async\" src=\"https:\/\/der-bauernhofurlaub.de\/wp-content\/uploads\/2021\/09\/Ferienhaus-2_Schlafzimmer-1024x683-149x100.jpg\" height=\"100\" class=\" wp-post-image wp-image-445\" alt=\"Ferienhaus 2_Schlafzimmer\" srcset=\"https:\/\/der-bauernhofurlaub.de\/wp-content\/uploads\/2021\/09\/Ferienhaus-2_Schlafzimmer-1024x683-149x100.jpg 149w, https:\/\/der-bauernhofurlaub.de\/wp-content\/uploads\/2021\/09\/Ferienhaus-2_Schlafzimmer-300x200.jpg 300w, https:\/\/der-bauernhofurlaub.de\/wp-content\/uploads\/2021\/09\/Ferienhaus-2_Schlafzimmer-1024x683.jpg 1024w, https:\/\/der-bauernhofurlaub.de\/wp-content\/uploads\/2021\/09\/Ferienhaus-2_Schlafzimmer-768x512.jpg 768w, https:\/\/der-bauernhofurlaub.de\/wp-content\/uploads\/2021\/09\/Ferienhaus-2_Schlafzimmer-1536x1024.jpg 1536w, https:\/\/der-bauernhofurlaub.de\/wp-content\/uploads\/2021\/09\/Ferienhaus-2_Schlafzimmer-2048x1365.jpg 2048w\" sizes=\"(max-width: 149px) 100vw, 149px\" \/>\t\t<\/div>\n\t\t\t<\/div><\/li>\n\t<li data-index=\"4\">\n\t<div class=\"slide-inner-wrap\">\n\t\t<div class=\"slide-image gallery-icon\"><img decoding=\"async\" src=\"https:\/\/der-bauernhofurlaub.de\/wp-content\/uploads\/2021\/09\/Ferienhaus-2_Badezimmer_1-1024x683-149x100.jpg\" height=\"100\" class=\" wp-post-image wp-image-439\" alt=\"Ferienhaus 2_Badezimmer_1\" srcset=\"https:\/\/der-bauernhofurlaub.de\/wp-content\/uploads\/2021\/09\/Ferienhaus-2_Badezimmer_1-1024x683-149x100.jpg 149w, https:\/\/der-bauernhofurlaub.de\/wp-content\/uploads\/2021\/09\/Ferienhaus-2_Badezimmer_1-300x200.jpg 300w, https:\/\/der-bauernhofurlaub.de\/wp-content\/uploads\/2021\/09\/Ferienhaus-2_Badezimmer_1-1024x683.jpg 1024w, https:\/\/der-bauernhofurlaub.de\/wp-content\/uploads\/2021\/09\/Ferienhaus-2_Badezimmer_1-768x512.jpg 768w, https:\/\/der-bauernhofurlaub.de\/wp-content\/uploads\/2021\/09\/Ferienhaus-2_Badezimmer_1-1536x1024.jpg 1536w, https:\/\/der-bauernhofurlaub.de\/wp-content\/uploads\/2021\/09\/Ferienhaus-2_Badezimmer_1-2048x1365.jpg 2048w\" sizes=\"(max-width: 149px) 100vw, 149px\" \/>\t\t<\/div>\n\t\t\t<\/div><\/li>\n\t<li data-index=\"5\">\n\t<div class=\"slide-inner-wrap\">\n\t\t<div class=\"slide-image gallery-icon\"><img decoding=\"async\" src=\"https:\/\/der-bauernhofurlaub.de\/wp-content\/uploads\/2021\/09\/Ferienhaus-2_Flur-OG-1024x683-149x100.jpg\" height=\"100\" class=\" wp-post-image wp-image-441\" alt=\"Ferienhaus 2_Flur OG\" srcset=\"https:\/\/der-bauernhofurlaub.de\/wp-content\/uploads\/2021\/09\/Ferienhaus-2_Flur-OG-1024x683-149x100.jpg 149w, https:\/\/der-bauernhofurlaub.de\/wp-content\/uploads\/2021\/09\/Ferienhaus-2_Flur-OG-300x200.jpg 300w, https:\/\/der-bauernhofurlaub.de\/wp-content\/uploads\/2021\/09\/Ferienhaus-2_Flur-OG-1024x683.jpg 1024w, https:\/\/der-bauernhofurlaub.de\/wp-content\/uploads\/2021\/09\/Ferienhaus-2_Flur-OG-768x512.jpg 768w, https:\/\/der-bauernhofurlaub.de\/wp-content\/uploads\/2021\/09\/Ferienhaus-2_Flur-OG-1536x1024.jpg 1536w, https:\/\/der-bauernhofurlaub.de\/wp-content\/uploads\/2021\/09\/Ferienhaus-2_Flur-OG-2048x1365.jpg 2048w\" sizes=\"(max-width: 149px) 100vw, 149px\" \/>\t\t<\/div>\n\t\t\t<\/div><\/li>\n\t<li data-index=\"6\">\n\t<div class=\"slide-inner-wrap\">\n\t\t<div class=\"slide-image gallery-icon\"><img decoding=\"async\" src=\"https:\/\/der-bauernhofurlaub.de\/wp-content\/uploads\/2021\/09\/Ferienhaus-2_von_aussen_3-1024x683-149x100.jpg\" height=\"100\" class=\" wp-post-image wp-image-449\" alt=\"Ferienhaus 2_von_aussen_3\" srcset=\"https:\/\/der-bauernhofurlaub.de\/wp-content\/uploads\/2021\/09\/Ferienhaus-2_von_aussen_3-1024x683-149x100.jpg 149w, https:\/\/der-bauernhofurlaub.de\/wp-content\/uploads\/2021\/09\/Ferienhaus-2_von_aussen_3-300x200.jpg 300w, https:\/\/der-bauernhofurlaub.de\/wp-content\/uploads\/2021\/09\/Ferienhaus-2_von_aussen_3-1024x683.jpg 1024w, https:\/\/der-bauernhofurlaub.de\/wp-content\/uploads\/2021\/09\/Ferienhaus-2_von_aussen_3-768x512.jpg 768w, https:\/\/der-bauernhofurlaub.de\/wp-content\/uploads\/2021\/09\/Ferienhaus-2_von_aussen_3-1536x1024.jpg 1536w, https:\/\/der-bauernhofurlaub.de\/wp-content\/uploads\/2021\/09\/Ferienhaus-2_von_aussen_3-2048x1365.jpg 2048w\" sizes=\"(max-width: 149px) 100vw, 149px\" \/>\t\t<\/div>\n\t\t\t<\/div><\/li>\n\t<li data-index=\"7\">\n\t<div class=\"slide-inner-wrap\">\n\t\t<div class=\"slide-image gallery-icon\"><img decoding=\"async\" src=\"https:\/\/der-bauernhofurlaub.de\/wp-content\/uploads\/2021\/09\/Ferienhaus-2_Schlafzimmer_Aussicht-1024x683-149x100.jpg\" height=\"100\" class=\" wp-post-image wp-image-446\" alt=\"Ferienhaus 2_Schlafzimmer_Aussicht\" srcset=\"https:\/\/der-bauernhofurlaub.de\/wp-content\/uploads\/2021\/09\/Ferienhaus-2_Schlafzimmer_Aussicht-1024x683-149x100.jpg 149w, https:\/\/der-bauernhofurlaub.de\/wp-content\/uploads\/2021\/09\/Ferienhaus-2_Schlafzimmer_Aussicht-300x200.jpg 300w, https:\/\/der-bauernhofurlaub.de\/wp-content\/uploads\/2021\/09\/Ferienhaus-2_Schlafzimmer_Aussicht-1024x683.jpg 1024w, https:\/\/der-bauernhofurlaub.de\/wp-content\/uploads\/2021\/09\/Ferienhaus-2_Schlafzimmer_Aussicht-768x512.jpg 768w, https:\/\/der-bauernhofurlaub.de\/wp-content\/uploads\/2021\/09\/Ferienhaus-2_Schlafzimmer_Aussicht-1536x1024.jpg 1536w, https:\/\/der-bauernhofurlaub.de\/wp-content\/uploads\/2021\/09\/Ferienhaus-2_Schlafzimmer_Aussicht-2048x1365.jpg 2048w\" sizes=\"(max-width: 149px) 100vw, 149px\" \/>\t\t<\/div>\n\t\t\t<\/div><\/li>\n\t<li data-index=\"8\">\n\t<div class=\"slide-inner-wrap\">\n\t\t<div class=\"slide-image gallery-icon\"><img decoding=\"async\" src=\"https:\/\/der-bauernhofurlaub.de\/wp-content\/uploads\/2021\/09\/Ferienhaus-2_Wohnzimmer_1-1024x683-149x100.jpg\" height=\"100\" class=\" wp-post-image wp-image-450\" alt=\"Ferienhaus 2_Wohnzimmer_1\" srcset=\"https:\/\/der-bauernhofurlaub.de\/wp-content\/uploads\/2021\/09\/Ferienhaus-2_Wohnzimmer_1-1024x683-149x100.jpg 149w, https:\/\/der-bauernhofurlaub.de\/wp-content\/uploads\/2021\/09\/Ferienhaus-2_Wohnzimmer_1-300x200.jpg 300w, https:\/\/der-bauernhofurlaub.de\/wp-content\/uploads\/2021\/09\/Ferienhaus-2_Wohnzimmer_1-1024x683.jpg 1024w, https:\/\/der-bauernhofurlaub.de\/wp-content\/uploads\/2021\/09\/Ferienhaus-2_Wohnzimmer_1-768x512.jpg 768w, https:\/\/der-bauernhofurlaub.de\/wp-content\/uploads\/2021\/09\/Ferienhaus-2_Wohnzimmer_1-1536x1024.jpg 1536w, https:\/\/der-bauernhofurlaub.de\/wp-content\/uploads\/2021\/09\/Ferienhaus-2_Wohnzimmer_1-2048x1365.jpg 2048w\" sizes=\"(max-width: 149px) 100vw, 149px\" \/>\t\t<\/div>\n\t\t\t<\/div><\/li>\n\t<li data-index=\"9\">\n\t<div class=\"slide-inner-wrap\">\n\t\t<div class=\"slide-image gallery-icon\"><img decoding=\"async\" src=\"https:\/\/der-bauernhofurlaub.de\/wp-content\/uploads\/2021\/09\/Ferienhaus-2_Wohnzimmer_3-1024x683-149x100.jpg\" height=\"100\" class=\" wp-post-image wp-image-452\" alt=\"Ferienhaus 2_Wohnzimmer_3\" srcset=\"https:\/\/der-bauernhofurlaub.de\/wp-content\/uploads\/2021\/09\/Ferienhaus-2_Wohnzimmer_3-1024x683-149x100.jpg 149w, https:\/\/der-bauernhofurlaub.de\/wp-content\/uploads\/2021\/09\/Ferienhaus-2_Wohnzimmer_3-300x200.jpg 300w, https:\/\/der-bauernhofurlaub.de\/wp-content\/uploads\/2021\/09\/Ferienhaus-2_Wohnzimmer_3-1024x683.jpg 1024w, https:\/\/der-bauernhofurlaub.de\/wp-content\/uploads\/2021\/09\/Ferienhaus-2_Wohnzimmer_3-768x512.jpg 768w, https:\/\/der-bauernhofurlaub.de\/wp-content\/uploads\/2021\/09\/Ferienhaus-2_Wohnzimmer_3-1536x1024.jpg 1536w, https:\/\/der-bauernhofurlaub.de\/wp-content\/uploads\/2021\/09\/Ferienhaus-2_Wohnzimmer_3-2048x1365.jpg 2048w\" sizes=\"(max-width: 149px) 100vw, 149px\" \/>\t\t<\/div>\n\t\t\t<\/div><\/li>\n\t<li data-index=\"10\">\n\t<div class=\"slide-inner-wrap\">\n\t\t<div class=\"slide-image gallery-icon\"><img decoding=\"async\" src=\"https:\/\/der-bauernhofurlaub.de\/wp-content\/uploads\/2021\/09\/Ferienhaus-2_Wohnzimmer_2-1024x683-149x100.jpg\" height=\"100\" class=\" wp-post-image wp-image-451\" alt=\"Ferienhaus 2_Wohnzimmer_2\" srcset=\"https:\/\/der-bauernhofurlaub.de\/wp-content\/uploads\/2021\/09\/Ferienhaus-2_Wohnzimmer_2-1024x683-149x100.jpg 149w, https:\/\/der-bauernhofurlaub.de\/wp-content\/uploads\/2021\/09\/Ferienhaus-2_Wohnzimmer_2-300x200.jpg 300w, https:\/\/der-bauernhofurlaub.de\/wp-content\/uploads\/2021\/09\/Ferienhaus-2_Wohnzimmer_2-1024x683.jpg 1024w, https:\/\/der-bauernhofurlaub.de\/wp-content\/uploads\/2021\/09\/Ferienhaus-2_Wohnzimmer_2-768x512.jpg 768w, https:\/\/der-bauernhofurlaub.de\/wp-content\/uploads\/2021\/09\/Ferienhaus-2_Wohnzimmer_2-1536x1024.jpg 1536w, https:\/\/der-bauernhofurlaub.de\/wp-content\/uploads\/2021\/09\/Ferienhaus-2_Wohnzimmer_2-2048x1365.jpg 2048w\" sizes=\"(max-width: 149px) 100vw, 149px\" \/>\t\t<\/div>\n\t\t\t<\/div><\/li>\n\t<li data-index=\"11\">\n\t<div class=\"slide-inner-wrap\">\n\t\t<div class=\"slide-image gallery-icon\"><img decoding=\"async\" src=\"https:\/\/der-bauernhofurlaub.de\/wp-content\/uploads\/2021\/09\/Ferienhaus-2_Badezimmer_2-1024x683-149x100.jpg\" height=\"100\" class=\" wp-post-image wp-image-440\" alt=\"Ferienhaus 2_Badezimmer_2\" srcset=\"https:\/\/der-bauernhofurlaub.de\/wp-content\/uploads\/2021\/09\/Ferienhaus-2_Badezimmer_2-1024x683-149x100.jpg 149w, https:\/\/der-bauernhofurlaub.de\/wp-content\/uploads\/2021\/09\/Ferienhaus-2_Badezimmer_2-300x200.jpg 300w, https:\/\/der-bauernhofurlaub.de\/wp-content\/uploads\/2021\/09\/Ferienhaus-2_Badezimmer_2-1024x683.jpg 1024w, https:\/\/der-bauernhofurlaub.de\/wp-content\/uploads\/2021\/09\/Ferienhaus-2_Badezimmer_2-768x512.jpg 768w, https:\/\/der-bauernhofurlaub.de\/wp-content\/uploads\/2021\/09\/Ferienhaus-2_Badezimmer_2-1536x1024.jpg 1536w, https:\/\/der-bauernhofurlaub.de\/wp-content\/uploads\/2021\/09\/Ferienhaus-2_Badezimmer_2-2048x1365.jpg 2048w\" sizes=\"(max-width: 149px) 100vw, 149px\" \/>\t\t<\/div>\n\t\t\t<\/div><\/li>\n\t<li data-index=\"12\">\n\t<div class=\"slide-inner-wrap\">\n\t\t<div class=\"slide-image gallery-icon\"><img decoding=\"async\" src=\"https:\/\/der-bauernhofurlaub.de\/wp-content\/uploads\/2021\/09\/Ferienhaus-2_Flur-1024x683-149x100.jpg\" height=\"100\" class=\" wp-post-image wp-image-442\" alt=\"Ferienhaus 2_Flur\" srcset=\"https:\/\/der-bauernhofurlaub.de\/wp-content\/uploads\/2021\/09\/Ferienhaus-2_Flur-1024x683-149x100.jpg 149w, https:\/\/der-bauernhofurlaub.de\/wp-content\/uploads\/2021\/09\/Ferienhaus-2_Flur-300x200.jpg 300w, https:\/\/der-bauernhofurlaub.de\/wp-content\/uploads\/2021\/09\/Ferienhaus-2_Flur-1024x683.jpg 1024w, https:\/\/der-bauernhofurlaub.de\/wp-content\/uploads\/2021\/09\/Ferienhaus-2_Flur-768x512.jpg 768w, https:\/\/der-bauernhofurlaub.de\/wp-content\/uploads\/2021\/09\/Ferienhaus-2_Flur-1536x1024.jpg 1536w, https:\/\/der-bauernhofurlaub.de\/wp-content\/uploads\/2021\/09\/Ferienhaus-2_Flur-2048x1365.jpg 2048w\" sizes=\"(max-width: 149px) 100vw, 149px\" \/>\t\t<\/div>\n\t\t\t<\/div><\/li>\n\t<li data-index=\"13\">\n\t<div class=\"slide-inner-wrap\">\n\t\t<div class=\"slide-image gallery-icon\"><img decoding=\"async\" src=\"https:\/\/der-bauernhofurlaub.de\/wp-content\/uploads\/2021\/09\/Ferienhaus-2_von_aussen_2-1024x683-149x100.jpg\" height=\"100\" class=\" wp-post-image wp-image-448\" alt=\"Ferienhaus 2_von_aussen_2\" srcset=\"https:\/\/der-bauernhofurlaub.de\/wp-content\/uploads\/2021\/09\/Ferienhaus-2_von_aussen_2-1024x683-149x100.jpg 149w, https:\/\/der-bauernhofurlaub.de\/wp-content\/uploads\/2021\/09\/Ferienhaus-2_von_aussen_2-300x200.jpg 300w, https:\/\/der-bauernhofurlaub.de\/wp-content\/uploads\/2021\/09\/Ferienhaus-2_von_aussen_2-1024x683.jpg 1024w, https:\/\/der-bauernhofurlaub.de\/wp-content\/uploads\/2021\/09\/Ferienhaus-2_von_aussen_2-768x512.jpg 768w, https:\/\/der-bauernhofurlaub.de\/wp-content\/uploads\/2021\/09\/Ferienhaus-2_von_aussen_2-1536x1024.jpg 1536w, https:\/\/der-bauernhofurlaub.de\/wp-content\/uploads\/2021\/09\/Ferienhaus-2_von_aussen_2-2048x1365.jpg 2048w\" sizes=\"(max-width: 149px) 100vw, 149px\" \/>\t\t<\/div>\n\t\t\t<\/div><\/li>\n\t<li data-index=\"14\">\n\t<div class=\"slide-inner-wrap\">\n\t\t<div class=\"slide-image gallery-icon\"><img decoding=\"async\" src=\"https:\/\/der-bauernhofurlaub.de\/wp-content\/uploads\/2021\/09\/Ferienhaus-2_Ku\u0308che_1-1024x683-149x100.jpg\" height=\"100\" class=\" wp-post-image wp-image-443\" alt=\"Ferienhaus 2_Ku\u0308che_1\" srcset=\"https:\/\/der-bauernhofurlaub.de\/wp-content\/uploads\/2021\/09\/Ferienhaus-2_Ku\u0308che_1-1024x683-149x100.jpg 149w, https:\/\/der-bauernhofurlaub.de\/wp-content\/uploads\/2021\/09\/Ferienhaus-2_Ku\u0308che_1-300x200.jpg 300w, https:\/\/der-bauernhofurlaub.de\/wp-content\/uploads\/2021\/09\/Ferienhaus-2_Ku\u0308che_1-1024x683.jpg 1024w, https:\/\/der-bauernhofurlaub.de\/wp-content\/uploads\/2021\/09\/Ferienhaus-2_Ku\u0308che_1-768x512.jpg 768w, https:\/\/der-bauernhofurlaub.de\/wp-content\/uploads\/2021\/09\/Ferienhaus-2_Ku\u0308che_1-1536x1024.jpg 1536w, https:\/\/der-bauernhofurlaub.de\/wp-content\/uploads\/2021\/09\/Ferienhaus-2_Ku\u0308che_1-2048x1365.jpg 2048w\" sizes=\"(max-width: 149px) 100vw, 149px\" \/>\t\t<\/div>\n\t\t\t<\/div><\/li>\n\t<li data-index=\"15\">\n\t<div class=\"slide-inner-wrap\">\n\t\t<div class=\"slide-image gallery-icon\"><img decoding=\"async\" src=\"https:\/\/der-bauernhofurlaub.de\/wp-content\/uploads\/2021\/09\/Ferienhaus-2_von_aussen_1-1024x683-149x100.jpeg\" height=\"100\" class=\" wp-post-image wp-image-447\" alt=\"Ferienhaus 2_von_aussen_1\" srcset=\"https:\/\/der-bauernhofurlaub.de\/wp-content\/uploads\/2021\/09\/Ferienhaus-2_von_aussen_1-1024x683-149x100.jpeg 149w, https:\/\/der-bauernhofurlaub.de\/wp-content\/uploads\/2021\/09\/Ferienhaus-2_von_aussen_1-300x200.jpeg 300w, https:\/\/der-bauernhofurlaub.de\/wp-content\/uploads\/2021\/09\/Ferienhaus-2_von_aussen_1-1024x683.jpeg 1024w, https:\/\/der-bauernhofurlaub.de\/wp-content\/uploads\/2021\/09\/Ferienhaus-2_von_aussen_1-768x512.jpeg 768w, https:\/\/der-bauernhofurlaub.de\/wp-content\/uploads\/2021\/09\/Ferienhaus-2_von_aussen_1-1536x1024.jpeg 1536w, https:\/\/der-bauernhofurlaub.de\/wp-content\/uploads\/2021\/09\/Ferienhaus-2_von_aussen_1-2048x1365.jpeg 2048w\" sizes=\"(max-width: 149px) 100vw, 149px\" \/>\t\t<\/div>\n\t\t\t<\/div><\/li>\n\t<li data-index=\"16\">\n\t<div class=\"slide-inner-wrap\">\n\t\t<div class=\"slide-image gallery-icon\"><img decoding=\"async\" src=\"https:\/\/der-bauernhofurlaub.de\/wp-content\/uploads\/2021\/09\/Ferienhaus-2_2.-Schlafzimmer_2-1024x683-149x100.jpg\" height=\"100\" class=\" wp-post-image wp-image-437\" alt=\"Ferienhaus 2_2. Schlafzimmer_2\" srcset=\"https:\/\/der-bauernhofurlaub.de\/wp-content\/uploads\/2021\/09\/Ferienhaus-2_2.-Schlafzimmer_2-1024x683-149x100.jpg 149w, https:\/\/der-bauernhofurlaub.de\/wp-content\/uploads\/2021\/09\/Ferienhaus-2_2.-Schlafzimmer_2-300x200.jpg 300w, https:\/\/der-bauernhofurlaub.de\/wp-content\/uploads\/2021\/09\/Ferienhaus-2_2.-Schlafzimmer_2-1024x683.jpg 1024w, https:\/\/der-bauernhofurlaub.de\/wp-content\/uploads\/2021\/09\/Ferienhaus-2_2.-Schlafzimmer_2-768x512.jpg 768w, https:\/\/der-bauernhofurlaub.de\/wp-content\/uploads\/2021\/09\/Ferienhaus-2_2.-Schlafzimmer_2-1536x1024.jpg 1536w, https:\/\/der-bauernhofurlaub.de\/wp-content\/uploads\/2021\/09\/Ferienhaus-2_2.-Schlafzimmer_2-2048x1365.jpg 2048w\" sizes=\"(max-width: 149px) 100vw, 149px\" \/>\t\t<\/div>\n\t\t\t<\/div><\/li>\n\t<li data-index=\"17\">\n\t<div class=\"slide-inner-wrap\">\n\t\t<div class=\"slide-image gallery-icon\"><img decoding=\"async\" src=\"https:\/\/der-bauernhofurlaub.de\/wp-content\/uploads\/2021\/09\/Ferienhaus-2_Ku\u0308che_2-1024x683-149x100.jpg\" height=\"100\" class=\" wp-post-image wp-image-444\" alt=\"Ferienhaus 2_Ku\u0308che_2\" srcset=\"https:\/\/der-bauernhofurlaub.de\/wp-content\/uploads\/2021\/09\/Ferienhaus-2_Ku\u0308che_2-1024x683-149x100.jpg 149w, https:\/\/der-bauernhofurlaub.de\/wp-content\/uploads\/2021\/09\/Ferienhaus-2_Ku\u0308che_2-300x200.jpg 300w, https:\/\/der-bauernhofurlaub.de\/wp-content\/uploads\/2021\/09\/Ferienhaus-2_Ku\u0308che_2-1024x683.jpg 1024w, https:\/\/der-bauernhofurlaub.de\/wp-content\/uploads\/2021\/09\/Ferienhaus-2_Ku\u0308che_2-768x512.jpg 768w, https:\/\/der-bauernhofurlaub.de\/wp-content\/uploads\/2021\/09\/Ferienhaus-2_Ku\u0308che_2-1536x1024.jpg 1536w, https:\/\/der-bauernhofurlaub.de\/wp-content\/uploads\/2021\/09\/Ferienhaus-2_Ku\u0308che_2-2048x1365.jpg 2048w\" sizes=\"(max-width: 149px) 100vw, 149px\" \/>\t\t<\/div>\n\t\t\t<\/div><\/li>\n<\/ul>\n\n    <\/div>\n    <!-- \/module gallery -->\n\t        <\/div>\n\t    \t<\/div>\n\t\t<div  class=\"module_column tb-column col2-1 last tb_50_column module_column_1 module_column_50-3-1 tb_djrg649\" >\n\t    \t    \t        <div class=\"tb-column-inner\">\n\t\t    <!-- module text -->\n<div  class=\"module module-text tb_zol3649    \">\n            <div  class=\"tb_text_wrap\">\n    <h3>Ferienhaus Rehblick<\/h3>\n<p>Willkommen im Ferienhaus &#8220;Rehblick&#8221; &#8211; Ihr Zuhause fernab von Zuhause!<\/p>\n<p>\u00a0<\/p>\n<p>Das Ferienhaus (Doppelhaush\u00e4fte) Rehblick ist der perfekte R\u00fcckzugsort f\u00fcr bis zu 5 Personen und bietet Ihnen die Wahl zwischen 2 oder 3 Schlafzimmern sowie 2 B\u00e4dern. Mit einer Gr\u00f6\u00dfe von etwa 110m\u00b2 verspricht dieses Haus Komfort und Gem\u00fctlichkeit in einem Stil, der dem Ferienhaus Ole Peerstall \u00e4hnelt.<\/p>\n<p>\u00a0<\/p>\n<p>Ausstattung im \u00dcberblick:<\/p>\n<p>\u00a0<\/p>\n<ul>\n<li>2- 3 Schlafzimmer: Gro\u00dfz\u00fcgige Schlafzimmer bieten erholsamen Schlaf f\u00fcr bis zu 5 Personen.<\/li>\n<li>2 B\u00e4der: Zwei B\u00e4der f\u00fcr zus\u00e4tzlichen Komfort und Privatsph\u00e4re.<\/li>\n<li>Fu\u00dfbodenheizung und Kaminofen: Genie\u00dfen Sie kuschelige W\u00e4rme an kalten Tagen.<\/li>\n<\/ul>    <\/div>\n<\/div>\n<!-- \/module text -->\n\t        <\/div>\n\t    \t<\/div>\n\t\t    <\/div>\n\t    <!-- \/row_inner -->\n\t<\/div>\n\t<!-- \/module_row -->\n\t\t<!-- module_row -->\n\t<div   class=\"themify_builder_row module_row clearfix module_row_4 themify_builder_50_row module_row_50-4 tb_vag5704\">\n\t    \t    <div class=\"row_inner col_align_top\"   data-mobile_dir=\"rtl\">\n\t\t\t<div  class=\"module_column tb-column col2-1 first tb_50_column module_column_0 module_column_50-4-0 tb_s57k706\" >\n\t    \t    \t        <div class=\"tb-column-inner\">\n\t\t    <!-- module text -->\n<div  class=\"module module-text tb_67q4707    \">\n            <div  class=\"tb_text_wrap\">\n    <h3>Ferienwohnung Waldblick<\/h3>\n<p>Monteur- und Gesch\u00e4ftsreise-Appartement &#8220;Waldblick&#8221;<\/p>\n<p>\u00a0<\/p>\n<p>Willkommen in unserem exklusiven Appartement, mit etwa 100m\u00b2 speziell konzipiert f\u00fcr Monteure und Gesch\u00e4ftsreisende. Es bietet Ihnen nicht nur eine komfortable \u00dcbernachtungsm\u00f6glichkeit, sondern auch eine optimale Umgebung f\u00fcr Ihre gesch\u00e4ftlichen Anforderungen. Unsere Unterkunft punktet nicht nur mit ihren Anbindungen im Drei-L\u00e4nder-Dreieck (Bremen-Hannover-Hamburg), sondern bietet auch eine gr\u00fcne Oase, die sich ideal zum Abschalten nach einem arbeitsreichen Tag eignet. Ideal, um nach Feierabend neue Energie zu tanken und die Ruhe der Natur zu genie\u00dfen.<\/p>\n<p>\u00a0<\/p>\n<p>Ausstattung im \u00dcberblick:<\/p>\n<p>\u00a0<\/p>\n<ul>\n<li>3 Schlafzimmer: Schlafzimmer bieten erholsamen Schlaf f\u00fcr bis zu 5 Personen.<\/li>\n<li>1 Bad: Mit Dusche und Badewanne<\/li>\n<li>Voll ausgestattete K\u00fcche: Backofen, zahlreiche Elektroger\u00e4te, Sp\u00fcl- und Waschmaschine, Mikrowelle, Kaffeemaschine \u2013 alles f\u00fcr Ihre kulinarischen Bed\u00fcrfnisse.<\/li>\n<\/ul>    <\/div>\n<\/div>\n<!-- \/module text -->\n\t        <\/div>\n\t    \t<\/div>\n\t\t<div  class=\"module_column tb-column col2-1 last tb_50_column module_column_1 module_column_50-4-1 tb_3eae707\" >\n\t    \t    \t        <div class=\"tb-column-inner\">\n\t\t        <!-- module gallery -->\n    <div  class=\"module gallery module-gallery tb_c3nl315 gallery-columns-2  layout-slider rounded drop-shadow  \">\n\t                \n<ul class=\"themify_builder_slider\"\n\tdata-id=\"tb_c3nl315\"\n\tdata-visible=\"1\" \n\tdata-mob-visible=\"1\"\n\tdata-scroll=\"1\" \n\tdata-auto-scroll=\"4\"\n\tdata-speed=\"1\"\n\tdata-wrap=\"yes\"\n\tdata-arrow=\"\"\n\tdata-pagination=\"0\"\n\tdata-effect=\"scroll\" \n\tdata-height=\"variable\"\n\tdata-sync=\"#tb_c3nl315-thumbs\"\tdata-pause-on-hover=\"resume\">\n\n\t<li data-index=\"0\">\n\t<div class=\"slide-inner-wrap\">\n\t\t<div class=\"slide-image gallery-icon\"><a href=\"https:\/\/der-bauernhofurlaub.de\/wp-content\/uploads\/2021\/10\/P1744706-scaled.jpeg\" class=\"themify_lightbox\"><img loading=\"lazy\" decoding=\"async\" width=\"2560\" height=\"1920\" src=\"https:\/\/der-bauernhofurlaub.de\/wp-content\/uploads\/2021\/10\/P1744706-scaled.jpeg\" class=\" wp-post-image wp-image-514\" alt=\"P1744706\" srcset=\"https:\/\/der-bauernhofurlaub.de\/wp-content\/uploads\/2021\/10\/P1744706-scaled.jpeg 2560w, https:\/\/der-bauernhofurlaub.de\/wp-content\/uploads\/2021\/10\/P1744706-300x225.jpeg 300w, https:\/\/der-bauernhofurlaub.de\/wp-content\/uploads\/2021\/10\/P1744706-1024x768.jpeg 1024w, https:\/\/der-bauernhofurlaub.de\/wp-content\/uploads\/2021\/10\/P1744706-768x576.jpeg 768w, https:\/\/der-bauernhofurlaub.de\/wp-content\/uploads\/2021\/10\/P1744706-1536x1152.jpeg 1536w, https:\/\/der-bauernhofurlaub.de\/wp-content\/uploads\/2021\/10\/P1744706-2048x1536.jpeg 2048w, https:\/\/der-bauernhofurlaub.de\/wp-content\/uploads\/2021\/10\/P1744706-1024x768-133x100.jpeg 133w\" sizes=\"auto, (max-width: 2560px) 100vw, 2560px\" \/><\/a>\t\t<\/div>\n\t\t\t<\/div><\/li>\n\t<li data-index=\"1\">\n\t<div class=\"slide-inner-wrap\">\n\t\t<div class=\"slide-image gallery-icon\"><a href=\"https:\/\/der-bauernhofurlaub.de\/wp-content\/uploads\/2021\/10\/P1744768-scaled.jpeg\" class=\"themify_lightbox\"><img loading=\"lazy\" decoding=\"async\" width=\"2560\" height=\"1920\" src=\"https:\/\/der-bauernhofurlaub.de\/wp-content\/uploads\/2021\/10\/P1744768-scaled.jpeg\" class=\" wp-post-image wp-image-518\" alt=\"P1744768\" srcset=\"https:\/\/der-bauernhofurlaub.de\/wp-content\/uploads\/2021\/10\/P1744768-scaled.jpeg 2560w, https:\/\/der-bauernhofurlaub.de\/wp-content\/uploads\/2021\/10\/P1744768-300x225.jpeg 300w, https:\/\/der-bauernhofurlaub.de\/wp-content\/uploads\/2021\/10\/P1744768-1024x768.jpeg 1024w, https:\/\/der-bauernhofurlaub.de\/wp-content\/uploads\/2021\/10\/P1744768-768x576.jpeg 768w, https:\/\/der-bauernhofurlaub.de\/wp-content\/uploads\/2021\/10\/P1744768-1536x1152.jpeg 1536w, https:\/\/der-bauernhofurlaub.de\/wp-content\/uploads\/2021\/10\/P1744768-2048x1536.jpeg 2048w, https:\/\/der-bauernhofurlaub.de\/wp-content\/uploads\/2021\/10\/P1744768-1024x768-133x100.jpeg 133w\" sizes=\"auto, (max-width: 2560px) 100vw, 2560px\" \/><\/a>\t\t<\/div>\n\t\t\t<\/div><\/li>\n\t<li data-index=\"2\">\n\t<div class=\"slide-inner-wrap\">\n\t\t<div class=\"slide-image gallery-icon\"><a href=\"https:\/\/der-bauernhofurlaub.de\/wp-content\/uploads\/2021\/10\/P1744753-scaled.jpeg\" class=\"themify_lightbox\"><img loading=\"lazy\" decoding=\"async\" width=\"2560\" height=\"1920\" src=\"https:\/\/der-bauernhofurlaub.de\/wp-content\/uploads\/2021\/10\/P1744753-scaled.jpeg\" class=\" wp-post-image wp-image-516\" alt=\"P1744753\" srcset=\"https:\/\/der-bauernhofurlaub.de\/wp-content\/uploads\/2021\/10\/P1744753-scaled.jpeg 2560w, https:\/\/der-bauernhofurlaub.de\/wp-content\/uploads\/2021\/10\/P1744753-300x225.jpeg 300w, https:\/\/der-bauernhofurlaub.de\/wp-content\/uploads\/2021\/10\/P1744753-1024x768.jpeg 1024w, https:\/\/der-bauernhofurlaub.de\/wp-content\/uploads\/2021\/10\/P1744753-768x576.jpeg 768w, https:\/\/der-bauernhofurlaub.de\/wp-content\/uploads\/2021\/10\/P1744753-1536x1152.jpeg 1536w, https:\/\/der-bauernhofurlaub.de\/wp-content\/uploads\/2021\/10\/P1744753-2048x1536.jpeg 2048w, https:\/\/der-bauernhofurlaub.de\/wp-content\/uploads\/2021\/10\/P1744753-1024x768-133x100.jpeg 133w\" sizes=\"auto, (max-width: 2560px) 100vw, 2560px\" \/><\/a>\t\t<\/div>\n\t\t\t<\/div><\/li>\n\t<li data-index=\"3\">\n\t<div class=\"slide-inner-wrap\">\n\t\t<div class=\"slide-image gallery-icon\"><a href=\"https:\/\/der-bauernhofurlaub.de\/wp-content\/uploads\/2021\/10\/P1744775-scaled.jpeg\" class=\"themify_lightbox\"><img loading=\"lazy\" decoding=\"async\" width=\"2560\" height=\"1920\" src=\"https:\/\/der-bauernhofurlaub.de\/wp-content\/uploads\/2021\/10\/P1744775-scaled.jpeg\" class=\" wp-post-image wp-image-519\" alt=\"P1744775\" srcset=\"https:\/\/der-bauernhofurlaub.de\/wp-content\/uploads\/2021\/10\/P1744775-scaled.jpeg 2560w, https:\/\/der-bauernhofurlaub.de\/wp-content\/uploads\/2021\/10\/P1744775-300x225.jpeg 300w, https:\/\/der-bauernhofurlaub.de\/wp-content\/uploads\/2021\/10\/P1744775-1024x768.jpeg 1024w, https:\/\/der-bauernhofurlaub.de\/wp-content\/uploads\/2021\/10\/P1744775-768x576.jpeg 768w, https:\/\/der-bauernhofurlaub.de\/wp-content\/uploads\/2021\/10\/P1744775-1536x1152.jpeg 1536w, https:\/\/der-bauernhofurlaub.de\/wp-content\/uploads\/2021\/10\/P1744775-2048x1536.jpeg 2048w, https:\/\/der-bauernhofurlaub.de\/wp-content\/uploads\/2021\/10\/P1744775-1024x768-133x100.jpeg 133w\" sizes=\"auto, (max-width: 2560px) 100vw, 2560px\" \/><\/a>\t\t<\/div>\n\t\t\t<\/div><\/li>\n\t<li data-index=\"4\">\n\t<div class=\"slide-inner-wrap\">\n\t\t<div class=\"slide-image gallery-icon\"><a href=\"https:\/\/der-bauernhofurlaub.de\/wp-content\/uploads\/2021\/10\/P1744729-scaled.jpeg\" class=\"themify_lightbox\"><img loading=\"lazy\" decoding=\"async\" width=\"2560\" height=\"1920\" src=\"https:\/\/der-bauernhofurlaub.de\/wp-content\/uploads\/2021\/10\/P1744729-scaled.jpeg\" class=\" wp-post-image wp-image-515\" alt=\"P1744729\" srcset=\"https:\/\/der-bauernhofurlaub.de\/wp-content\/uploads\/2021\/10\/P1744729-scaled.jpeg 2560w, https:\/\/der-bauernhofurlaub.de\/wp-content\/uploads\/2021\/10\/P1744729-300x225.jpeg 300w, https:\/\/der-bauernhofurlaub.de\/wp-content\/uploads\/2021\/10\/P1744729-1024x768.jpeg 1024w, https:\/\/der-bauernhofurlaub.de\/wp-content\/uploads\/2021\/10\/P1744729-768x576.jpeg 768w, https:\/\/der-bauernhofurlaub.de\/wp-content\/uploads\/2021\/10\/P1744729-1536x1152.jpeg 1536w, https:\/\/der-bauernhofurlaub.de\/wp-content\/uploads\/2021\/10\/P1744729-2048x1536.jpeg 2048w, https:\/\/der-bauernhofurlaub.de\/wp-content\/uploads\/2021\/10\/P1744729-1024x768-133x100.jpeg 133w\" sizes=\"auto, (max-width: 2560px) 100vw, 2560px\" \/><\/a>\t\t<\/div>\n\t\t\t<\/div><\/li>\n\t<li data-index=\"5\">\n\t<div class=\"slide-inner-wrap\">\n\t\t<div class=\"slide-image gallery-icon\"><a href=\"https:\/\/der-bauernhofurlaub.de\/wp-content\/uploads\/2021\/10\/P1744697-scaled.jpeg\" class=\"themify_lightbox\"><img loading=\"lazy\" decoding=\"async\" width=\"2560\" height=\"1920\" src=\"https:\/\/der-bauernhofurlaub.de\/wp-content\/uploads\/2021\/10\/P1744697-scaled.jpeg\" class=\" wp-post-image wp-image-513\" alt=\"P1744697\" srcset=\"https:\/\/der-bauernhofurlaub.de\/wp-content\/uploads\/2021\/10\/P1744697-scaled.jpeg 2560w, https:\/\/der-bauernhofurlaub.de\/wp-content\/uploads\/2021\/10\/P1744697-300x225.jpeg 300w, https:\/\/der-bauernhofurlaub.de\/wp-content\/uploads\/2021\/10\/P1744697-1024x768.jpeg 1024w, https:\/\/der-bauernhofurlaub.de\/wp-content\/uploads\/2021\/10\/P1744697-768x576.jpeg 768w, https:\/\/der-bauernhofurlaub.de\/wp-content\/uploads\/2021\/10\/P1744697-1536x1152.jpeg 1536w, https:\/\/der-bauernhofurlaub.de\/wp-content\/uploads\/2021\/10\/P1744697-2048x1536.jpeg 2048w, https:\/\/der-bauernhofurlaub.de\/wp-content\/uploads\/2021\/10\/P1744697-1024x768-133x100.jpeg 133w\" sizes=\"auto, (max-width: 2560px) 100vw, 2560px\" \/><\/a>\t\t<\/div>\n\t\t\t<\/div><\/li>\n\t<li data-index=\"6\">\n\t<div class=\"slide-inner-wrap\">\n\t\t<div class=\"slide-image gallery-icon\"><a href=\"https:\/\/der-bauernhofurlaub.de\/wp-content\/uploads\/2021\/10\/P1744762-scaled.jpeg\" class=\"themify_lightbox\"><img loading=\"lazy\" decoding=\"async\" width=\"2560\" height=\"1920\" src=\"https:\/\/der-bauernhofurlaub.de\/wp-content\/uploads\/2021\/10\/P1744762-scaled.jpeg\" class=\" wp-post-image wp-image-517\" alt=\"P1744762\" srcset=\"https:\/\/der-bauernhofurlaub.de\/wp-content\/uploads\/2021\/10\/P1744762-scaled.jpeg 2560w, https:\/\/der-bauernhofurlaub.de\/wp-content\/uploads\/2021\/10\/P1744762-300x225.jpeg 300w, https:\/\/der-bauernhofurlaub.de\/wp-content\/uploads\/2021\/10\/P1744762-1024x768.jpeg 1024w, https:\/\/der-bauernhofurlaub.de\/wp-content\/uploads\/2021\/10\/P1744762-768x576.jpeg 768w, https:\/\/der-bauernhofurlaub.de\/wp-content\/uploads\/2021\/10\/P1744762-1536x1152.jpeg 1536w, https:\/\/der-bauernhofurlaub.de\/wp-content\/uploads\/2021\/10\/P1744762-2048x1536.jpeg 2048w, https:\/\/der-bauernhofurlaub.de\/wp-content\/uploads\/2021\/10\/P1744762-1024x768-133x100.jpeg 133w\" sizes=\"auto, (max-width: 2560px) 100vw, 2560px\" \/><\/a>\t\t<\/div>\n\t\t\t<\/div><\/li>\n\t<li data-index=\"7\">\n\t<div class=\"slide-inner-wrap\">\n\t\t<div class=\"slide-image gallery-icon\"><a href=\"https:\/\/der-bauernhofurlaub.de\/wp-content\/uploads\/2021\/10\/P1744690-scaled.jpeg\" class=\"themify_lightbox\"><img loading=\"lazy\" decoding=\"async\" width=\"2560\" height=\"1920\" src=\"https:\/\/der-bauernhofurlaub.de\/wp-content\/uploads\/2021\/10\/P1744690-scaled.jpeg\" class=\" wp-post-image wp-image-512\" alt=\"P1744690\" srcset=\"https:\/\/der-bauernhofurlaub.de\/wp-content\/uploads\/2021\/10\/P1744690-scaled.jpeg 2560w, https:\/\/der-bauernhofurlaub.de\/wp-content\/uploads\/2021\/10\/P1744690-300x225.jpeg 300w, https:\/\/der-bauernhofurlaub.de\/wp-content\/uploads\/2021\/10\/P1744690-1024x768.jpeg 1024w, https:\/\/der-bauernhofurlaub.de\/wp-content\/uploads\/2021\/10\/P1744690-768x576.jpeg 768w, https:\/\/der-bauernhofurlaub.de\/wp-content\/uploads\/2021\/10\/P1744690-1536x1152.jpeg 1536w, https:\/\/der-bauernhofurlaub.de\/wp-content\/uploads\/2021\/10\/P1744690-2048x1536.jpeg 2048w, https:\/\/der-bauernhofurlaub.de\/wp-content\/uploads\/2021\/10\/P1744690-1024x768-133x100.jpeg 133w\" sizes=\"auto, (max-width: 2560px) 100vw, 2560px\" \/><\/a>\t\t<\/div>\n\t\t\t<\/div><\/li>\n\t<li data-index=\"8\">\n\t<div class=\"slide-inner-wrap\">\n\t\t<div class=\"slide-image gallery-icon\"><a href=\"https:\/\/der-bauernhofurlaub.de\/wp-content\/uploads\/2021\/10\/P1744532-scaled.jpeg\" class=\"themify_lightbox\"><img loading=\"lazy\" decoding=\"async\" width=\"2560\" height=\"1920\" src=\"https:\/\/der-bauernhofurlaub.de\/wp-content\/uploads\/2021\/10\/P1744532-scaled.jpeg\" class=\" wp-post-image wp-image-520\" alt=\"P1744532\" srcset=\"https:\/\/der-bauernhofurlaub.de\/wp-content\/uploads\/2021\/10\/P1744532-scaled.jpeg 2560w, https:\/\/der-bauernhofurlaub.de\/wp-content\/uploads\/2021\/10\/P1744532-300x225.jpeg 300w, https:\/\/der-bauernhofurlaub.de\/wp-content\/uploads\/2021\/10\/P1744532-1024x768.jpeg 1024w, https:\/\/der-bauernhofurlaub.de\/wp-content\/uploads\/2021\/10\/P1744532-768x576.jpeg 768w, https:\/\/der-bauernhofurlaub.de\/wp-content\/uploads\/2021\/10\/P1744532-1536x1152.jpeg 1536w, https:\/\/der-bauernhofurlaub.de\/wp-content\/uploads\/2021\/10\/P1744532-2048x1536.jpeg 2048w, https:\/\/der-bauernhofurlaub.de\/wp-content\/uploads\/2021\/10\/P1744532-1024x768-133x100.jpeg 133w\" sizes=\"auto, (max-width: 2560px) 100vw, 2560px\" \/><\/a>\t\t<\/div>\n\t\t\t<\/div><\/li>\n<\/ul>\n\n<ul id=\"tb_c3nl315-thumbs\" class=\"themify_builder_slider\"\n\tdata-id=\"tb_c3nl315\"\n\tdata-visible=\"4\" \n\tdata-mob-visible=\"0\"\n\tdata-scroll=\"1\" \n\tdata-auto-scroll=\"\"\n\tdata-speed=\"1\"\n\tdata-wrap=\"yes\"\n\tdata-arrow=\"yes\"\n\tdata-pagination=\"0\"\n\tdata-effect=\"scroll\" \n\tdata-height=\"variable\"\n\t\tdata-pause-on-hover=\"resume\">\n\n\t<li data-index=\"0\">\n\t<div class=\"slide-inner-wrap\">\n\t\t<div class=\"slide-image gallery-icon\"><img decoding=\"async\" src=\"https:\/\/der-bauernhofurlaub.de\/wp-content\/uploads\/2021\/10\/P1744706-1024x768-133x100.jpeg\" height=\"100\" class=\" wp-post-image wp-image-514\" alt=\"P1744706\" srcset=\"https:\/\/der-bauernhofurlaub.de\/wp-content\/uploads\/2021\/10\/P1744706-1024x768-133x100.jpeg 133w, https:\/\/der-bauernhofurlaub.de\/wp-content\/uploads\/2021\/10\/P1744706-300x225.jpeg 300w, https:\/\/der-bauernhofurlaub.de\/wp-content\/uploads\/2021\/10\/P1744706-1024x768.jpeg 1024w, https:\/\/der-bauernhofurlaub.de\/wp-content\/uploads\/2021\/10\/P1744706-768x576.jpeg 768w, https:\/\/der-bauernhofurlaub.de\/wp-content\/uploads\/2021\/10\/P1744706-1536x1152.jpeg 1536w, https:\/\/der-bauernhofurlaub.de\/wp-content\/uploads\/2021\/10\/P1744706-2048x1536.jpeg 2048w\" sizes=\"(max-width: 133px) 100vw, 133px\" \/>\t\t<\/div>\n\t\t\t<\/div><\/li>\n\t<li data-index=\"1\">\n\t<div class=\"slide-inner-wrap\">\n\t\t<div class=\"slide-image gallery-icon\"><img decoding=\"async\" src=\"https:\/\/der-bauernhofurlaub.de\/wp-content\/uploads\/2021\/10\/P1744768-1024x768-133x100.jpeg\" height=\"100\" class=\" wp-post-image wp-image-518\" alt=\"P1744768\" srcset=\"https:\/\/der-bauernhofurlaub.de\/wp-content\/uploads\/2021\/10\/P1744768-1024x768-133x100.jpeg 133w, https:\/\/der-bauernhofurlaub.de\/wp-content\/uploads\/2021\/10\/P1744768-300x225.jpeg 300w, https:\/\/der-bauernhofurlaub.de\/wp-content\/uploads\/2021\/10\/P1744768-1024x768.jpeg 1024w, https:\/\/der-bauernhofurlaub.de\/wp-content\/uploads\/2021\/10\/P1744768-768x576.jpeg 768w, https:\/\/der-bauernhofurlaub.de\/wp-content\/uploads\/2021\/10\/P1744768-1536x1152.jpeg 1536w, https:\/\/der-bauernhofurlaub.de\/wp-content\/uploads\/2021\/10\/P1744768-2048x1536.jpeg 2048w\" sizes=\"(max-width: 133px) 100vw, 133px\" \/>\t\t<\/div>\n\t\t\t<\/div><\/li>\n\t<li data-index=\"2\">\n\t<div class=\"slide-inner-wrap\">\n\t\t<div class=\"slide-image gallery-icon\"><img decoding=\"async\" src=\"https:\/\/der-bauernhofurlaub.de\/wp-content\/uploads\/2021\/10\/P1744753-1024x768-133x100.jpeg\" height=\"100\" class=\" wp-post-image wp-image-516\" alt=\"P1744753\" srcset=\"https:\/\/der-bauernhofurlaub.de\/wp-content\/uploads\/2021\/10\/P1744753-1024x768-133x100.jpeg 133w, https:\/\/der-bauernhofurlaub.de\/wp-content\/uploads\/2021\/10\/P1744753-300x225.jpeg 300w, https:\/\/der-bauernhofurlaub.de\/wp-content\/uploads\/2021\/10\/P1744753-1024x768.jpeg 1024w, https:\/\/der-bauernhofurlaub.de\/wp-content\/uploads\/2021\/10\/P1744753-768x576.jpeg 768w, https:\/\/der-bauernhofurlaub.de\/wp-content\/uploads\/2021\/10\/P1744753-1536x1152.jpeg 1536w, https:\/\/der-bauernhofurlaub.de\/wp-content\/uploads\/2021\/10\/P1744753-2048x1536.jpeg 2048w\" sizes=\"(max-width: 133px) 100vw, 133px\" \/>\t\t<\/div>\n\t\t\t<\/div><\/li>\n\t<li data-index=\"3\">\n\t<div class=\"slide-inner-wrap\">\n\t\t<div class=\"slide-image gallery-icon\"><img decoding=\"async\" src=\"https:\/\/der-bauernhofurlaub.de\/wp-content\/uploads\/2021\/10\/P1744775-1024x768-133x100.jpeg\" height=\"100\" class=\" wp-post-image wp-image-519\" alt=\"P1744775\" srcset=\"https:\/\/der-bauernhofurlaub.de\/wp-content\/uploads\/2021\/10\/P1744775-1024x768-133x100.jpeg 133w, https:\/\/der-bauernhofurlaub.de\/wp-content\/uploads\/2021\/10\/P1744775-300x225.jpeg 300w, https:\/\/der-bauernhofurlaub.de\/wp-content\/uploads\/2021\/10\/P1744775-1024x768.jpeg 1024w, https:\/\/der-bauernhofurlaub.de\/wp-content\/uploads\/2021\/10\/P1744775-768x576.jpeg 768w, https:\/\/der-bauernhofurlaub.de\/wp-content\/uploads\/2021\/10\/P1744775-1536x1152.jpeg 1536w, https:\/\/der-bauernhofurlaub.de\/wp-content\/uploads\/2021\/10\/P1744775-2048x1536.jpeg 2048w\" sizes=\"(max-width: 133px) 100vw, 133px\" \/>\t\t<\/div>\n\t\t\t<\/div><\/li>\n\t<li data-index=\"4\">\n\t<div class=\"slide-inner-wrap\">\n\t\t<div class=\"slide-image gallery-icon\"><img decoding=\"async\" src=\"https:\/\/der-bauernhofurlaub.de\/wp-content\/uploads\/2021\/10\/P1744729-1024x768-133x100.jpeg\" height=\"100\" class=\" wp-post-image wp-image-515\" alt=\"P1744729\" srcset=\"https:\/\/der-bauernhofurlaub.de\/wp-content\/uploads\/2021\/10\/P1744729-1024x768-133x100.jpeg 133w, https:\/\/der-bauernhofurlaub.de\/wp-content\/uploads\/2021\/10\/P1744729-300x225.jpeg 300w, https:\/\/der-bauernhofurlaub.de\/wp-content\/uploads\/2021\/10\/P1744729-1024x768.jpeg 1024w, https:\/\/der-bauernhofurlaub.de\/wp-content\/uploads\/2021\/10\/P1744729-768x576.jpeg 768w, https:\/\/der-bauernhofurlaub.de\/wp-content\/uploads\/2021\/10\/P1744729-1536x1152.jpeg 1536w, https:\/\/der-bauernhofurlaub.de\/wp-content\/uploads\/2021\/10\/P1744729-2048x1536.jpeg 2048w\" sizes=\"(max-width: 133px) 100vw, 133px\" \/>\t\t<\/div>\n\t\t\t<\/div><\/li>\n\t<li data-index=\"5\">\n\t<div class=\"slide-inner-wrap\">\n\t\t<div class=\"slide-image gallery-icon\"><img decoding=\"async\" src=\"https:\/\/der-bauernhofurlaub.de\/wp-content\/uploads\/2021\/10\/P1744697-1024x768-133x100.jpeg\" height=\"100\" class=\" wp-post-image wp-image-513\" alt=\"P1744697\" srcset=\"https:\/\/der-bauernhofurlaub.de\/wp-content\/uploads\/2021\/10\/P1744697-1024x768-133x100.jpeg 133w, https:\/\/der-bauernhofurlaub.de\/wp-content\/uploads\/2021\/10\/P1744697-300x225.jpeg 300w, https:\/\/der-bauernhofurlaub.de\/wp-content\/uploads\/2021\/10\/P1744697-1024x768.jpeg 1024w, https:\/\/der-bauernhofurlaub.de\/wp-content\/uploads\/2021\/10\/P1744697-768x576.jpeg 768w, https:\/\/der-bauernhofurlaub.de\/wp-content\/uploads\/2021\/10\/P1744697-1536x1152.jpeg 1536w, https:\/\/der-bauernhofurlaub.de\/wp-content\/uploads\/2021\/10\/P1744697-2048x1536.jpeg 2048w\" sizes=\"(max-width: 133px) 100vw, 133px\" \/>\t\t<\/div>\n\t\t\t<\/div><\/li>\n\t<li data-index=\"6\">\n\t<div class=\"slide-inner-wrap\">\n\t\t<div class=\"slide-image gallery-icon\"><img decoding=\"async\" src=\"https:\/\/der-bauernhofurlaub.de\/wp-content\/uploads\/2021\/10\/P1744762-1024x768-133x100.jpeg\" height=\"100\" class=\" wp-post-image wp-image-517\" alt=\"P1744762\" srcset=\"https:\/\/der-bauernhofurlaub.de\/wp-content\/uploads\/2021\/10\/P1744762-1024x768-133x100.jpeg 133w, https:\/\/der-bauernhofurlaub.de\/wp-content\/uploads\/2021\/10\/P1744762-300x225.jpeg 300w, https:\/\/der-bauernhofurlaub.de\/wp-content\/uploads\/2021\/10\/P1744762-1024x768.jpeg 1024w, https:\/\/der-bauernhofurlaub.de\/wp-content\/uploads\/2021\/10\/P1744762-768x576.jpeg 768w, https:\/\/der-bauernhofurlaub.de\/wp-content\/uploads\/2021\/10\/P1744762-1536x1152.jpeg 1536w, https:\/\/der-bauernhofurlaub.de\/wp-content\/uploads\/2021\/10\/P1744762-2048x1536.jpeg 2048w\" sizes=\"(max-width: 133px) 100vw, 133px\" \/>\t\t<\/div>\n\t\t\t<\/div><\/li>\n\t<li data-index=\"7\">\n\t<div class=\"slide-inner-wrap\">\n\t\t<div class=\"slide-image gallery-icon\"><img decoding=\"async\" src=\"https:\/\/der-bauernhofurlaub.de\/wp-content\/uploads\/2021\/10\/P1744690-1024x768-133x100.jpeg\" height=\"100\" class=\" wp-post-image wp-image-512\" alt=\"P1744690\" srcset=\"https:\/\/der-bauernhofurlaub.de\/wp-content\/uploads\/2021\/10\/P1744690-1024x768-133x100.jpeg 133w, https:\/\/der-bauernhofurlaub.de\/wp-content\/uploads\/2021\/10\/P1744690-300x225.jpeg 300w, https:\/\/der-bauernhofurlaub.de\/wp-content\/uploads\/2021\/10\/P1744690-1024x768.jpeg 1024w, https:\/\/der-bauernhofurlaub.de\/wp-content\/uploads\/2021\/10\/P1744690-768x576.jpeg 768w, https:\/\/der-bauernhofurlaub.de\/wp-content\/uploads\/2021\/10\/P1744690-1536x1152.jpeg 1536w, https:\/\/der-bauernhofurlaub.de\/wp-content\/uploads\/2021\/10\/P1744690-2048x1536.jpeg 2048w\" sizes=\"(max-width: 133px) 100vw, 133px\" \/>\t\t<\/div>\n\t\t\t<\/div><\/li>\n\t<li data-index=\"8\">\n\t<div class=\"slide-inner-wrap\">\n\t\t<div class=\"slide-image gallery-icon\"><img decoding=\"async\" src=\"https:\/\/der-bauernhofurlaub.de\/wp-content\/uploads\/2021\/10\/P1744532-1024x768-133x100.jpeg\" height=\"100\" class=\" wp-post-image wp-image-520\" alt=\"P1744532\" srcset=\"https:\/\/der-bauernhofurlaub.de\/wp-content\/uploads\/2021\/10\/P1744532-1024x768-133x100.jpeg 133w, https:\/\/der-bauernhofurlaub.de\/wp-content\/uploads\/2021\/10\/P1744532-300x225.jpeg 300w, https:\/\/der-bauernhofurlaub.de\/wp-content\/uploads\/2021\/10\/P1744532-1024x768.jpeg 1024w, https:\/\/der-bauernhofurlaub.de\/wp-content\/uploads\/2021\/10\/P1744532-768x576.jpeg 768w, https:\/\/der-bauernhofurlaub.de\/wp-content\/uploads\/2021\/10\/P1744532-1536x1152.jpeg 1536w, https:\/\/der-bauernhofurlaub.de\/wp-content\/uploads\/2021\/10\/P1744532-2048x1536.jpeg 2048w\" sizes=\"(max-width: 133px) 100vw, 133px\" \/>\t\t<\/div>\n\t\t\t<\/div><\/li>\n<\/ul>\n\n    <\/div>\n    <!-- \/module gallery -->\n\t        <\/div>\n\t    \t<\/div>\n\t\t    <\/div>\n\t    <!-- \/row_inner -->\n\t<\/div>\n\t<!-- \/module_row -->\n\t\t<!-- module_row -->\n\t<div   class=\"themify_builder_row module_row clearfix module_row_5 themify_builder_50_row module_row_50-5 tb_mn8j89\">\n\t    \t    <div class=\"row_inner col_align_top\" >\n\t\t\t<div  class=\"module_column tb-column col2-1 first tb_50_column module_column_0 module_column_50-5-0 tb_n93q90\" >\n\t    \t    \t        <div class=\"tb-column-inner\">\n\t\t        <!-- module gallery -->\n    <div  class=\"module gallery module-gallery tb_7lkx92 gallery-columns-2  layout-slider rounded drop-shadow  \">\n\t                \n<ul class=\"themify_builder_slider\"\n\tdata-id=\"tb_7lkx92\"\n\tdata-visible=\"1\" \n\tdata-mob-visible=\"1\"\n\tdata-scroll=\"1\" \n\tdata-auto-scroll=\"4\"\n\tdata-speed=\"1\"\n\tdata-wrap=\"yes\"\n\tdata-arrow=\"\"\n\tdata-pagination=\"0\"\n\tdata-effect=\"scroll\" \n\tdata-height=\"variable\"\n\tdata-sync=\"#tb_7lkx92-thumbs\"\tdata-pause-on-hover=\"resume\">\n\n\t<li data-index=\"0\">\n\t<div class=\"slide-inner-wrap\">\n\t\t<div class=\"slide-image gallery-icon\"><a href=\"https:\/\/der-bauernhofurlaub.de\/wp-content\/uploads\/2021\/10\/P1744504-scaled.jpeg\" class=\"themify_lightbox\"><img loading=\"lazy\" decoding=\"async\" width=\"2560\" height=\"1920\" src=\"https:\/\/der-bauernhofurlaub.de\/wp-content\/uploads\/2021\/10\/P1744504-scaled.jpeg\" class=\" wp-post-image wp-image-494\" alt=\"P1744504\" srcset=\"https:\/\/der-bauernhofurlaub.de\/wp-content\/uploads\/2021\/10\/P1744504-scaled.jpeg 2560w, https:\/\/der-bauernhofurlaub.de\/wp-content\/uploads\/2021\/10\/P1744504-300x225.jpeg 300w, https:\/\/der-bauernhofurlaub.de\/wp-content\/uploads\/2021\/10\/P1744504-1024x768.jpeg 1024w, https:\/\/der-bauernhofurlaub.de\/wp-content\/uploads\/2021\/10\/P1744504-768x576.jpeg 768w, https:\/\/der-bauernhofurlaub.de\/wp-content\/uploads\/2021\/10\/P1744504-1536x1152.jpeg 1536w, https:\/\/der-bauernhofurlaub.de\/wp-content\/uploads\/2021\/10\/P1744504-2048x1536.jpeg 2048w, https:\/\/der-bauernhofurlaub.de\/wp-content\/uploads\/2021\/10\/P1744504-1024x768-133x100.jpeg 133w\" sizes=\"auto, (max-width: 2560px) 100vw, 2560px\" \/><\/a>\t\t<\/div>\n\t\t\t<\/div><\/li>\n\t<li data-index=\"1\">\n\t<div class=\"slide-inner-wrap\">\n\t\t<div class=\"slide-image gallery-icon\"><a href=\"https:\/\/der-bauernhofurlaub.de\/wp-content\/uploads\/2021\/10\/P1744395-scaled.jpeg\" class=\"themify_lightbox\"><img loading=\"lazy\" decoding=\"async\" width=\"2560\" height=\"1920\" src=\"https:\/\/der-bauernhofurlaub.de\/wp-content\/uploads\/2021\/10\/P1744395-scaled.jpeg\" class=\" wp-post-image wp-image-496\" alt=\"P1744395\" srcset=\"https:\/\/der-bauernhofurlaub.de\/wp-content\/uploads\/2021\/10\/P1744395-scaled.jpeg 2560w, https:\/\/der-bauernhofurlaub.de\/wp-content\/uploads\/2021\/10\/P1744395-300x225.jpeg 300w, https:\/\/der-bauernhofurlaub.de\/wp-content\/uploads\/2021\/10\/P1744395-1024x768.jpeg 1024w, https:\/\/der-bauernhofurlaub.de\/wp-content\/uploads\/2021\/10\/P1744395-768x576.jpeg 768w, https:\/\/der-bauernhofurlaub.de\/wp-content\/uploads\/2021\/10\/P1744395-1536x1152.jpeg 1536w, https:\/\/der-bauernhofurlaub.de\/wp-content\/uploads\/2021\/10\/P1744395-2048x1536.jpeg 2048w, https:\/\/der-bauernhofurlaub.de\/wp-content\/uploads\/2021\/10\/P1744395-1024x768-133x100.jpeg 133w\" sizes=\"auto, (max-width: 2560px) 100vw, 2560px\" \/><\/a>\t\t<\/div>\n\t\t\t<\/div><\/li>\n\t<li data-index=\"2\">\n\t<div class=\"slide-inner-wrap\">\n\t\t<div class=\"slide-image gallery-icon\"><a href=\"https:\/\/der-bauernhofurlaub.de\/wp-content\/uploads\/2021\/10\/P1744498-scaled.jpeg\" class=\"themify_lightbox\"><img loading=\"lazy\" decoding=\"async\" width=\"2560\" height=\"1920\" src=\"https:\/\/der-bauernhofurlaub.de\/wp-content\/uploads\/2021\/10\/P1744498-scaled.jpeg\" class=\" wp-post-image wp-image-493\" alt=\"P1744498\" srcset=\"https:\/\/der-bauernhofurlaub.de\/wp-content\/uploads\/2021\/10\/P1744498-scaled.jpeg 2560w, https:\/\/der-bauernhofurlaub.de\/wp-content\/uploads\/2021\/10\/P1744498-300x225.jpeg 300w, https:\/\/der-bauernhofurlaub.de\/wp-content\/uploads\/2021\/10\/P1744498-1024x768.jpeg 1024w, https:\/\/der-bauernhofurlaub.de\/wp-content\/uploads\/2021\/10\/P1744498-768x576.jpeg 768w, https:\/\/der-bauernhofurlaub.de\/wp-content\/uploads\/2021\/10\/P1744498-1536x1152.jpeg 1536w, https:\/\/der-bauernhofurlaub.de\/wp-content\/uploads\/2021\/10\/P1744498-2048x1536.jpeg 2048w, https:\/\/der-bauernhofurlaub.de\/wp-content\/uploads\/2021\/10\/P1744498-1024x768-133x100.jpeg 133w\" sizes=\"auto, (max-width: 2560px) 100vw, 2560px\" \/><\/a>\t\t<\/div>\n\t\t\t<\/div><\/li>\n\t<li data-index=\"3\">\n\t<div class=\"slide-inner-wrap\">\n\t\t<div class=\"slide-image gallery-icon\"><a href=\"https:\/\/der-bauernhofurlaub.de\/wp-content\/uploads\/2021\/10\/P1744436-scaled.jpeg\" class=\"themify_lightbox\"><img loading=\"lazy\" decoding=\"async\" width=\"2560\" height=\"1920\" src=\"https:\/\/der-bauernhofurlaub.de\/wp-content\/uploads\/2021\/10\/P1744436-scaled.jpeg\" class=\" wp-post-image wp-image-490\" alt=\"P1744436\" srcset=\"https:\/\/der-bauernhofurlaub.de\/wp-content\/uploads\/2021\/10\/P1744436-scaled.jpeg 2560w, https:\/\/der-bauernhofurlaub.de\/wp-content\/uploads\/2021\/10\/P1744436-300x225.jpeg 300w, https:\/\/der-bauernhofurlaub.de\/wp-content\/uploads\/2021\/10\/P1744436-1024x768.jpeg 1024w, https:\/\/der-bauernhofurlaub.de\/wp-content\/uploads\/2021\/10\/P1744436-768x576.jpeg 768w, https:\/\/der-bauernhofurlaub.de\/wp-content\/uploads\/2021\/10\/P1744436-1536x1152.jpeg 1536w, https:\/\/der-bauernhofurlaub.de\/wp-content\/uploads\/2021\/10\/P1744436-2048x1536.jpeg 2048w, https:\/\/der-bauernhofurlaub.de\/wp-content\/uploads\/2021\/10\/P1744436-1024x768-133x100.jpeg 133w\" sizes=\"auto, (max-width: 2560px) 100vw, 2560px\" \/><\/a>\t\t<\/div>\n\t\t\t<\/div><\/li>\n\t<li data-index=\"4\">\n\t<div class=\"slide-inner-wrap\">\n\t\t<div class=\"slide-image gallery-icon\"><a href=\"https:\/\/der-bauernhofurlaub.de\/wp-content\/uploads\/2021\/10\/P1744522-scaled.jpeg\" class=\"themify_lightbox\"><img loading=\"lazy\" decoding=\"async\" width=\"2560\" height=\"1920\" src=\"https:\/\/der-bauernhofurlaub.de\/wp-content\/uploads\/2021\/10\/P1744522-scaled.jpeg\" class=\" wp-post-image wp-image-495\" alt=\"P1744522\" srcset=\"https:\/\/der-bauernhofurlaub.de\/wp-content\/uploads\/2021\/10\/P1744522-scaled.jpeg 2560w, https:\/\/der-bauernhofurlaub.de\/wp-content\/uploads\/2021\/10\/P1744522-300x225.jpeg 300w, https:\/\/der-bauernhofurlaub.de\/wp-content\/uploads\/2021\/10\/P1744522-1024x768.jpeg 1024w, https:\/\/der-bauernhofurlaub.de\/wp-content\/uploads\/2021\/10\/P1744522-768x576.jpeg 768w, https:\/\/der-bauernhofurlaub.de\/wp-content\/uploads\/2021\/10\/P1744522-1536x1152.jpeg 1536w, https:\/\/der-bauernhofurlaub.de\/wp-content\/uploads\/2021\/10\/P1744522-2048x1536.jpeg 2048w, https:\/\/der-bauernhofurlaub.de\/wp-content\/uploads\/2021\/10\/P1744522-1024x768-133x100.jpeg 133w\" sizes=\"auto, (max-width: 2560px) 100vw, 2560px\" \/><\/a>\t\t<\/div>\n\t\t\t<\/div><\/li>\n\t<li data-index=\"5\">\n\t<div class=\"slide-inner-wrap\">\n\t\t<div class=\"slide-image gallery-icon\"><a href=\"https:\/\/der-bauernhofurlaub.de\/wp-content\/uploads\/2021\/10\/P1744444-scaled.jpeg\" class=\"themify_lightbox\"><img loading=\"lazy\" decoding=\"async\" width=\"2560\" height=\"1920\" src=\"https:\/\/der-bauernhofurlaub.de\/wp-content\/uploads\/2021\/10\/P1744444-scaled.jpeg\" class=\" wp-post-image wp-image-491\" alt=\"P1744444\" srcset=\"https:\/\/der-bauernhofurlaub.de\/wp-content\/uploads\/2021\/10\/P1744444-scaled.jpeg 2560w, https:\/\/der-bauernhofurlaub.de\/wp-content\/uploads\/2021\/10\/P1744444-300x225.jpeg 300w, https:\/\/der-bauernhofurlaub.de\/wp-content\/uploads\/2021\/10\/P1744444-1024x768.jpeg 1024w, https:\/\/der-bauernhofurlaub.de\/wp-content\/uploads\/2021\/10\/P1744444-768x576.jpeg 768w, https:\/\/der-bauernhofurlaub.de\/wp-content\/uploads\/2021\/10\/P1744444-1536x1152.jpeg 1536w, https:\/\/der-bauernhofurlaub.de\/wp-content\/uploads\/2021\/10\/P1744444-2048x1536.jpeg 2048w, https:\/\/der-bauernhofurlaub.de\/wp-content\/uploads\/2021\/10\/P1744444-1024x768-133x100.jpeg 133w\" sizes=\"auto, (max-width: 2560px) 100vw, 2560px\" \/><\/a>\t\t<\/div>\n\t\t\t<\/div><\/li>\n\t<li data-index=\"6\">\n\t<div class=\"slide-inner-wrap\">\n\t\t<div class=\"slide-image gallery-icon\"><a href=\"https:\/\/der-bauernhofurlaub.de\/wp-content\/uploads\/2021\/10\/P1744402-scaled.jpeg\" class=\"themify_lightbox\"><img loading=\"lazy\" decoding=\"async\" width=\"2560\" height=\"1920\" src=\"https:\/\/der-bauernhofurlaub.de\/wp-content\/uploads\/2021\/10\/P1744402-scaled.jpeg\" class=\" wp-post-image wp-image-497\" alt=\"P1744402\" srcset=\"https:\/\/der-bauernhofurlaub.de\/wp-content\/uploads\/2021\/10\/P1744402-scaled.jpeg 2560w, https:\/\/der-bauernhofurlaub.de\/wp-content\/uploads\/2021\/10\/P1744402-300x225.jpeg 300w, https:\/\/der-bauernhofurlaub.de\/wp-content\/uploads\/2021\/10\/P1744402-1024x768.jpeg 1024w, https:\/\/der-bauernhofurlaub.de\/wp-content\/uploads\/2021\/10\/P1744402-768x576.jpeg 768w, https:\/\/der-bauernhofurlaub.de\/wp-content\/uploads\/2021\/10\/P1744402-1536x1152.jpeg 1536w, https:\/\/der-bauernhofurlaub.de\/wp-content\/uploads\/2021\/10\/P1744402-2048x1536.jpeg 2048w, https:\/\/der-bauernhofurlaub.de\/wp-content\/uploads\/2021\/10\/P1744402-1024x768-133x100.jpeg 133w\" sizes=\"auto, (max-width: 2560px) 100vw, 2560px\" \/><\/a>\t\t<\/div>\n\t\t\t<\/div><\/li>\n\t<li data-index=\"7\">\n\t<div class=\"slide-inner-wrap\">\n\t\t<div class=\"slide-image gallery-icon\"><a href=\"https:\/\/der-bauernhofurlaub.de\/wp-content\/uploads\/2021\/10\/P1744488-scaled.jpeg\" class=\"themify_lightbox\"><img loading=\"lazy\" decoding=\"async\" width=\"2560\" height=\"1920\" src=\"https:\/\/der-bauernhofurlaub.de\/wp-content\/uploads\/2021\/10\/P1744488-scaled.jpeg\" class=\" wp-post-image wp-image-492\" alt=\"P1744488\" srcset=\"https:\/\/der-bauernhofurlaub.de\/wp-content\/uploads\/2021\/10\/P1744488-scaled.jpeg 2560w, https:\/\/der-bauernhofurlaub.de\/wp-content\/uploads\/2021\/10\/P1744488-300x225.jpeg 300w, https:\/\/der-bauernhofurlaub.de\/wp-content\/uploads\/2021\/10\/P1744488-1024x768.jpeg 1024w, https:\/\/der-bauernhofurlaub.de\/wp-content\/uploads\/2021\/10\/P1744488-768x576.jpeg 768w, https:\/\/der-bauernhofurlaub.de\/wp-content\/uploads\/2021\/10\/P1744488-1536x1152.jpeg 1536w, https:\/\/der-bauernhofurlaub.de\/wp-content\/uploads\/2021\/10\/P1744488-2048x1536.jpeg 2048w, https:\/\/der-bauernhofurlaub.de\/wp-content\/uploads\/2021\/10\/P1744488-1024x768-133x100.jpeg 133w\" sizes=\"auto, (max-width: 2560px) 100vw, 2560px\" \/><\/a>\t\t<\/div>\n\t\t\t<\/div><\/li>\n\t<li data-index=\"8\">\n\t<div class=\"slide-inner-wrap\">\n\t\t<div class=\"slide-image gallery-icon\"><a href=\"https:\/\/der-bauernhofurlaub.de\/wp-content\/uploads\/2021\/10\/P1744410-scaled.jpeg\" class=\"themify_lightbox\"><img loading=\"lazy\" decoding=\"async\" width=\"2560\" height=\"1920\" src=\"https:\/\/der-bauernhofurlaub.de\/wp-content\/uploads\/2021\/10\/P1744410-scaled.jpeg\" class=\" wp-post-image wp-image-489\" alt=\"P1744410\" srcset=\"https:\/\/der-bauernhofurlaub.de\/wp-content\/uploads\/2021\/10\/P1744410-scaled.jpeg 2560w, https:\/\/der-bauernhofurlaub.de\/wp-content\/uploads\/2021\/10\/P1744410-300x225.jpeg 300w, https:\/\/der-bauernhofurlaub.de\/wp-content\/uploads\/2021\/10\/P1744410-1024x768.jpeg 1024w, https:\/\/der-bauernhofurlaub.de\/wp-content\/uploads\/2021\/10\/P1744410-768x576.jpeg 768w, https:\/\/der-bauernhofurlaub.de\/wp-content\/uploads\/2021\/10\/P1744410-1536x1152.jpeg 1536w, https:\/\/der-bauernhofurlaub.de\/wp-content\/uploads\/2021\/10\/P1744410-2048x1536.jpeg 2048w, https:\/\/der-bauernhofurlaub.de\/wp-content\/uploads\/2021\/10\/P1744410-1024x768-133x100.jpeg 133w\" sizes=\"auto, (max-width: 2560px) 100vw, 2560px\" \/><\/a>\t\t<\/div>\n\t\t\t<\/div><\/li>\n<\/ul>\n\n<ul id=\"tb_7lkx92-thumbs\" class=\"themify_builder_slider\"\n\tdata-id=\"tb_7lkx92\"\n\tdata-visible=\"4\" \n\tdata-mob-visible=\"0\"\n\tdata-scroll=\"1\" \n\tdata-auto-scroll=\"\"\n\tdata-speed=\"1\"\n\tdata-wrap=\"yes\"\n\tdata-arrow=\"yes\"\n\tdata-pagination=\"0\"\n\tdata-effect=\"scroll\" \n\tdata-height=\"variable\"\n\t\tdata-pause-on-hover=\"resume\">\n\n\t<li data-index=\"0\">\n\t<div class=\"slide-inner-wrap\">\n\t\t<div class=\"slide-image gallery-icon\"><img decoding=\"async\" src=\"https:\/\/der-bauernhofurlaub.de\/wp-content\/uploads\/2021\/10\/P1744504-1024x768-133x100.jpeg\" height=\"100\" class=\" wp-post-image wp-image-494\" alt=\"P1744504\" srcset=\"https:\/\/der-bauernhofurlaub.de\/wp-content\/uploads\/2021\/10\/P1744504-1024x768-133x100.jpeg 133w, https:\/\/der-bauernhofurlaub.de\/wp-content\/uploads\/2021\/10\/P1744504-300x225.jpeg 300w, https:\/\/der-bauernhofurlaub.de\/wp-content\/uploads\/2021\/10\/P1744504-1024x768.jpeg 1024w, https:\/\/der-bauernhofurlaub.de\/wp-content\/uploads\/2021\/10\/P1744504-768x576.jpeg 768w, https:\/\/der-bauernhofurlaub.de\/wp-content\/uploads\/2021\/10\/P1744504-1536x1152.jpeg 1536w, https:\/\/der-bauernhofurlaub.de\/wp-content\/uploads\/2021\/10\/P1744504-2048x1536.jpeg 2048w\" sizes=\"(max-width: 133px) 100vw, 133px\" \/>\t\t<\/div>\n\t\t\t<\/div><\/li>\n\t<li data-index=\"1\">\n\t<div class=\"slide-inner-wrap\">\n\t\t<div class=\"slide-image gallery-icon\"><img decoding=\"async\" src=\"https:\/\/der-bauernhofurlaub.de\/wp-content\/uploads\/2021\/10\/P1744395-1024x768-133x100.jpeg\" height=\"100\" class=\" wp-post-image wp-image-496\" alt=\"P1744395\" srcset=\"https:\/\/der-bauernhofurlaub.de\/wp-content\/uploads\/2021\/10\/P1744395-1024x768-133x100.jpeg 133w, https:\/\/der-bauernhofurlaub.de\/wp-content\/uploads\/2021\/10\/P1744395-300x225.jpeg 300w, https:\/\/der-bauernhofurlaub.de\/wp-content\/uploads\/2021\/10\/P1744395-1024x768.jpeg 1024w, https:\/\/der-bauernhofurlaub.de\/wp-content\/uploads\/2021\/10\/P1744395-768x576.jpeg 768w, https:\/\/der-bauernhofurlaub.de\/wp-content\/uploads\/2021\/10\/P1744395-1536x1152.jpeg 1536w, https:\/\/der-bauernhofurlaub.de\/wp-content\/uploads\/2021\/10\/P1744395-2048x1536.jpeg 2048w\" sizes=\"(max-width: 133px) 100vw, 133px\" \/>\t\t<\/div>\n\t\t\t<\/div><\/li>\n\t<li data-index=\"2\">\n\t<div class=\"slide-inner-wrap\">\n\t\t<div class=\"slide-image gallery-icon\"><img decoding=\"async\" src=\"https:\/\/der-bauernhofurlaub.de\/wp-content\/uploads\/2021\/10\/P1744498-1024x768-133x100.jpeg\" height=\"100\" class=\" wp-post-image wp-image-493\" alt=\"P1744498\" srcset=\"https:\/\/der-bauernhofurlaub.de\/wp-content\/uploads\/2021\/10\/P1744498-1024x768-133x100.jpeg 133w, https:\/\/der-bauernhofurlaub.de\/wp-content\/uploads\/2021\/10\/P1744498-300x225.jpeg 300w, https:\/\/der-bauernhofurlaub.de\/wp-content\/uploads\/2021\/10\/P1744498-1024x768.jpeg 1024w, https:\/\/der-bauernhofurlaub.de\/wp-content\/uploads\/2021\/10\/P1744498-768x576.jpeg 768w, https:\/\/der-bauernhofurlaub.de\/wp-content\/uploads\/2021\/10\/P1744498-1536x1152.jpeg 1536w, https:\/\/der-bauernhofurlaub.de\/wp-content\/uploads\/2021\/10\/P1744498-2048x1536.jpeg 2048w\" sizes=\"(max-width: 133px) 100vw, 133px\" \/>\t\t<\/div>\n\t\t\t<\/div><\/li>\n\t<li data-index=\"3\">\n\t<div class=\"slide-inner-wrap\">\n\t\t<div class=\"slide-image gallery-icon\"><img decoding=\"async\" src=\"https:\/\/der-bauernhofurlaub.de\/wp-content\/uploads\/2021\/10\/P1744436-1024x768-133x100.jpeg\" height=\"100\" class=\" wp-post-image wp-image-490\" alt=\"P1744436\" srcset=\"https:\/\/der-bauernhofurlaub.de\/wp-content\/uploads\/2021\/10\/P1744436-1024x768-133x100.jpeg 133w, https:\/\/der-bauernhofurlaub.de\/wp-content\/uploads\/2021\/10\/P1744436-300x225.jpeg 300w, https:\/\/der-bauernhofurlaub.de\/wp-content\/uploads\/2021\/10\/P1744436-1024x768.jpeg 1024w, https:\/\/der-bauernhofurlaub.de\/wp-content\/uploads\/2021\/10\/P1744436-768x576.jpeg 768w, https:\/\/der-bauernhofurlaub.de\/wp-content\/uploads\/2021\/10\/P1744436-1536x1152.jpeg 1536w, https:\/\/der-bauernhofurlaub.de\/wp-content\/uploads\/2021\/10\/P1744436-2048x1536.jpeg 2048w\" sizes=\"(max-width: 133px) 100vw, 133px\" \/>\t\t<\/div>\n\t\t\t<\/div><\/li>\n\t<li data-index=\"4\">\n\t<div class=\"slide-inner-wrap\">\n\t\t<div class=\"slide-image gallery-icon\"><img decoding=\"async\" src=\"https:\/\/der-bauernhofurlaub.de\/wp-content\/uploads\/2021\/10\/P1744522-1024x768-133x100.jpeg\" height=\"100\" class=\" wp-post-image wp-image-495\" alt=\"P1744522\" srcset=\"https:\/\/der-bauernhofurlaub.de\/wp-content\/uploads\/2021\/10\/P1744522-1024x768-133x100.jpeg 133w, https:\/\/der-bauernhofurlaub.de\/wp-content\/uploads\/2021\/10\/P1744522-300x225.jpeg 300w, https:\/\/der-bauernhofurlaub.de\/wp-content\/uploads\/2021\/10\/P1744522-1024x768.jpeg 1024w, https:\/\/der-bauernhofurlaub.de\/wp-content\/uploads\/2021\/10\/P1744522-768x576.jpeg 768w, https:\/\/der-bauernhofurlaub.de\/wp-content\/uploads\/2021\/10\/P1744522-1536x1152.jpeg 1536w, https:\/\/der-bauernhofurlaub.de\/wp-content\/uploads\/2021\/10\/P1744522-2048x1536.jpeg 2048w\" sizes=\"(max-width: 133px) 100vw, 133px\" \/>\t\t<\/div>\n\t\t\t<\/div><\/li>\n\t<li data-index=\"5\">\n\t<div class=\"slide-inner-wrap\">\n\t\t<div class=\"slide-image gallery-icon\"><img decoding=\"async\" src=\"https:\/\/der-bauernhofurlaub.de\/wp-content\/uploads\/2021\/10\/P1744444-1024x768-133x100.jpeg\" height=\"100\" class=\" wp-post-image wp-image-491\" alt=\"P1744444\" srcset=\"https:\/\/der-bauernhofurlaub.de\/wp-content\/uploads\/2021\/10\/P1744444-1024x768-133x100.jpeg 133w, https:\/\/der-bauernhofurlaub.de\/wp-content\/uploads\/2021\/10\/P1744444-300x225.jpeg 300w, https:\/\/der-bauernhofurlaub.de\/wp-content\/uploads\/2021\/10\/P1744444-1024x768.jpeg 1024w, https:\/\/der-bauernhofurlaub.de\/wp-content\/uploads\/2021\/10\/P1744444-768x576.jpeg 768w, https:\/\/der-bauernhofurlaub.de\/wp-content\/uploads\/2021\/10\/P1744444-1536x1152.jpeg 1536w, https:\/\/der-bauernhofurlaub.de\/wp-content\/uploads\/2021\/10\/P1744444-2048x1536.jpeg 2048w\" sizes=\"(max-width: 133px) 100vw, 133px\" \/>\t\t<\/div>\n\t\t\t<\/div><\/li>\n\t<li data-index=\"6\">\n\t<div class=\"slide-inner-wrap\">\n\t\t<div class=\"slide-image gallery-icon\"><img decoding=\"async\" src=\"https:\/\/der-bauernhofurlaub.de\/wp-content\/uploads\/2021\/10\/P1744402-1024x768-133x100.jpeg\" height=\"100\" class=\" wp-post-image wp-image-497\" alt=\"P1744402\" srcset=\"https:\/\/der-bauernhofurlaub.de\/wp-content\/uploads\/2021\/10\/P1744402-1024x768-133x100.jpeg 133w, https:\/\/der-bauernhofurlaub.de\/wp-content\/uploads\/2021\/10\/P1744402-300x225.jpeg 300w, https:\/\/der-bauernhofurlaub.de\/wp-content\/uploads\/2021\/10\/P1744402-1024x768.jpeg 1024w, https:\/\/der-bauernhofurlaub.de\/wp-content\/uploads\/2021\/10\/P1744402-768x576.jpeg 768w, https:\/\/der-bauernhofurlaub.de\/wp-content\/uploads\/2021\/10\/P1744402-1536x1152.jpeg 1536w, https:\/\/der-bauernhofurlaub.de\/wp-content\/uploads\/2021\/10\/P1744402-2048x1536.jpeg 2048w\" sizes=\"(max-width: 133px) 100vw, 133px\" \/>\t\t<\/div>\n\t\t\t<\/div><\/li>\n\t<li data-index=\"7\">\n\t<div class=\"slide-inner-wrap\">\n\t\t<div class=\"slide-image gallery-icon\"><img decoding=\"async\" src=\"https:\/\/der-bauernhofurlaub.de\/wp-content\/uploads\/2021\/10\/P1744488-1024x768-133x100.jpeg\" height=\"100\" class=\" wp-post-image wp-image-492\" alt=\"P1744488\" srcset=\"https:\/\/der-bauernhofurlaub.de\/wp-content\/uploads\/2021\/10\/P1744488-1024x768-133x100.jpeg 133w, https:\/\/der-bauernhofurlaub.de\/wp-content\/uploads\/2021\/10\/P1744488-300x225.jpeg 300w, https:\/\/der-bauernhofurlaub.de\/wp-content\/uploads\/2021\/10\/P1744488-1024x768.jpeg 1024w, https:\/\/der-bauernhofurlaub.de\/wp-content\/uploads\/2021\/10\/P1744488-768x576.jpeg 768w, https:\/\/der-bauernhofurlaub.de\/wp-content\/uploads\/2021\/10\/P1744488-1536x1152.jpeg 1536w, https:\/\/der-bauernhofurlaub.de\/wp-content\/uploads\/2021\/10\/P1744488-2048x1536.jpeg 2048w\" sizes=\"(max-width: 133px) 100vw, 133px\" \/>\t\t<\/div>\n\t\t\t<\/div><\/li>\n\t<li data-index=\"8\">\n\t<div class=\"slide-inner-wrap\">\n\t\t<div class=\"slide-image gallery-icon\"><img decoding=\"async\" src=\"https:\/\/der-bauernhofurlaub.de\/wp-content\/uploads\/2021\/10\/P1744410-1024x768-133x100.jpeg\" height=\"100\" class=\" wp-post-image wp-image-489\" alt=\"P1744410\" srcset=\"https:\/\/der-bauernhofurlaub.de\/wp-content\/uploads\/2021\/10\/P1744410-1024x768-133x100.jpeg 133w, https:\/\/der-bauernhofurlaub.de\/wp-content\/uploads\/2021\/10\/P1744410-300x225.jpeg 300w, https:\/\/der-bauernhofurlaub.de\/wp-content\/uploads\/2021\/10\/P1744410-1024x768.jpeg 1024w, https:\/\/der-bauernhofurlaub.de\/wp-content\/uploads\/2021\/10\/P1744410-768x576.jpeg 768w, https:\/\/der-bauernhofurlaub.de\/wp-content\/uploads\/2021\/10\/P1744410-1536x1152.jpeg 1536w, https:\/\/der-bauernhofurlaub.de\/wp-content\/uploads\/2021\/10\/P1744410-2048x1536.jpeg 2048w\" sizes=\"(max-width: 133px) 100vw, 133px\" \/>\t\t<\/div>\n\t\t\t<\/div><\/li>\n<\/ul>\n\n    <\/div>\n    <!-- \/module gallery -->\n\t        <\/div>\n\t    \t<\/div>\n\t\t<div  class=\"module_column tb-column col2-1 last tb_50_column module_column_1 module_column_50-5-1 tb_qxcj92\" >\n\t    \t    \t        <div class=\"tb-column-inner\">\n\t\t    <!-- module text -->\n<div  class=\"module module-text tb_jo6y91    \">\n            <div  class=\"tb_text_wrap\">\n    <h3>Ferienwohnung Bachstelzennest<\/h3>\n<p>Herzlich willkommen im Ferienidyll &#8220;Bachstelzennest&#8221;!<\/p>\n<p>\u00a0<\/p>\n<p>Ihre R\u00fcckzugsoase erwartet Sie in Form einer gro\u00dfz\u00fcgigen, ebenerdigen Ferienwohnung mit etwa 85m\u00b2 Fl\u00e4che. Das &#8220;Bachstelzennest&#8221; bietet Ihnen ein komfortables Zuhause mit 2 Schlafzimmern, einer voll ausgestatteten K\u00fcche und einem Badezimmer mit Wanne. Erleben Sie den Charme dieser idyllischen Ferienwohnung, die durch eine gro\u00dfe Terrassent\u00fcr mit der angrenzenden Terrasse verbunden ist.<\/p>\n<p>\u00a0<\/p>\n<p>Ausstattung im \u00dcberblick:<\/p>\n<p>\u00a0<\/p>\n<ul>\n<li>2 Schlafzimmer: Gem\u00fctliche R\u00e4ume f\u00fcr erholsame N\u00e4chte.<\/li>\n<li>Voll ausgestattete K\u00fcche: Ideal f\u00fcr die Zubereitung Ihrer Lieblingsgerichte.<\/li>\n<li>Badezimmer mit Wanne und Dusche<\/li>\n<li>Ebenerdige Wohnung: Einfacher Zugang und bequemer Aufenthalt.<\/li>\n<\/ul>    <\/div>\n<\/div>\n<!-- \/module text -->\n\t        <\/div>\n\t    \t<\/div>\n\t\t    <\/div>\n\t    <!-- \/row_inner -->\n\t<\/div>\n\t<!-- \/module_row -->\n\t<\/div>\n<!-- AddThis Advanced Settings generic via filter on the_content --><!-- AddThis Share Buttons generic via filter on the_content -->","protected":false},"excerpt":{"rendered":"<p>Beschreibung der Wohnungen Your browser does not support the video tag. Your browser does not support the video tag. Ferienhaus Ole Peerstall Herzlich willkommen im Ferienhaus (Doppelhaush\u00e4lfte) &#8220;Ole Peerstall&#8221;! \u00a0 Entdecken Sie unser gem\u00fctliches Ferienhaus, erbaut im Jahr 2000, das mit etwa 120 m\u00b2\u00a0 Platz f\u00fcr bis zu 6 Personen bietet. Mit 3 Schlafzimmern, 2 [&hellip;]<!-- AddThis Advanced Settings generic via filter on get_the_excerpt --><!-- AddThis Share Buttons generic via filter on get_the_excerpt --><\/p>\n","protected":false},"author":2,"featured_media":0,"parent":0,"menu_order":0,"comment_status":"closed","ping_status":"closed","template":"","meta":{"content-type":"","footnotes":""},"class_list":["post-50","page","type-page","status-publish","hentry","has-post-title","has-post-date","has-post-category","has-post-tag","has-post-comment","has-post-author",""],"_links":{"self":[{"href":"https:\/\/der-bauernhofurlaub.de\/index.php?rest_route=\/wp\/v2\/pages\/50","targetHints":{"allow":["GET"]}}],"collection":[{"href":"https:\/\/der-bauernhofurlaub.de\/index.php?rest_route=\/wp\/v2\/pages"}],"about":[{"href":"https:\/\/der-bauernhofurlaub.de\/index.php?rest_route=\/wp\/v2\/types\/page"}],"author":[{"embeddable":true,"href":"https:\/\/der-bauernhofurlaub.de\/index.php?rest_route=\/wp\/v2\/users\/2"}],"replies":[{"embeddable":true,"href":"https:\/\/der-bauernhofurlaub.de\/index.php?rest_route=%2Fwp%2Fv2%2Fcomments&post=50"}],"version-history":[{"count":45,"href":"https:\/\/der-bauernhofurlaub.de\/index.php?rest_route=\/wp\/v2\/pages\/50\/revisions"}],"predecessor-version":[{"id":614,"href":"https:\/\/der-bauernhofurlaub.de\/index.php?rest_route=\/wp\/v2\/pages\/50\/revisions\/614"}],"wp:attachment":[{"href":"https:\/\/der-bauernhofurlaub.de\/index.php?rest_route=%2Fwp%2Fv2%2Fmedia&parent=50"}],"curies":[{"name":"wp","href":"https:\/\/api.w.org\/{rel}","templated":true}]}}